{"id":36392,"date":"2026-04-12T23:07:10","date_gmt":"2026-04-12T23:07:10","guid":{"rendered":"http:\/\/lacolombeplus.net\/?page_id=36392"},"modified":"2026-04-16T20:03:43","modified_gmt":"2026-04-16T20:03:43","slug":"lacolombeplus-net","status":"publish","type":"page","link":"https:\/\/lacolombeplus.net\/","title":{"rendered":"Lacolombeplus.net"},"content":{"rendered":"\t\t<div data-elementor-type=\"wp-page\" data-elementor-id=\"36392\" class=\"elementor elementor-36392\" data-elementor-post-type=\"page\">\n\t\t\t\t<div class=\"elementor-element elementor-element-b855f6b e-flex e-con-boxed e-con e-parent\" data-id=\"b855f6b\" data-element_type=\"container\" data-e-type=\"container\" data-settings=\"{&quot;background_background&quot;:&quot;classic&quot;}\">\n\t\t\t\t\t<div class=\"e-con-inner\">\n\t\t<div class=\"elementor-element elementor-element-eb4b8ab e-con-full e-flex e-con e-child\" data-id=\"eb4b8ab\" data-element_type=\"container\" data-e-type=\"container\">\n\t\t\t\t<div class=\"elementor-element elementor-element-7788bb9 elementor-widget elementor-widget-vinazine-post-grid\" data-id=\"7788bb9\" data-element_type=\"widget\" data-e-type=\"widget\" data-widget_type=\"vinazine-post-grid.default\">\n\t\t\t\t<div class=\"elementor-widget-container\">\n\t\t\t\t\t\n                            <div class=\"grid-item grid-md grid-no-desc\">\n                                        <div class=\"ts-overlay-style featured-post swiper-slide post-39002 post type-post status-publish format-standard has-post-thumbnail hentry category-a-la-une category-securite\">\n    <div class=\"item item-before\"\n         style=\"background-image:url(https:\/\/lacolombeplus.net\/wp-content\/uploads\/2026\/08\/IMG-20260831-WA0038.webp)\">\n        <div class=\"gradient-overlay\"><\/div>\n        <a class=\"img-link\" href=\"https:\/\/lacolombeplus.net\/index.php\/2026\/08\/31\/police-nationale-police-nationale-une-formation-de-passage-en-grade-pour-2-364-policiers\/\"><\/a>\n        <div class=\"ts-post-thumb\">\n                    <\/div>\n        <div class=\"overlay-post-content\">\n            <div class=\"post-content\">\n                <h3 class=\"post-title\">\n                    <a href=\"https:\/\/lacolombeplus.net\/index.php\/2026\/08\/31\/police-nationale-police-nationale-une-formation-de-passage-en-grade-pour-2-364-policiers\/\">\n                        Police Nationale :Police nationale : une formation de passage en grade pour 2 364 policiers                    <\/a>\n                <\/h3>\n                <ul class=\"post-meta-info\">\n                                        \n                                    <\/ul>\n            <\/div>\n        <\/div>\n    <\/div>\n<\/div>\n                        \n\n            <\/div>\n            \n\n        \t\t\t\t<\/div>\n\t\t\t\t<\/div>\n\t\t\t\t<div class=\"elementor-element elementor-element-022bdca elementor-widget elementor-widget-vinazine-post-grid\" data-id=\"022bdca\" data-element_type=\"widget\" data-e-type=\"widget\" data-widget_type=\"vinazine-post-grid.default\">\n\t\t\t\t<div class=\"elementor-widget-container\">\n\t\t\t\t\t\n                            <div class=\"grid-item grid-md grid-no-desc\">\n                                        <div class=\"ts-overlay-style featured-post swiper-slide post-38995 post type-post status-publish format-standard has-post-thumbnail hentry category-a-la-une category-international category-politique\">\n    <div class=\"item item-before\"\n         style=\"background-image:url(https:\/\/lacolombeplus.net\/wp-content\/uploads\/2026\/08\/IMG-20260828-WA0012.webp)\">\n        <div class=\"gradient-overlay\"><\/div>\n        <a class=\"img-link\" href=\"https:\/\/lacolombeplus.net\/index.php\/2026\/08\/28\/luct-aes-lancement-de-l-elaboration-du-premier-plan-de-travail-2026\/\"><\/a>\n        <div class=\"ts-post-thumb\">\n                    <\/div>\n        <div class=\"overlay-post-content\">\n            <div class=\"post-content\">\n                <h3 class=\"post-title\">\n                    <a href=\"https:\/\/lacolombeplus.net\/index.php\/2026\/08\/28\/luct-aes-lancement-de-l-elaboration-du-premier-plan-de-travail-2026\/\">\n                        L\u2019UCT-AES\u00a0: lancement de l \u2019\u00e9laboration du premier Plan de travail 2026                    <\/a>\n                <\/h3>\n                <ul class=\"post-meta-info\">\n                                        \n                                    <\/ul>\n            <\/div>\n        <\/div>\n    <\/div>\n<\/div>\n                        \n\n            <\/div>\n            \n\n        \t\t\t\t<\/div>\n\t\t\t\t<\/div>\n\t\t\t\t<\/div>\n\t\t<div class=\"elementor-element elementor-element-37107b0 e-con-full e-flex e-con e-child\" data-id=\"37107b0\" data-element_type=\"container\" data-e-type=\"container\">\n\t\t\t\t<div class=\"elementor-element elementor-element-392553f elementor-widget elementor-widget-vinazine-featured-post\" data-id=\"392553f\" data-element_type=\"widget\" data-e-type=\"widget\" data-widget_type=\"vinazine-featured-post.default\">\n\t\t\t\t<div class=\"elementor-widget-container\">\n\t\t\t\t\t\t\t\t\n                <div id=\"featured-slider\" data-controls=\"{&quot;widget_id&quot;:&quot;392553f&quot;,&quot;show_autoplay&quot;:&quot;yes&quot;}\"\n                     class=\"swiper grid-slider vinazine-featured-post slider-grid-style1\">\n                    <div class=\"swiper-wrapper\">\n\t\t\t\t\t\t\t\t\t\t\t\t\t<div class=\"ts-overlay-style featured-post swiper-slide post-39002 post type-post status-publish format-standard has-post-thumbnail hentry category-a-la-une category-securite\">\n    <div class=\"item item-before\"\n         style=\"background-image:url(https:\/\/lacolombeplus.net\/wp-content\/uploads\/2026\/08\/IMG-20260831-WA0038.webp)\">\n        <div class=\"gradient-overlay\"><\/div>\n        <a class=\"img-link\" href=\"https:\/\/lacolombeplus.net\/index.php\/2026\/08\/31\/police-nationale-police-nationale-une-formation-de-passage-en-grade-pour-2-364-policiers\/\"><\/a>\n        <div class=\"ts-post-thumb\">\n                                            <a\n                        class=\"post-cat\"\n                        href=\"https:\/\/lacolombeplus.net\/index.php\/category\/a-la-une\/\"\n                        style=\"color:#ffffff; background-color:#d72924; border-left-color:#d72924\"\n                >\n                    A la Une                <\/a>\n                    <\/div>\n        <div class=\"overlay-post-content\">\n            <div class=\"post-content\">\n                <h3 class=\"post-title\">\n                    <a href=\"https:\/\/lacolombeplus.net\/index.php\/2026\/08\/31\/police-nationale-police-nationale-une-formation-de-passage-en-grade-pour-2-364-policiers\/\">\n                        Police Nationale :Police nationale : une formation de passage en grade pour 2 364 policiers                    <\/a>\n                <\/h3>\n                <ul class=\"post-meta-info\">\n                                        \n                                    <\/ul>\n            <\/div>\n        <\/div>\n    <\/div>\n<\/div>\n\t\t\t\t\t\t\t\t\t\t\t\t\t<div class=\"ts-overlay-style featured-post swiper-slide post-38995 post type-post status-publish format-standard has-post-thumbnail hentry category-a-la-une category-international category-politique\">\n    <div class=\"item item-before\"\n         style=\"background-image:url(https:\/\/lacolombeplus.net\/wp-content\/uploads\/2026\/08\/IMG-20260828-WA0012.webp)\">\n        <div class=\"gradient-overlay\"><\/div>\n        <a class=\"img-link\" href=\"https:\/\/lacolombeplus.net\/index.php\/2026\/08\/28\/luct-aes-lancement-de-l-elaboration-du-premier-plan-de-travail-2026\/\"><\/a>\n        <div class=\"ts-post-thumb\">\n                                            <a\n                        class=\"post-cat\"\n                        href=\"https:\/\/lacolombeplus.net\/index.php\/category\/a-la-une\/\"\n                        style=\"color:#ffffff; background-color:#d72924; border-left-color:#d72924\"\n                >\n                    A la Une                <\/a>\n                    <\/div>\n        <div class=\"overlay-post-content\">\n            <div class=\"post-content\">\n                <h3 class=\"post-title\">\n                    <a href=\"https:\/\/lacolombeplus.net\/index.php\/2026\/08\/28\/luct-aes-lancement-de-l-elaboration-du-premier-plan-de-travail-2026\/\">\n                        L\u2019UCT-AES\u00a0: lancement de l \u2019\u00e9laboration du premier Plan de travail 2026                    <\/a>\n                <\/h3>\n                <ul class=\"post-meta-info\">\n                                        \n                                    <\/ul>\n            <\/div>\n        <\/div>\n    <\/div>\n<\/div>\n\t\t\t\t\t\t\t\t\t\t\t\t\t<div class=\"ts-overlay-style featured-post swiper-slide post-38985 post type-post status-publish format-standard has-post-thumbnail hentry category-a-la-une category-sante\">\n    <div class=\"item item-before\"\n         style=\"background-image:url(https:\/\/lacolombeplus.net\/wp-content\/uploads\/2026\/08\/IMG-20260825-WA0045.webp)\">\n        <div class=\"gradient-overlay\"><\/div>\n        <a class=\"img-link\" href=\"https:\/\/lacolombeplus.net\/index.php\/2026\/08\/25\/surete-nucleaire-larsn-evalue-les-installations-de-la-clinique-les-oliviers\/\"><\/a>\n        <div class=\"ts-post-thumb\">\n                                            <a\n                        class=\"post-cat\"\n                        href=\"https:\/\/lacolombeplus.net\/index.php\/category\/a-la-une\/\"\n                        style=\"color:#ffffff; background-color:#d72924; border-left-color:#d72924\"\n                >\n                    A la Une                <\/a>\n                    <\/div>\n        <div class=\"overlay-post-content\">\n            <div class=\"post-content\">\n                <h3 class=\"post-title\">\n                    <a href=\"https:\/\/lacolombeplus.net\/index.php\/2026\/08\/25\/surete-nucleaire-larsn-evalue-les-installations-de-la-clinique-les-oliviers\/\">\n                        S\u00fbret\u00e9 nucl\u00e9aire : L\u2019ARSN \u00e9value les installations de la Clinique les Oliviers                    <\/a>\n                <\/h3>\n                <ul class=\"post-meta-info\">\n                                        \n                                    <\/ul>\n            <\/div>\n        <\/div>\n    <\/div>\n<\/div>\n\t\t\t\t\t\t                    <\/div>\n                    <!-- If we need navigation buttons -->\n                    <div class=\"slider-navigation\">\n                        <div class=\"swiper-button-prev swiper-prev-392553f\">\n                            <i class=\"xsicon xsicon-angle-left\"><\/i>\n                        <\/div>\n                        <div class=\"swiper-button-next swiper-next-392553f\">\n                            <i class=\"xsicon xsicon-angle-right\"><\/i>\n                        <\/div>\n                    <\/div>\n\n\n                <\/div>\n\n\t\t\t\t\t\t\t\t\t\t\t\t<\/div>\n\t\t\t\t<\/div>\n\t\t\t\t<\/div>\n\t\t<div class=\"elementor-element elementor-element-583161c e-con-full e-flex e-con e-child\" data-id=\"583161c\" data-element_type=\"container\" data-e-type=\"container\">\n\t\t\t\t<div class=\"elementor-element elementor-element-e349502 elementor-grid-1 elementor-posts--thumbnail-left elementor-grid-tablet-2 elementor-grid-mobile-1 elementor-widget elementor-widget-posts\" data-id=\"e349502\" data-element_type=\"widget\" data-e-type=\"widget\" data-settings=\"{&quot;classic_columns&quot;:&quot;1&quot;,&quot;classic_row_gap&quot;:{&quot;unit&quot;:&quot;px&quot;,&quot;size&quot;:0,&quot;sizes&quot;:[]},&quot;classic_columns_tablet&quot;:&quot;2&quot;,&quot;classic_columns_mobile&quot;:&quot;1&quot;,&quot;classic_row_gap_tablet&quot;:{&quot;unit&quot;:&quot;px&quot;,&quot;size&quot;:&quot;&quot;,&quot;sizes&quot;:[]},&quot;classic_row_gap_mobile&quot;:{&quot;unit&quot;:&quot;px&quot;,&quot;size&quot;:&quot;&quot;,&quot;sizes&quot;:[]}}\" data-widget_type=\"posts.classic\">\n\t\t\t\t<div class=\"elementor-widget-container\">\n\t\t\t\t\t\t\t<div class=\"elementor-posts-container elementor-posts elementor-posts--skin-classic elementor-grid\" role=\"list\">\n\t\t\t\t<article class=\"elementor-post elementor-grid-item post-39002 post type-post status-publish format-standard has-post-thumbnail hentry category-a-la-une category-securite\" role=\"listitem\">\n\t\t\t\t<a class=\"elementor-post__thumbnail__link\" href=\"https:\/\/lacolombeplus.net\/index.php\/2026\/08\/31\/police-nationale-police-nationale-une-formation-de-passage-en-grade-pour-2-364-policiers\/\" tabindex=\"-1\" >\n\t\t\t<div class=\"elementor-post__thumbnail\"><img fetchpriority=\"high\" decoding=\"async\" width=\"960\" height=\"540\" src=\"https:\/\/lacolombeplus.net\/wp-content\/uploads\/2026\/08\/IMG-20260831-WA0038.webp\" class=\"attachment-full size-full wp-image-39003\" alt=\"\" srcset=\"https:\/\/lacolombeplus.net\/wp-content\/uploads\/2026\/08\/IMG-20260831-WA0038.webp 960w, https:\/\/lacolombeplus.net\/wp-content\/uploads\/2026\/08\/IMG-20260831-WA0038-300x169.webp 300w, https:\/\/lacolombeplus.net\/wp-content\/uploads\/2026\/08\/IMG-20260831-WA0038-768x432.webp 768w\" sizes=\"(max-width: 960px) 100vw, 960px\" \/><\/div>\n\t\t<\/a>\n\t\t\t\t<div class=\"elementor-post__text\">\n\t\t\t\t<h3 class=\"elementor-post__title\">\n\t\t\t<a href=\"https:\/\/lacolombeplus.net\/index.php\/2026\/08\/31\/police-nationale-police-nationale-une-formation-de-passage-en-grade-pour-2-364-policiers\/\" >\n\t\t\t\tPolice Nationale :Police nationale : une formation de passage en grade pour 2 364 policiers\t\t\t<\/a>\n\t\t<\/h3>\n\t\t\t\t<\/div>\n\t\t\t\t<\/article>\n\t\t\t\t<article class=\"elementor-post elementor-grid-item post-38995 post type-post status-publish format-standard has-post-thumbnail hentry category-a-la-une category-international category-politique\" role=\"listitem\">\n\t\t\t\t<a class=\"elementor-post__thumbnail__link\" href=\"https:\/\/lacolombeplus.net\/index.php\/2026\/08\/28\/luct-aes-lancement-de-l-elaboration-du-premier-plan-de-travail-2026\/\" tabindex=\"-1\" >\n\t\t\t<div class=\"elementor-post__thumbnail\"><img decoding=\"async\" width=\"1280\" height=\"960\" src=\"https:\/\/lacolombeplus.net\/wp-content\/uploads\/2026\/08\/IMG-20260828-WA0012.webp\" class=\"attachment-full size-full wp-image-38996\" alt=\"\" srcset=\"https:\/\/lacolombeplus.net\/wp-content\/uploads\/2026\/08\/IMG-20260828-WA0012.webp 1280w, https:\/\/lacolombeplus.net\/wp-content\/uploads\/2026\/08\/IMG-20260828-WA0012-300x225.webp 300w, https:\/\/lacolombeplus.net\/wp-content\/uploads\/2026\/08\/IMG-20260828-WA0012-1024x768.webp 1024w, https:\/\/lacolombeplus.net\/wp-content\/uploads\/2026\/08\/IMG-20260828-WA0012-768x576.webp 768w\" sizes=\"(max-width: 1280px) 100vw, 1280px\" \/><\/div>\n\t\t<\/a>\n\t\t\t\t<div class=\"elementor-post__text\">\n\t\t\t\t<h3 class=\"elementor-post__title\">\n\t\t\t<a href=\"https:\/\/lacolombeplus.net\/index.php\/2026\/08\/28\/luct-aes-lancement-de-l-elaboration-du-premier-plan-de-travail-2026\/\" >\n\t\t\t\tL\u2019UCT-AES\u00a0: lancement de l \u2019\u00e9laboration du premier Plan de travail 2026\t\t\t<\/a>\n\t\t<\/h3>\n\t\t\t\t<\/div>\n\t\t\t\t<\/article>\n\t\t\t\t<article class=\"elementor-post elementor-grid-item post-38991 post type-post status-publish format-standard has-post-thumbnail hentry category-societe\" role=\"listitem\">\n\t\t\t\t<a class=\"elementor-post__thumbnail__link\" href=\"https:\/\/lacolombeplus.net\/index.php\/2026\/08\/28\/hausse-unilaterale-des-tarifs-de-transport-17-societes-epinglees-et-sanctionnees-par-le-gouvernement\/\" tabindex=\"-1\" >\n\t\t\t<div class=\"elementor-post__thumbnail\"><img decoding=\"async\" width=\"600\" height=\"300\" src=\"https:\/\/lacolombeplus.net\/wp-content\/uploads\/2026\/08\/Rahimo.webp\" class=\"attachment-full size-full wp-image-38992\" alt=\"\" srcset=\"https:\/\/lacolombeplus.net\/wp-content\/uploads\/2026\/08\/Rahimo.webp 600w, https:\/\/lacolombeplus.net\/wp-content\/uploads\/2026\/08\/Rahimo-300x150.webp 300w\" sizes=\"(max-width: 600px) 100vw, 600px\" \/><\/div>\n\t\t<\/a>\n\t\t\t\t<div class=\"elementor-post__text\">\n\t\t\t\t<h3 class=\"elementor-post__title\">\n\t\t\t<a href=\"https:\/\/lacolombeplus.net\/index.php\/2026\/08\/28\/hausse-unilaterale-des-tarifs-de-transport-17-societes-epinglees-et-sanctionnees-par-le-gouvernement\/\" >\n\t\t\t\tHausse unilat\u00e9rale des tarifs de transport : 17 soci\u00e9t\u00e9s \u00e9pingl\u00e9es et sanctionn\u00e9es par le gouvernement\t\t\t<\/a>\n\t\t<\/h3>\n\t\t\t\t<\/div>\n\t\t\t\t<\/article>\n\t\t\t\t<article class=\"elementor-post elementor-grid-item post-38985 post type-post status-publish format-standard has-post-thumbnail hentry category-a-la-une category-sante\" role=\"listitem\">\n\t\t\t\t<a class=\"elementor-post__thumbnail__link\" href=\"https:\/\/lacolombeplus.net\/index.php\/2026\/08\/25\/surete-nucleaire-larsn-evalue-les-installations-de-la-clinique-les-oliviers\/\" tabindex=\"-1\" >\n\t\t\t<div class=\"elementor-post__thumbnail\"><img loading=\"lazy\" decoding=\"async\" width=\"2560\" height=\"1759\" src=\"https:\/\/lacolombeplus.net\/wp-content\/uploads\/2026\/08\/IMG-20260825-WA0045.webp\" class=\"attachment-full size-full wp-image-38987\" alt=\"\" srcset=\"https:\/\/lacolombeplus.net\/wp-content\/uploads\/2026\/08\/IMG-20260825-WA0045.webp 2560w, https:\/\/lacolombeplus.net\/wp-content\/uploads\/2026\/08\/IMG-20260825-WA0045-300x206.webp 300w, https:\/\/lacolombeplus.net\/wp-content\/uploads\/2026\/08\/IMG-20260825-WA0045-1024x704.webp 1024w, https:\/\/lacolombeplus.net\/wp-content\/uploads\/2026\/08\/IMG-20260825-WA0045-768x528.webp 768w, https:\/\/lacolombeplus.net\/wp-content\/uploads\/2026\/08\/IMG-20260825-WA0045-1536x1055.webp 1536w, https:\/\/lacolombeplus.net\/wp-content\/uploads\/2026\/08\/IMG-20260825-WA0045-2048x1407.webp 2048w\" sizes=\"(max-width: 2560px) 100vw, 2560px\" \/><\/div>\n\t\t<\/a>\n\t\t\t\t<div class=\"elementor-post__text\">\n\t\t\t\t<h3 class=\"elementor-post__title\">\n\t\t\t<a href=\"https:\/\/lacolombeplus.net\/index.php\/2026\/08\/25\/surete-nucleaire-larsn-evalue-les-installations-de-la-clinique-les-oliviers\/\" >\n\t\t\t\tS\u00fbret\u00e9 nucl\u00e9aire : L\u2019ARSN \u00e9value les installations de la Clinique les Oliviers\t\t\t<\/a>\n\t\t<\/h3>\n\t\t\t\t<\/div>\n\t\t\t\t<\/article>\n\t\t\t\t<\/div>\n\t\t\n\t\t\t\t\t\t<\/div>\n\t\t\t\t<\/div>\n\t\t\t\t<\/div>\n\t\t\t\t\t<\/div>\n\t\t\t\t<\/div>\n\t\t<div class=\"elementor-element elementor-element-ec1d8b3 e-flex e-con-boxed e-con e-parent\" data-id=\"ec1d8b3\" data-element_type=\"container\" data-e-type=\"container\" data-settings=\"{&quot;background_background&quot;:&quot;classic&quot;}\">\n\t\t\t\t\t<div class=\"e-con-inner\">\n\t\t\t\t<div class=\"elementor-element elementor-element-112a52f elementor-widget-divider--view-line elementor-widget elementor-widget-divider\" data-id=\"112a52f\" data-element_type=\"widget\" data-e-type=\"widget\" data-widget_type=\"divider.default\">\n\t\t\t\t\t\t\t<div class=\"elementor-divider\">\n\t\t\t<span class=\"elementor-divider-separator\">\n\t\t\t\t\t\t<\/span>\n\t\t<\/div>\n\t\t\t\t\t\t<\/div>\n\t\t\t\t\t<\/div>\n\t\t\t\t<\/div>\n\t\t<div class=\"elementor-element elementor-element-b868371 e-con-full e-flex e-con e-parent\" data-id=\"b868371\" data-element_type=\"container\" data-e-type=\"container\" data-settings=\"{&quot;background_background&quot;:&quot;classic&quot;}\">\n\t\t<div class=\"elementor-element elementor-element-17f0532 e-con-full e-flex e-con e-child\" data-id=\"17f0532\" data-element_type=\"container\" data-e-type=\"container\">\n\t\t\t\t<div class=\"elementor-element elementor-element-cef9ce0 elementor-widget elementor-widget-heading\" data-id=\"cef9ce0\" data-element_type=\"widget\" data-e-type=\"widget\" data-widget_type=\"heading.default\">\n\t\t\t\t\t<h2 class=\"elementor-heading-title elementor-size-default\">LakkalKebey Alhabarey<\/h2>\t\t\t\t<\/div>\n\t\t\t\t\t\n<hr class=\"e-c613acb-5723ee3 e-divider-base\" data-interaction-id=\"c613acb\"  data-e-type=\"widget\" data-id=\"c613acb\" \/>\n\t\t\t\t<\/div>\n\t\t<div class=\"elementor-element elementor-element-3f27084 e-con-full e-flex e-con e-child\" data-id=\"3f27084\" data-element_type=\"container\" data-e-type=\"container\">\n\t\t\t\t<div class=\"elementor-element elementor-element-f8ecbfa elementor-widget-divider--view-line elementor-widget elementor-widget-divider\" data-id=\"f8ecbfa\" data-element_type=\"widget\" data-e-type=\"widget\" data-widget_type=\"divider.default\">\n\t\t\t\t\t\t\t<div class=\"elementor-divider\">\n\t\t\t<span class=\"elementor-divider-separator\">\n\t\t\t\t\t\t<\/span>\n\t\t<\/div>\n\t\t\t\t\t\t<\/div>\n\t\t\t\t<\/div>\n\t\t\t\t<\/div>\n\t\t<div class=\"elementor-element elementor-element-638df69 e-flex e-con-boxed e-con e-parent\" data-id=\"638df69\" data-element_type=\"container\" data-e-type=\"container\" data-settings=\"{&quot;background_background&quot;:&quot;classic&quot;}\">\n\t\t\t\t\t<div class=\"e-con-inner\">\n\t\t\t\t<div class=\"elementor-element elementor-element-05048bc elementor-grid-4 elementor-grid-tablet-2 elementor-grid-mobile-1 elementor-posts--thumbnail-top elementor-widget elementor-widget-posts\" data-id=\"05048bc\" data-element_type=\"widget\" data-e-type=\"widget\" data-settings=\"{&quot;classic_columns&quot;:&quot;4&quot;,&quot;classic_columns_tablet&quot;:&quot;2&quot;,&quot;classic_columns_mobile&quot;:&quot;1&quot;,&quot;classic_row_gap&quot;:{&quot;unit&quot;:&quot;px&quot;,&quot;size&quot;:35,&quot;sizes&quot;:[]},&quot;classic_row_gap_tablet&quot;:{&quot;unit&quot;:&quot;px&quot;,&quot;size&quot;:&quot;&quot;,&quot;sizes&quot;:[]},&quot;classic_row_gap_mobile&quot;:{&quot;unit&quot;:&quot;px&quot;,&quot;size&quot;:&quot;&quot;,&quot;sizes&quot;:[]}}\" data-widget_type=\"posts.classic\">\n\t\t\t\t<div class=\"elementor-widget-container\">\n\t\t\t\t\t\t\t<div class=\"elementor-posts-container elementor-posts elementor-posts--skin-classic elementor-grid\" role=\"list\">\n\t\t\t\t<article class=\"elementor-post elementor-grid-item post-39002 post type-post status-publish format-standard has-post-thumbnail hentry category-a-la-une category-securite\" role=\"listitem\">\n\t\t\t\t<a class=\"elementor-post__thumbnail__link\" href=\"https:\/\/lacolombeplus.net\/index.php\/2026\/08\/31\/police-nationale-police-nationale-une-formation-de-passage-en-grade-pour-2-364-policiers\/\" tabindex=\"-1\" >\n\t\t\t<div class=\"elementor-post__thumbnail\"><img fetchpriority=\"high\" decoding=\"async\" width=\"960\" height=\"540\" src=\"https:\/\/lacolombeplus.net\/wp-content\/uploads\/2026\/08\/IMG-20260831-WA0038.webp\" class=\"attachment-full size-full wp-image-39003\" alt=\"\" srcset=\"https:\/\/lacolombeplus.net\/wp-content\/uploads\/2026\/08\/IMG-20260831-WA0038.webp 960w, https:\/\/lacolombeplus.net\/wp-content\/uploads\/2026\/08\/IMG-20260831-WA0038-300x169.webp 300w, https:\/\/lacolombeplus.net\/wp-content\/uploads\/2026\/08\/IMG-20260831-WA0038-768x432.webp 768w\" sizes=\"(max-width: 960px) 100vw, 960px\" \/><\/div>\n\t\t<\/a>\n\t\t\t\t<div class=\"elementor-post__text\">\n\t\t\t\t<h3 class=\"elementor-post__title\">\n\t\t\t<a href=\"https:\/\/lacolombeplus.net\/index.php\/2026\/08\/31\/police-nationale-police-nationale-une-formation-de-passage-en-grade-pour-2-364-policiers\/\" >\n\t\t\t\tPolice Nationale :Police nationale : une formation de passage en grade pour 2 364 policiers\t\t\t<\/a>\n\t\t<\/h3>\n\t\t\t\t<\/div>\n\t\t\t\t<\/article>\n\t\t\t\t<article class=\"elementor-post elementor-grid-item post-38995 post type-post status-publish format-standard has-post-thumbnail hentry category-a-la-une category-international category-politique\" role=\"listitem\">\n\t\t\t\t<a class=\"elementor-post__thumbnail__link\" href=\"https:\/\/lacolombeplus.net\/index.php\/2026\/08\/28\/luct-aes-lancement-de-l-elaboration-du-premier-plan-de-travail-2026\/\" tabindex=\"-1\" >\n\t\t\t<div class=\"elementor-post__thumbnail\"><img decoding=\"async\" width=\"1280\" height=\"960\" src=\"https:\/\/lacolombeplus.net\/wp-content\/uploads\/2026\/08\/IMG-20260828-WA0012.webp\" class=\"attachment-full size-full wp-image-38996\" alt=\"\" srcset=\"https:\/\/lacolombeplus.net\/wp-content\/uploads\/2026\/08\/IMG-20260828-WA0012.webp 1280w, https:\/\/lacolombeplus.net\/wp-content\/uploads\/2026\/08\/IMG-20260828-WA0012-300x225.webp 300w, https:\/\/lacolombeplus.net\/wp-content\/uploads\/2026\/08\/IMG-20260828-WA0012-1024x768.webp 1024w, https:\/\/lacolombeplus.net\/wp-content\/uploads\/2026\/08\/IMG-20260828-WA0012-768x576.webp 768w\" sizes=\"(max-width: 1280px) 100vw, 1280px\" \/><\/div>\n\t\t<\/a>\n\t\t\t\t<div class=\"elementor-post__text\">\n\t\t\t\t<h3 class=\"elementor-post__title\">\n\t\t\t<a href=\"https:\/\/lacolombeplus.net\/index.php\/2026\/08\/28\/luct-aes-lancement-de-l-elaboration-du-premier-plan-de-travail-2026\/\" >\n\t\t\t\tL\u2019UCT-AES\u00a0: lancement de l \u2019\u00e9laboration du premier Plan de travail 2026\t\t\t<\/a>\n\t\t<\/h3>\n\t\t\t\t<\/div>\n\t\t\t\t<\/article>\n\t\t\t\t<article class=\"elementor-post elementor-grid-item post-38991 post type-post status-publish format-standard has-post-thumbnail hentry category-societe\" role=\"listitem\">\n\t\t\t\t<a class=\"elementor-post__thumbnail__link\" href=\"https:\/\/lacolombeplus.net\/index.php\/2026\/08\/28\/hausse-unilaterale-des-tarifs-de-transport-17-societes-epinglees-et-sanctionnees-par-le-gouvernement\/\" tabindex=\"-1\" >\n\t\t\t<div class=\"elementor-post__thumbnail\"><img decoding=\"async\" width=\"600\" height=\"300\" src=\"https:\/\/lacolombeplus.net\/wp-content\/uploads\/2026\/08\/Rahimo.webp\" class=\"attachment-full size-full wp-image-38992\" alt=\"\" srcset=\"https:\/\/lacolombeplus.net\/wp-content\/uploads\/2026\/08\/Rahimo.webp 600w, https:\/\/lacolombeplus.net\/wp-content\/uploads\/2026\/08\/Rahimo-300x150.webp 300w\" sizes=\"(max-width: 600px) 100vw, 600px\" \/><\/div>\n\t\t<\/a>\n\t\t\t\t<div class=\"elementor-post__text\">\n\t\t\t\t<h3 class=\"elementor-post__title\">\n\t\t\t<a href=\"https:\/\/lacolombeplus.net\/index.php\/2026\/08\/28\/hausse-unilaterale-des-tarifs-de-transport-17-societes-epinglees-et-sanctionnees-par-le-gouvernement\/\" >\n\t\t\t\tHausse unilat\u00e9rale des tarifs de transport : 17 soci\u00e9t\u00e9s \u00e9pingl\u00e9es et sanctionn\u00e9es par le gouvernement\t\t\t<\/a>\n\t\t<\/h3>\n\t\t\t\t<\/div>\n\t\t\t\t<\/article>\n\t\t\t\t<article class=\"elementor-post elementor-grid-item post-38985 post type-post status-publish format-standard has-post-thumbnail hentry category-a-la-une category-sante\" role=\"listitem\">\n\t\t\t\t<a class=\"elementor-post__thumbnail__link\" href=\"https:\/\/lacolombeplus.net\/index.php\/2026\/08\/25\/surete-nucleaire-larsn-evalue-les-installations-de-la-clinique-les-oliviers\/\" tabindex=\"-1\" >\n\t\t\t<div class=\"elementor-post__thumbnail\"><img loading=\"lazy\" decoding=\"async\" width=\"2560\" height=\"1759\" src=\"https:\/\/lacolombeplus.net\/wp-content\/uploads\/2026\/08\/IMG-20260825-WA0045.webp\" class=\"attachment-full size-full wp-image-38987\" alt=\"\" srcset=\"https:\/\/lacolombeplus.net\/wp-content\/uploads\/2026\/08\/IMG-20260825-WA0045.webp 2560w, https:\/\/lacolombeplus.net\/wp-content\/uploads\/2026\/08\/IMG-20260825-WA0045-300x206.webp 300w, https:\/\/lacolombeplus.net\/wp-content\/uploads\/2026\/08\/IMG-20260825-WA0045-1024x704.webp 1024w, https:\/\/lacolombeplus.net\/wp-content\/uploads\/2026\/08\/IMG-20260825-WA0045-768x528.webp 768w, https:\/\/lacolombeplus.net\/wp-content\/uploads\/2026\/08\/IMG-20260825-WA0045-1536x1055.webp 1536w, https:\/\/lacolombeplus.net\/wp-content\/uploads\/2026\/08\/IMG-20260825-WA0045-2048x1407.webp 2048w\" sizes=\"(max-width: 2560px) 100vw, 2560px\" \/><\/div>\n\t\t<\/a>\n\t\t\t\t<div class=\"elementor-post__text\">\n\t\t\t\t<h3 class=\"elementor-post__title\">\n\t\t\t<a href=\"https:\/\/lacolombeplus.net\/index.php\/2026\/08\/25\/surete-nucleaire-larsn-evalue-les-installations-de-la-clinique-les-oliviers\/\" >\n\t\t\t\tS\u00fbret\u00e9 nucl\u00e9aire : L\u2019ARSN \u00e9value les installations de la Clinique les Oliviers\t\t\t<\/a>\n\t\t<\/h3>\n\t\t\t\t<\/div>\n\t\t\t\t<\/article>\n\t\t\t\t<\/div>\n\t\t\n\t\t\t\t\t\t<\/div>\n\t\t\t\t<\/div>\n\t\t\t\t\t<\/div>\n\t\t\t\t<\/div>\n\t\t<div class=\"elementor-element elementor-element-a3ac564 e-flex e-con-boxed e-con e-parent\" data-id=\"a3ac564\" data-element_type=\"container\" data-e-type=\"container\" data-settings=\"{&quot;background_background&quot;:&quot;classic&quot;}\">\n\t\t\t\t\t<div class=\"e-con-inner\">\n\t\t\t\t<div class=\"elementor-element elementor-element-4c323ba elementor-widget-divider--view-line elementor-widget elementor-widget-divider\" data-id=\"4c323ba\" data-element_type=\"widget\" data-e-type=\"widget\" data-widget_type=\"divider.default\">\n\t\t\t\t\t\t\t<div class=\"elementor-divider\">\n\t\t\t<span class=\"elementor-divider-separator\">\n\t\t\t\t\t\t<\/span>\n\t\t<\/div>\n\t\t\t\t\t\t<\/div>\n\t\t\t\t\t<\/div>\n\t\t\t\t<\/div>\n\t\t<div class=\"elementor-element elementor-element-1ea68b7 e-grid e-con-boxed e-con e-parent\" data-id=\"1ea68b7\" data-element_type=\"container\" data-e-type=\"container\" data-settings=\"{&quot;background_background&quot;:&quot;classic&quot;}\">\n\t\t\t\t\t<div class=\"e-con-inner\">\n\t\t\t\t<div class=\"elementor-element elementor-element-d1acd87 elementor-widget elementor-widget-heading\" data-id=\"d1acd87\" data-element_type=\"widget\" data-e-type=\"widget\" data-widget_type=\"heading.default\">\n\t\t\t\t\t<h2 class=\"elementor-heading-title elementor-size-default\">Rimtaaba\n<\/h2>\t\t\t\t<\/div>\n\t\t\t\t<div class=\"elementor-element elementor-element-196427e elementor-widget elementor-widget-heading\" data-id=\"196427e\" data-element_type=\"widget\" data-e-type=\"widget\" data-widget_type=\"heading.default\">\n\t\t\t\t\t<h2 class=\"elementor-heading-title elementor-size-default\">Horizon\n<\/h2>\t\t\t\t<\/div>\n\t\t\t\t<div class=\"elementor-element elementor-element-cab58c7 elementor-widget elementor-widget-heading\" data-id=\"cab58c7\" data-element_type=\"widget\" data-e-type=\"widget\" data-widget_type=\"heading.default\">\n\t\t\t\t\t<h2 class=\"elementor-heading-title elementor-size-default\">Lucioles<\/h2>\t\t\t\t<\/div>\n\t\t\t\t\t<\/div>\n\t\t\t\t<\/div>\n\t\t<div class=\"elementor-element elementor-element-2c8331b e-grid e-con-boxed e-con e-parent\" data-id=\"2c8331b\" data-element_type=\"container\" data-e-type=\"container\" data-settings=\"{&quot;background_background&quot;:&quot;classic&quot;}\">\n\t\t\t\t\t<div class=\"e-con-inner\">\n\t\t\t\t\t\n<hr class=\"e-211916e-92d7a56 e-divider-base\" data-interaction-id=\"211916e\"  data-e-type=\"widget\" data-id=\"211916e\" \/>\n\t\t\t\t\t\n<hr class=\"e-e2a5941-3fe5a6a e-divider-base\" data-interaction-id=\"e2a5941\"  data-e-type=\"widget\" data-id=\"e2a5941\" \/>\n\t\t\t\t\t\n<hr class=\"e-e955675-7b18523 e-divider-base\" data-interaction-id=\"e955675\"  data-e-type=\"widget\" data-id=\"e955675\" \/>\n\t\t\t\t\t<\/div>\n\t\t\t\t<\/div>\n\t\t<div class=\"elementor-element elementor-element-d5b1cb9 e-grid e-con-boxed e-con e-parent\" data-id=\"d5b1cb9\" data-element_type=\"container\" data-e-type=\"container\" data-settings=\"{&quot;background_background&quot;:&quot;classic&quot;}\">\n\t\t\t\t\t<div class=\"e-con-inner\">\n\t\t\t\t<div class=\"elementor-element elementor-element-ab38704 elementor-grid-1 elementor-posts--thumbnail-left elementor-grid-tablet-2 elementor-grid-mobile-1 elementor-widget elementor-widget-posts\" data-id=\"ab38704\" data-element_type=\"widget\" data-e-type=\"widget\" data-settings=\"{&quot;classic_columns&quot;:&quot;1&quot;,&quot;classic_columns_tablet&quot;:&quot;2&quot;,&quot;classic_columns_mobile&quot;:&quot;1&quot;,&quot;classic_row_gap&quot;:{&quot;unit&quot;:&quot;px&quot;,&quot;size&quot;:35,&quot;sizes&quot;:[]},&quot;classic_row_gap_tablet&quot;:{&quot;unit&quot;:&quot;px&quot;,&quot;size&quot;:&quot;&quot;,&quot;sizes&quot;:[]},&quot;classic_row_gap_mobile&quot;:{&quot;unit&quot;:&quot;px&quot;,&quot;size&quot;:&quot;&quot;,&quot;sizes&quot;:[]}}\" data-widget_type=\"posts.classic\">\n\t\t\t\t<div class=\"elementor-widget-container\">\n\t\t\t\t\t\t\t<div class=\"elementor-posts-container elementor-posts elementor-posts--skin-classic elementor-grid\" role=\"list\">\n\t\t\t\t<article class=\"elementor-post elementor-grid-item post-39002 post type-post status-publish format-standard has-post-thumbnail hentry category-a-la-une category-securite\" role=\"listitem\">\n\t\t\t\t<a class=\"elementor-post__thumbnail__link\" href=\"https:\/\/lacolombeplus.net\/index.php\/2026\/08\/31\/police-nationale-police-nationale-une-formation-de-passage-en-grade-pour-2-364-policiers\/\" tabindex=\"-1\" >\n\t\t\t<div class=\"elementor-post__thumbnail\"><img fetchpriority=\"high\" decoding=\"async\" width=\"960\" height=\"540\" src=\"https:\/\/lacolombeplus.net\/wp-content\/uploads\/2026\/08\/IMG-20260831-WA0038.webp\" class=\"attachment-full size-full wp-image-39003\" alt=\"\" srcset=\"https:\/\/lacolombeplus.net\/wp-content\/uploads\/2026\/08\/IMG-20260831-WA0038.webp 960w, https:\/\/lacolombeplus.net\/wp-content\/uploads\/2026\/08\/IMG-20260831-WA0038-300x169.webp 300w, https:\/\/lacolombeplus.net\/wp-content\/uploads\/2026\/08\/IMG-20260831-WA0038-768x432.webp 768w\" sizes=\"(max-width: 960px) 100vw, 960px\" \/><\/div>\n\t\t<\/a>\n\t\t\t\t<div class=\"elementor-post__text\">\n\t\t\t\t<h3 class=\"elementor-post__title\">\n\t\t\t<a href=\"https:\/\/lacolombeplus.net\/index.php\/2026\/08\/31\/police-nationale-police-nationale-une-formation-de-passage-en-grade-pour-2-364-policiers\/\" >\n\t\t\t\tPolice Nationale :Police nationale : une formation de passage en grade pour 2 364 policiers\t\t\t<\/a>\n\t\t<\/h3>\n\t\t\t\t<\/div>\n\t\t\t\t<\/article>\n\t\t\t\t<article class=\"elementor-post elementor-grid-item post-38995 post type-post status-publish format-standard has-post-thumbnail hentry category-a-la-une category-international category-politique\" role=\"listitem\">\n\t\t\t\t<a class=\"elementor-post__thumbnail__link\" href=\"https:\/\/lacolombeplus.net\/index.php\/2026\/08\/28\/luct-aes-lancement-de-l-elaboration-du-premier-plan-de-travail-2026\/\" tabindex=\"-1\" >\n\t\t\t<div class=\"elementor-post__thumbnail\"><img decoding=\"async\" width=\"1280\" height=\"960\" src=\"https:\/\/lacolombeplus.net\/wp-content\/uploads\/2026\/08\/IMG-20260828-WA0012.webp\" class=\"attachment-full size-full wp-image-38996\" alt=\"\" srcset=\"https:\/\/lacolombeplus.net\/wp-content\/uploads\/2026\/08\/IMG-20260828-WA0012.webp 1280w, https:\/\/lacolombeplus.net\/wp-content\/uploads\/2026\/08\/IMG-20260828-WA0012-300x225.webp 300w, https:\/\/lacolombeplus.net\/wp-content\/uploads\/2026\/08\/IMG-20260828-WA0012-1024x768.webp 1024w, https:\/\/lacolombeplus.net\/wp-content\/uploads\/2026\/08\/IMG-20260828-WA0012-768x576.webp 768w\" sizes=\"(max-width: 1280px) 100vw, 1280px\" \/><\/div>\n\t\t<\/a>\n\t\t\t\t<div class=\"elementor-post__text\">\n\t\t\t\t<h3 class=\"elementor-post__title\">\n\t\t\t<a href=\"https:\/\/lacolombeplus.net\/index.php\/2026\/08\/28\/luct-aes-lancement-de-l-elaboration-du-premier-plan-de-travail-2026\/\" >\n\t\t\t\tL\u2019UCT-AES\u00a0: lancement de l \u2019\u00e9laboration du premier Plan de travail 2026\t\t\t<\/a>\n\t\t<\/h3>\n\t\t\t\t<\/div>\n\t\t\t\t<\/article>\n\t\t\t\t<article class=\"elementor-post elementor-grid-item post-38991 post type-post status-publish format-standard has-post-thumbnail hentry category-societe\" role=\"listitem\">\n\t\t\t\t<a class=\"elementor-post__thumbnail__link\" href=\"https:\/\/lacolombeplus.net\/index.php\/2026\/08\/28\/hausse-unilaterale-des-tarifs-de-transport-17-societes-epinglees-et-sanctionnees-par-le-gouvernement\/\" tabindex=\"-1\" >\n\t\t\t<div class=\"elementor-post__thumbnail\"><img decoding=\"async\" width=\"600\" height=\"300\" src=\"https:\/\/lacolombeplus.net\/wp-content\/uploads\/2026\/08\/Rahimo.webp\" class=\"attachment-full size-full wp-image-38992\" alt=\"\" srcset=\"https:\/\/lacolombeplus.net\/wp-content\/uploads\/2026\/08\/Rahimo.webp 600w, https:\/\/lacolombeplus.net\/wp-content\/uploads\/2026\/08\/Rahimo-300x150.webp 300w\" sizes=\"(max-width: 600px) 100vw, 600px\" \/><\/div>\n\t\t<\/a>\n\t\t\t\t<div class=\"elementor-post__text\">\n\t\t\t\t<h3 class=\"elementor-post__title\">\n\t\t\t<a href=\"https:\/\/lacolombeplus.net\/index.php\/2026\/08\/28\/hausse-unilaterale-des-tarifs-de-transport-17-societes-epinglees-et-sanctionnees-par-le-gouvernement\/\" >\n\t\t\t\tHausse unilat\u00e9rale des tarifs de transport : 17 soci\u00e9t\u00e9s \u00e9pingl\u00e9es et sanctionn\u00e9es par le gouvernement\t\t\t<\/a>\n\t\t<\/h3>\n\t\t\t\t<\/div>\n\t\t\t\t<\/article>\n\t\t\t\t<\/div>\n\t\t\n\t\t\t\t\t\t<\/div>\n\t\t\t\t<\/div>\n\t\t\t\t<div class=\"elementor-element elementor-element-37d646c elementor-grid-1 elementor-posts--thumbnail-left elementor-grid-tablet-2 elementor-grid-mobile-1 elementor-widget elementor-widget-posts\" data-id=\"37d646c\" data-element_type=\"widget\" data-e-type=\"widget\" data-settings=\"{&quot;classic_columns&quot;:&quot;1&quot;,&quot;classic_columns_tablet&quot;:&quot;2&quot;,&quot;classic_columns_mobile&quot;:&quot;1&quot;,&quot;classic_row_gap&quot;:{&quot;unit&quot;:&quot;px&quot;,&quot;size&quot;:35,&quot;sizes&quot;:[]},&quot;classic_row_gap_tablet&quot;:{&quot;unit&quot;:&quot;px&quot;,&quot;size&quot;:&quot;&quot;,&quot;sizes&quot;:[]},&quot;classic_row_gap_mobile&quot;:{&quot;unit&quot;:&quot;px&quot;,&quot;size&quot;:&quot;&quot;,&quot;sizes&quot;:[]}}\" data-widget_type=\"posts.classic\">\n\t\t\t\t<div class=\"elementor-widget-container\">\n\t\t\t\t\t\t\t<div class=\"elementor-posts-container elementor-posts elementor-posts--skin-classic elementor-grid\" role=\"list\">\n\t\t\t\t<article class=\"elementor-post elementor-grid-item post-39002 post type-post status-publish format-standard has-post-thumbnail hentry category-a-la-une category-securite\" role=\"listitem\">\n\t\t\t\t<a class=\"elementor-post__thumbnail__link\" href=\"https:\/\/lacolombeplus.net\/index.php\/2026\/08\/31\/police-nationale-police-nationale-une-formation-de-passage-en-grade-pour-2-364-policiers\/\" tabindex=\"-1\" >\n\t\t\t<div class=\"elementor-post__thumbnail\"><img fetchpriority=\"high\" decoding=\"async\" width=\"960\" height=\"540\" src=\"https:\/\/lacolombeplus.net\/wp-content\/uploads\/2026\/08\/IMG-20260831-WA0038.webp\" class=\"attachment-full size-full wp-image-39003\" alt=\"\" srcset=\"https:\/\/lacolombeplus.net\/wp-content\/uploads\/2026\/08\/IMG-20260831-WA0038.webp 960w, https:\/\/lacolombeplus.net\/wp-content\/uploads\/2026\/08\/IMG-20260831-WA0038-300x169.webp 300w, https:\/\/lacolombeplus.net\/wp-content\/uploads\/2026\/08\/IMG-20260831-WA0038-768x432.webp 768w\" sizes=\"(max-width: 960px) 100vw, 960px\" \/><\/div>\n\t\t<\/a>\n\t\t\t\t<div class=\"elementor-post__text\">\n\t\t\t\t<h3 class=\"elementor-post__title\">\n\t\t\t<a href=\"https:\/\/lacolombeplus.net\/index.php\/2026\/08\/31\/police-nationale-police-nationale-une-formation-de-passage-en-grade-pour-2-364-policiers\/\" >\n\t\t\t\tPolice Nationale :Police nationale : une formation de passage en grade pour 2 364 policiers\t\t\t<\/a>\n\t\t<\/h3>\n\t\t\t\t<\/div>\n\t\t\t\t<\/article>\n\t\t\t\t<article class=\"elementor-post elementor-grid-item post-38995 post type-post status-publish format-standard has-post-thumbnail hentry category-a-la-une category-international category-politique\" role=\"listitem\">\n\t\t\t\t<a class=\"elementor-post__thumbnail__link\" href=\"https:\/\/lacolombeplus.net\/index.php\/2026\/08\/28\/luct-aes-lancement-de-l-elaboration-du-premier-plan-de-travail-2026\/\" tabindex=\"-1\" >\n\t\t\t<div class=\"elementor-post__thumbnail\"><img decoding=\"async\" width=\"1280\" height=\"960\" src=\"https:\/\/lacolombeplus.net\/wp-content\/uploads\/2026\/08\/IMG-20260828-WA0012.webp\" class=\"attachment-full size-full wp-image-38996\" alt=\"\" srcset=\"https:\/\/lacolombeplus.net\/wp-content\/uploads\/2026\/08\/IMG-20260828-WA0012.webp 1280w, https:\/\/lacolombeplus.net\/wp-content\/uploads\/2026\/08\/IMG-20260828-WA0012-300x225.webp 300w, https:\/\/lacolombeplus.net\/wp-content\/uploads\/2026\/08\/IMG-20260828-WA0012-1024x768.webp 1024w, https:\/\/lacolombeplus.net\/wp-content\/uploads\/2026\/08\/IMG-20260828-WA0012-768x576.webp 768w\" sizes=\"(max-width: 1280px) 100vw, 1280px\" \/><\/div>\n\t\t<\/a>\n\t\t\t\t<div class=\"elementor-post__text\">\n\t\t\t\t<h3 class=\"elementor-post__title\">\n\t\t\t<a href=\"https:\/\/lacolombeplus.net\/index.php\/2026\/08\/28\/luct-aes-lancement-de-l-elaboration-du-premier-plan-de-travail-2026\/\" >\n\t\t\t\tL\u2019UCT-AES\u00a0: lancement de l \u2019\u00e9laboration du premier Plan de travail 2026\t\t\t<\/a>\n\t\t<\/h3>\n\t\t\t\t<\/div>\n\t\t\t\t<\/article>\n\t\t\t\t<article class=\"elementor-post elementor-grid-item post-38991 post type-post status-publish format-standard has-post-thumbnail hentry category-societe\" role=\"listitem\">\n\t\t\t\t<a class=\"elementor-post__thumbnail__link\" href=\"https:\/\/lacolombeplus.net\/index.php\/2026\/08\/28\/hausse-unilaterale-des-tarifs-de-transport-17-societes-epinglees-et-sanctionnees-par-le-gouvernement\/\" tabindex=\"-1\" >\n\t\t\t<div class=\"elementor-post__thumbnail\"><img decoding=\"async\" width=\"600\" height=\"300\" src=\"https:\/\/lacolombeplus.net\/wp-content\/uploads\/2026\/08\/Rahimo.webp\" class=\"attachment-full size-full wp-image-38992\" alt=\"\" srcset=\"https:\/\/lacolombeplus.net\/wp-content\/uploads\/2026\/08\/Rahimo.webp 600w, https:\/\/lacolombeplus.net\/wp-content\/uploads\/2026\/08\/Rahimo-300x150.webp 300w\" sizes=\"(max-width: 600px) 100vw, 600px\" \/><\/div>\n\t\t<\/a>\n\t\t\t\t<div class=\"elementor-post__text\">\n\t\t\t\t<h3 class=\"elementor-post__title\">\n\t\t\t<a href=\"https:\/\/lacolombeplus.net\/index.php\/2026\/08\/28\/hausse-unilaterale-des-tarifs-de-transport-17-societes-epinglees-et-sanctionnees-par-le-gouvernement\/\" >\n\t\t\t\tHausse unilat\u00e9rale des tarifs de transport : 17 soci\u00e9t\u00e9s \u00e9pingl\u00e9es et sanctionn\u00e9es par le gouvernement\t\t\t<\/a>\n\t\t<\/h3>\n\t\t\t\t<\/div>\n\t\t\t\t<\/article>\n\t\t\t\t<\/div>\n\t\t\n\t\t\t\t\t\t<\/div>\n\t\t\t\t<\/div>\n\t\t\t\t<div class=\"elementor-element elementor-element-34cdcac elementor-grid-1 elementor-posts--thumbnail-left elementor-grid-tablet-2 elementor-grid-mobile-1 elementor-widget elementor-widget-posts\" data-id=\"34cdcac\" data-element_type=\"widget\" data-e-type=\"widget\" data-settings=\"{&quot;classic_columns&quot;:&quot;1&quot;,&quot;classic_columns_tablet&quot;:&quot;2&quot;,&quot;classic_columns_mobile&quot;:&quot;1&quot;,&quot;classic_row_gap&quot;:{&quot;unit&quot;:&quot;px&quot;,&quot;size&quot;:35,&quot;sizes&quot;:[]},&quot;classic_row_gap_tablet&quot;:{&quot;unit&quot;:&quot;px&quot;,&quot;size&quot;:&quot;&quot;,&quot;sizes&quot;:[]},&quot;classic_row_gap_mobile&quot;:{&quot;unit&quot;:&quot;px&quot;,&quot;size&quot;:&quot;&quot;,&quot;sizes&quot;:[]}}\" data-widget_type=\"posts.classic\">\n\t\t\t\t<div class=\"elementor-widget-container\">\n\t\t\t\t\t\t\t<div class=\"elementor-posts-container elementor-posts elementor-posts--skin-classic elementor-grid\" role=\"list\">\n\t\t\t\t<article class=\"elementor-post elementor-grid-item post-39002 post type-post status-publish format-standard has-post-thumbnail hentry category-a-la-une category-securite\" role=\"listitem\">\n\t\t\t\t<a class=\"elementor-post__thumbnail__link\" href=\"https:\/\/lacolombeplus.net\/index.php\/2026\/08\/31\/police-nationale-police-nationale-une-formation-de-passage-en-grade-pour-2-364-policiers\/\" tabindex=\"-1\" >\n\t\t\t<div class=\"elementor-post__thumbnail\"><img fetchpriority=\"high\" decoding=\"async\" width=\"960\" height=\"540\" src=\"https:\/\/lacolombeplus.net\/wp-content\/uploads\/2026\/08\/IMG-20260831-WA0038.webp\" class=\"attachment-full size-full wp-image-39003\" alt=\"\" srcset=\"https:\/\/lacolombeplus.net\/wp-content\/uploads\/2026\/08\/IMG-20260831-WA0038.webp 960w, https:\/\/lacolombeplus.net\/wp-content\/uploads\/2026\/08\/IMG-20260831-WA0038-300x169.webp 300w, https:\/\/lacolombeplus.net\/wp-content\/uploads\/2026\/08\/IMG-20260831-WA0038-768x432.webp 768w\" sizes=\"(max-width: 960px) 100vw, 960px\" \/><\/div>\n\t\t<\/a>\n\t\t\t\t<div class=\"elementor-post__text\">\n\t\t\t\t<h3 class=\"elementor-post__title\">\n\t\t\t<a href=\"https:\/\/lacolombeplus.net\/index.php\/2026\/08\/31\/police-nationale-police-nationale-une-formation-de-passage-en-grade-pour-2-364-policiers\/\" >\n\t\t\t\tPolice Nationale :Police nationale : une formation de passage en grade pour 2 364 policiers\t\t\t<\/a>\n\t\t<\/h3>\n\t\t\t\t<\/div>\n\t\t\t\t<\/article>\n\t\t\t\t<article class=\"elementor-post elementor-grid-item post-38995 post type-post status-publish format-standard has-post-thumbnail hentry category-a-la-une category-international category-politique\" role=\"listitem\">\n\t\t\t\t<a class=\"elementor-post__thumbnail__link\" href=\"https:\/\/lacolombeplus.net\/index.php\/2026\/08\/28\/luct-aes-lancement-de-l-elaboration-du-premier-plan-de-travail-2026\/\" tabindex=\"-1\" >\n\t\t\t<div class=\"elementor-post__thumbnail\"><img decoding=\"async\" width=\"1280\" height=\"960\" src=\"https:\/\/lacolombeplus.net\/wp-content\/uploads\/2026\/08\/IMG-20260828-WA0012.webp\" class=\"attachment-full size-full wp-image-38996\" alt=\"\" srcset=\"https:\/\/lacolombeplus.net\/wp-content\/uploads\/2026\/08\/IMG-20260828-WA0012.webp 1280w, https:\/\/lacolombeplus.net\/wp-content\/uploads\/2026\/08\/IMG-20260828-WA0012-300x225.webp 300w, https:\/\/lacolombeplus.net\/wp-content\/uploads\/2026\/08\/IMG-20260828-WA0012-1024x768.webp 1024w, https:\/\/lacolombeplus.net\/wp-content\/uploads\/2026\/08\/IMG-20260828-WA0012-768x576.webp 768w\" sizes=\"(max-width: 1280px) 100vw, 1280px\" \/><\/div>\n\t\t<\/a>\n\t\t\t\t<div class=\"elementor-post__text\">\n\t\t\t\t<h3 class=\"elementor-post__title\">\n\t\t\t<a href=\"https:\/\/lacolombeplus.net\/index.php\/2026\/08\/28\/luct-aes-lancement-de-l-elaboration-du-premier-plan-de-travail-2026\/\" >\n\t\t\t\tL\u2019UCT-AES\u00a0: lancement de l \u2019\u00e9laboration du premier Plan de travail 2026\t\t\t<\/a>\n\t\t<\/h3>\n\t\t\t\t<\/div>\n\t\t\t\t<\/article>\n\t\t\t\t<article class=\"elementor-post elementor-grid-item post-38991 post type-post status-publish format-standard has-post-thumbnail hentry category-societe\" role=\"listitem\">\n\t\t\t\t<a class=\"elementor-post__thumbnail__link\" href=\"https:\/\/lacolombeplus.net\/index.php\/2026\/08\/28\/hausse-unilaterale-des-tarifs-de-transport-17-societes-epinglees-et-sanctionnees-par-le-gouvernement\/\" tabindex=\"-1\" >\n\t\t\t<div class=\"elementor-post__thumbnail\"><img decoding=\"async\" width=\"600\" height=\"300\" src=\"https:\/\/lacolombeplus.net\/wp-content\/uploads\/2026\/08\/Rahimo.webp\" class=\"attachment-full size-full wp-image-38992\" alt=\"\" srcset=\"https:\/\/lacolombeplus.net\/wp-content\/uploads\/2026\/08\/Rahimo.webp 600w, https:\/\/lacolombeplus.net\/wp-content\/uploads\/2026\/08\/Rahimo-300x150.webp 300w\" sizes=\"(max-width: 600px) 100vw, 600px\" \/><\/div>\n\t\t<\/a>\n\t\t\t\t<div class=\"elementor-post__text\">\n\t\t\t\t<h3 class=\"elementor-post__title\">\n\t\t\t<a href=\"https:\/\/lacolombeplus.net\/index.php\/2026\/08\/28\/hausse-unilaterale-des-tarifs-de-transport-17-societes-epinglees-et-sanctionnees-par-le-gouvernement\/\" >\n\t\t\t\tHausse unilat\u00e9rale des tarifs de transport : 17 soci\u00e9t\u00e9s \u00e9pingl\u00e9es et sanctionn\u00e9es par le gouvernement\t\t\t<\/a>\n\t\t<\/h3>\n\t\t\t\t<\/div>\n\t\t\t\t<\/article>\n\t\t\t\t<\/div>\n\t\t\n\t\t\t\t\t\t<\/div>\n\t\t\t\t<\/div>\n\t\t\t\t\t<\/div>\n\t\t\t\t<\/div>\n\t\t<div class=\"elementor-element elementor-element-e588e87 e-flex e-con-boxed e-con e-parent\" data-id=\"e588e87\" data-element_type=\"container\" data-e-type=\"container\" data-settings=\"{&quot;background_background&quot;:&quot;classic&quot;}\">\n\t\t\t\t\t<div class=\"e-con-inner\">\n\t\t<div class=\"elementor-element elementor-element-165b9c8 e-con-full e-flex e-con e-child\" data-id=\"165b9c8\" data-element_type=\"container\" data-e-type=\"container\">\n\t\t\t\t<div class=\"elementor-element elementor-element-d2697c8 elementor-headline--style-highlight elementor-widget elementor-widget-animated-headline\" data-id=\"d2697c8\" data-element_type=\"widget\" data-e-type=\"widget\" data-settings=\"{&quot;marker&quot;:&quot;curly&quot;,&quot;highlighted_text&quot;:&quot;Une information saine pour un d\\u00e9veloppement participatif.&quot;,&quot;headline_style&quot;:&quot;highlight&quot;,&quot;loop&quot;:&quot;yes&quot;,&quot;highlight_animation_duration&quot;:1200,&quot;highlight_iteration_delay&quot;:8000}\" data-widget_type=\"animated-headline.default\">\n\t\t\t\t\t\t\t<h3 class=\"elementor-headline\">\n\t\t\t\t\t<span class=\"elementor-headline-plain-text elementor-headline-text-wrapper\">Magazine burkinab\u00e8 d\u2019informations g\u00e9n\u00e9rales pour le d\u00e9veloppement au service de la paix. <\/span>\n\t\t\t\t<span class=\"elementor-headline-dynamic-wrapper elementor-headline-text-wrapper\">\n\t\t\t\t\t<span class=\"elementor-headline-dynamic-text elementor-headline-text-active\">Une information saine pour un d\u00e9veloppement participatif.<\/span>\n\t\t\t\t<\/span>\n\t\t\t\t<\/h3>\n\t\t\t\t\t\t<\/div>\n\t\t\t\t\t<img loading=\"lazy\" decoding=\"async\" class=\"e-image-base \" data-interaction-id=\"bb557ce\" data-e-type=\"widget\" data-id=\"bb557ce\" id=\"36477\" src=\"https:\/\/lacolombeplus.net\/wp-content\/uploads\/2026\/04\/Essakane-Logo-1024x290-1.jpg\" width=\"1024\" height=\"290\" srcset=\"https:\/\/lacolombeplus.net\/wp-content\/uploads\/2026\/04\/Essakane-Logo-1024x290-1.jpg 1024w, https:\/\/lacolombeplus.net\/wp-content\/uploads\/2026\/04\/Essakane-Logo-1024x290-1-300x85.jpg 300w, https:\/\/lacolombeplus.net\/wp-content\/uploads\/2026\/04\/Essakane-Logo-1024x290-1-768x218.jpg 768w\" alt=\"\"\/>\t\t\t\t<div class=\"elementor-element elementor-element-7bd188f elementor-widget elementor-widget-heading\" data-id=\"7bd188f\" data-element_type=\"widget\" data-e-type=\"widget\" data-widget_type=\"heading.default\">\n\t\t\t\t\t<h2 class=\"elementor-heading-title elementor-size-default\">ECONOMIE\n<\/h2>\t\t\t\t<\/div>\n\t\t\t\t<div class=\"elementor-element elementor-element-bace92b elementor-widget-divider--view-line elementor-widget elementor-widget-divider\" data-id=\"bace92b\" data-element_type=\"widget\" data-e-type=\"widget\" data-widget_type=\"divider.default\">\n\t\t\t\t\t\t\t<div class=\"elementor-divider\">\n\t\t\t<span class=\"elementor-divider-separator\">\n\t\t\t\t\t\t<\/span>\n\t\t<\/div>\n\t\t\t\t\t\t<\/div>\n\t\t\t\t<div class=\"elementor-element elementor-element-6abb728 elementor-grid-2 elementor-posts--thumbnail-left elementor-grid-tablet-2 elementor-grid-mobile-1 elementor-widget elementor-widget-posts\" data-id=\"6abb728\" data-element_type=\"widget\" data-e-type=\"widget\" data-settings=\"{&quot;classic_columns&quot;:&quot;2&quot;,&quot;classic_row_gap&quot;:{&quot;unit&quot;:&quot;px&quot;,&quot;size&quot;:9,&quot;sizes&quot;:[]},&quot;classic_columns_tablet&quot;:&quot;2&quot;,&quot;classic_columns_mobile&quot;:&quot;1&quot;,&quot;classic_row_gap_tablet&quot;:{&quot;unit&quot;:&quot;px&quot;,&quot;size&quot;:&quot;&quot;,&quot;sizes&quot;:[]},&quot;classic_row_gap_mobile&quot;:{&quot;unit&quot;:&quot;px&quot;,&quot;size&quot;:&quot;&quot;,&quot;sizes&quot;:[]}}\" data-widget_type=\"posts.classic\">\n\t\t\t\t<div class=\"elementor-widget-container\">\n\t\t\t\t\t\t\t<div class=\"elementor-posts-container elementor-posts elementor-posts--skin-classic elementor-grid\" role=\"list\">\n\t\t\t\t<article class=\"elementor-post elementor-grid-item post-39002 post type-post status-publish format-standard has-post-thumbnail hentry category-a-la-une category-securite\" role=\"listitem\">\n\t\t\t\t<a class=\"elementor-post__thumbnail__link\" href=\"https:\/\/lacolombeplus.net\/index.php\/2026\/08\/31\/police-nationale-police-nationale-une-formation-de-passage-en-grade-pour-2-364-policiers\/\" tabindex=\"-1\" >\n\t\t\t<div class=\"elementor-post__thumbnail\"><img fetchpriority=\"high\" decoding=\"async\" width=\"960\" height=\"540\" src=\"https:\/\/lacolombeplus.net\/wp-content\/uploads\/2026\/08\/IMG-20260831-WA0038.webp\" class=\"attachment-full size-full wp-image-39003\" alt=\"\" srcset=\"https:\/\/lacolombeplus.net\/wp-content\/uploads\/2026\/08\/IMG-20260831-WA0038.webp 960w, https:\/\/lacolombeplus.net\/wp-content\/uploads\/2026\/08\/IMG-20260831-WA0038-300x169.webp 300w, https:\/\/lacolombeplus.net\/wp-content\/uploads\/2026\/08\/IMG-20260831-WA0038-768x432.webp 768w\" sizes=\"(max-width: 960px) 100vw, 960px\" \/><\/div>\n\t\t<\/a>\n\t\t\t\t<div class=\"elementor-post__text\">\n\t\t\t\t<h3 class=\"elementor-post__title\">\n\t\t\t<a href=\"https:\/\/lacolombeplus.net\/index.php\/2026\/08\/31\/police-nationale-police-nationale-une-formation-de-passage-en-grade-pour-2-364-policiers\/\" >\n\t\t\t\tPolice Nationale :Police nationale : une formation de passage en grade pour 2 364 policiers\t\t\t<\/a>\n\t\t<\/h3>\n\t\t\n\t\t<a class=\"elementor-post__read-more\" href=\"https:\/\/lacolombeplus.net\/index.php\/2026\/08\/31\/police-nationale-police-nationale-une-formation-de-passage-en-grade-pour-2-364-policiers\/\" aria-label=\"Read more about Police Nationale :Police nationale : une formation de passage en grade pour 2 364 policiers\" tabindex=\"-1\" >\n\t\t\tRead More \u00bb\t\t<\/a>\n\n\t\t\t\t<\/div>\n\t\t\t\t<\/article>\n\t\t\t\t<article class=\"elementor-post elementor-grid-item post-38995 post type-post status-publish format-standard has-post-thumbnail hentry category-a-la-une category-international category-politique\" role=\"listitem\">\n\t\t\t\t<a class=\"elementor-post__thumbnail__link\" href=\"https:\/\/lacolombeplus.net\/index.php\/2026\/08\/28\/luct-aes-lancement-de-l-elaboration-du-premier-plan-de-travail-2026\/\" tabindex=\"-1\" >\n\t\t\t<div class=\"elementor-post__thumbnail\"><img decoding=\"async\" width=\"1280\" height=\"960\" src=\"https:\/\/lacolombeplus.net\/wp-content\/uploads\/2026\/08\/IMG-20260828-WA0012.webp\" class=\"attachment-full size-full wp-image-38996\" alt=\"\" srcset=\"https:\/\/lacolombeplus.net\/wp-content\/uploads\/2026\/08\/IMG-20260828-WA0012.webp 1280w, https:\/\/lacolombeplus.net\/wp-content\/uploads\/2026\/08\/IMG-20260828-WA0012-300x225.webp 300w, https:\/\/lacolombeplus.net\/wp-content\/uploads\/2026\/08\/IMG-20260828-WA0012-1024x768.webp 1024w, https:\/\/lacolombeplus.net\/wp-content\/uploads\/2026\/08\/IMG-20260828-WA0012-768x576.webp 768w\" sizes=\"(max-width: 1280px) 100vw, 1280px\" \/><\/div>\n\t\t<\/a>\n\t\t\t\t<div class=\"elementor-post__text\">\n\t\t\t\t<h3 class=\"elementor-post__title\">\n\t\t\t<a href=\"https:\/\/lacolombeplus.net\/index.php\/2026\/08\/28\/luct-aes-lancement-de-l-elaboration-du-premier-plan-de-travail-2026\/\" >\n\t\t\t\tL\u2019UCT-AES\u00a0: lancement de l \u2019\u00e9laboration du premier Plan de travail 2026\t\t\t<\/a>\n\t\t<\/h3>\n\t\t\n\t\t<a class=\"elementor-post__read-more\" href=\"https:\/\/lacolombeplus.net\/index.php\/2026\/08\/28\/luct-aes-lancement-de-l-elaboration-du-premier-plan-de-travail-2026\/\" aria-label=\"Read more about L\u2019UCT-AES\u00a0: lancement de l \u2019\u00e9laboration du premier Plan de travail 2026\" tabindex=\"-1\" >\n\t\t\tRead More \u00bb\t\t<\/a>\n\n\t\t\t\t<\/div>\n\t\t\t\t<\/article>\n\t\t\t\t<article class=\"elementor-post elementor-grid-item post-38991 post type-post status-publish format-standard has-post-thumbnail hentry category-societe\" role=\"listitem\">\n\t\t\t\t<a class=\"elementor-post__thumbnail__link\" href=\"https:\/\/lacolombeplus.net\/index.php\/2026\/08\/28\/hausse-unilaterale-des-tarifs-de-transport-17-societes-epinglees-et-sanctionnees-par-le-gouvernement\/\" tabindex=\"-1\" >\n\t\t\t<div class=\"elementor-post__thumbnail\"><img decoding=\"async\" width=\"600\" height=\"300\" src=\"https:\/\/lacolombeplus.net\/wp-content\/uploads\/2026\/08\/Rahimo.webp\" class=\"attachment-full size-full wp-image-38992\" alt=\"\" srcset=\"https:\/\/lacolombeplus.net\/wp-content\/uploads\/2026\/08\/Rahimo.webp 600w, https:\/\/lacolombeplus.net\/wp-content\/uploads\/2026\/08\/Rahimo-300x150.webp 300w\" sizes=\"(max-width: 600px) 100vw, 600px\" \/><\/div>\n\t\t<\/a>\n\t\t\t\t<div class=\"elementor-post__text\">\n\t\t\t\t<h3 class=\"elementor-post__title\">\n\t\t\t<a href=\"https:\/\/lacolombeplus.net\/index.php\/2026\/08\/28\/hausse-unilaterale-des-tarifs-de-transport-17-societes-epinglees-et-sanctionnees-par-le-gouvernement\/\" >\n\t\t\t\tHausse unilat\u00e9rale des tarifs de transport : 17 soci\u00e9t\u00e9s \u00e9pingl\u00e9es et sanctionn\u00e9es par le gouvernement\t\t\t<\/a>\n\t\t<\/h3>\n\t\t\n\t\t<a class=\"elementor-post__read-more\" href=\"https:\/\/lacolombeplus.net\/index.php\/2026\/08\/28\/hausse-unilaterale-des-tarifs-de-transport-17-societes-epinglees-et-sanctionnees-par-le-gouvernement\/\" aria-label=\"Read more about Hausse unilat\u00e9rale des tarifs de transport : 17 soci\u00e9t\u00e9s \u00e9pingl\u00e9es et sanctionn\u00e9es par le gouvernement\" tabindex=\"-1\" >\n\t\t\tRead More \u00bb\t\t<\/a>\n\n\t\t\t\t<\/div>\n\t\t\t\t<\/article>\n\t\t\t\t<article class=\"elementor-post elementor-grid-item post-38985 post type-post status-publish format-standard has-post-thumbnail hentry category-a-la-une category-sante\" role=\"listitem\">\n\t\t\t\t<a class=\"elementor-post__thumbnail__link\" href=\"https:\/\/lacolombeplus.net\/index.php\/2026\/08\/25\/surete-nucleaire-larsn-evalue-les-installations-de-la-clinique-les-oliviers\/\" tabindex=\"-1\" >\n\t\t\t<div class=\"elementor-post__thumbnail\"><img loading=\"lazy\" decoding=\"async\" width=\"2560\" height=\"1759\" src=\"https:\/\/lacolombeplus.net\/wp-content\/uploads\/2026\/08\/IMG-20260825-WA0045.webp\" class=\"attachment-full size-full wp-image-38987\" alt=\"\" srcset=\"https:\/\/lacolombeplus.net\/wp-content\/uploads\/2026\/08\/IMG-20260825-WA0045.webp 2560w, https:\/\/lacolombeplus.net\/wp-content\/uploads\/2026\/08\/IMG-20260825-WA0045-300x206.webp 300w, https:\/\/lacolombeplus.net\/wp-content\/uploads\/2026\/08\/IMG-20260825-WA0045-1024x704.webp 1024w, https:\/\/lacolombeplus.net\/wp-content\/uploads\/2026\/08\/IMG-20260825-WA0045-768x528.webp 768w, https:\/\/lacolombeplus.net\/wp-content\/uploads\/2026\/08\/IMG-20260825-WA0045-1536x1055.webp 1536w, https:\/\/lacolombeplus.net\/wp-content\/uploads\/2026\/08\/IMG-20260825-WA0045-2048x1407.webp 2048w\" sizes=\"(max-width: 2560px) 100vw, 2560px\" \/><\/div>\n\t\t<\/a>\n\t\t\t\t<div class=\"elementor-post__text\">\n\t\t\t\t<h3 class=\"elementor-post__title\">\n\t\t\t<a href=\"https:\/\/lacolombeplus.net\/index.php\/2026\/08\/25\/surete-nucleaire-larsn-evalue-les-installations-de-la-clinique-les-oliviers\/\" >\n\t\t\t\tS\u00fbret\u00e9 nucl\u00e9aire : L\u2019ARSN \u00e9value les installations de la Clinique les Oliviers\t\t\t<\/a>\n\t\t<\/h3>\n\t\t\n\t\t<a class=\"elementor-post__read-more\" href=\"https:\/\/lacolombeplus.net\/index.php\/2026\/08\/25\/surete-nucleaire-larsn-evalue-les-installations-de-la-clinique-les-oliviers\/\" aria-label=\"Read more about S\u00fbret\u00e9 nucl\u00e9aire : L\u2019ARSN \u00e9value les installations de la Clinique les Oliviers\" tabindex=\"-1\" >\n\t\t\tRead More \u00bb\t\t<\/a>\n\n\t\t\t\t<\/div>\n\t\t\t\t<\/article>\n\t\t\t\t<article class=\"elementor-post elementor-grid-item post-38977 post type-post status-publish format-standard has-post-thumbnail hentry category-a-la-une category-sante\" role=\"listitem\">\n\t\t\t\t<a class=\"elementor-post__thumbnail__link\" href=\"https:\/\/lacolombeplus.net\/index.php\/2026\/08\/24\/medecine-traditionnelle\/\" tabindex=\"-1\" >\n\t\t\t<div class=\"elementor-post__thumbnail\"><img loading=\"lazy\" decoding=\"async\" width=\"2048\" height=\"1536\" src=\"https:\/\/lacolombeplus.net\/wp-content\/uploads\/2026\/08\/784919148_2137745983832995_7109841154414102949_n.webp\" class=\"attachment-full size-full wp-image-38981\" alt=\"\" srcset=\"https:\/\/lacolombeplus.net\/wp-content\/uploads\/2026\/08\/784919148_2137745983832995_7109841154414102949_n.webp 2048w, https:\/\/lacolombeplus.net\/wp-content\/uploads\/2026\/08\/784919148_2137745983832995_7109841154414102949_n-300x225.webp 300w, https:\/\/lacolombeplus.net\/wp-content\/uploads\/2026\/08\/784919148_2137745983832995_7109841154414102949_n-1024x768.webp 1024w, https:\/\/lacolombeplus.net\/wp-content\/uploads\/2026\/08\/784919148_2137745983832995_7109841154414102949_n-768x576.webp 768w, https:\/\/lacolombeplus.net\/wp-content\/uploads\/2026\/08\/784919148_2137745983832995_7109841154414102949_n-1536x1152.webp 1536w\" sizes=\"(max-width: 2048px) 100vw, 2048px\" \/><\/div>\n\t\t<\/a>\n\t\t\t\t<div class=\"elementor-post__text\">\n\t\t\t\t<h3 class=\"elementor-post__title\">\n\t\t\t<a href=\"https:\/\/lacolombeplus.net\/index.php\/2026\/08\/24\/medecine-traditionnelle\/\" >\n\t\t\t\tM\u00e9decine traditionnelle : Manga accueillera la 14\u1d49 Semaine nationale et la 24\u1d49 Journ\u00e9e africaine\t\t\t<\/a>\n\t\t<\/h3>\n\t\t\n\t\t<a class=\"elementor-post__read-more\" href=\"https:\/\/lacolombeplus.net\/index.php\/2026\/08\/24\/medecine-traditionnelle\/\" aria-label=\"Read more about M\u00e9decine traditionnelle : Manga accueillera la 14\u1d49 Semaine nationale et la 24\u1d49 Journ\u00e9e africaine\" tabindex=\"-1\" >\n\t\t\tRead More \u00bb\t\t<\/a>\n\n\t\t\t\t<\/div>\n\t\t\t\t<\/article>\n\t\t\t\t<article class=\"elementor-post elementor-grid-item post-38973 post type-post status-publish format-standard has-post-thumbnail hentry category-a-la-une category-securite\" role=\"listitem\">\n\t\t\t\t<a class=\"elementor-post__thumbnail__link\" href=\"https:\/\/lacolombeplus.net\/index.php\/2026\/08\/24\/burkina-faso-le-mercredi-26-aout-declare-jour-chome-et-paye-pour-le-maouloud\/\" tabindex=\"-1\" >\n\t\t\t<div class=\"elementor-post__thumbnail\"><img loading=\"lazy\" decoding=\"async\" width=\"1280\" height=\"720\" src=\"https:\/\/lacolombeplus.net\/wp-content\/uploads\/2026\/08\/707454456_1289777296603780_3263658637599778814_n.webp\" class=\"attachment-full size-full wp-image-38974\" alt=\"\" srcset=\"https:\/\/lacolombeplus.net\/wp-content\/uploads\/2026\/08\/707454456_1289777296603780_3263658637599778814_n.webp 1280w, https:\/\/lacolombeplus.net\/wp-content\/uploads\/2026\/08\/707454456_1289777296603780_3263658637599778814_n-300x169.webp 300w, https:\/\/lacolombeplus.net\/wp-content\/uploads\/2026\/08\/707454456_1289777296603780_3263658637599778814_n-1024x576.webp 1024w, https:\/\/lacolombeplus.net\/wp-content\/uploads\/2026\/08\/707454456_1289777296603780_3263658637599778814_n-768x432.webp 768w\" sizes=\"(max-width: 1280px) 100vw, 1280px\" \/><\/div>\n\t\t<\/a>\n\t\t\t\t<div class=\"elementor-post__text\">\n\t\t\t\t<h3 class=\"elementor-post__title\">\n\t\t\t<a href=\"https:\/\/lacolombeplus.net\/index.php\/2026\/08\/24\/burkina-faso-le-mercredi-26-aout-declare-jour-chome-et-paye-pour-le-maouloud\/\" >\n\t\t\t\tBurkina Faso : Le mercredi 26 ao\u00fbt d\u00e9clar\u00e9 jour ch\u00f4m\u00e9 et pay\u00e9 pour le Maouloud\t\t\t<\/a>\n\t\t<\/h3>\n\t\t\n\t\t<a class=\"elementor-post__read-more\" href=\"https:\/\/lacolombeplus.net\/index.php\/2026\/08\/24\/burkina-faso-le-mercredi-26-aout-declare-jour-chome-et-paye-pour-le-maouloud\/\" aria-label=\"Read more about Burkina Faso : Le mercredi 26 ao\u00fbt d\u00e9clar\u00e9 jour ch\u00f4m\u00e9 et pay\u00e9 pour le Maouloud\" tabindex=\"-1\" >\n\t\t\tRead More \u00bb\t\t<\/a>\n\n\t\t\t\t<\/div>\n\t\t\t\t<\/article>\n\t\t\t\t<\/div>\n\t\t\n\t\t\t\t\t\t<\/div>\n\t\t\t\t<\/div>\n\t\t\t\t<div class=\"elementor-element elementor-element-6d35a38 elementor-widget elementor-widget-heading\" data-id=\"6d35a38\" data-element_type=\"widget\" data-e-type=\"widget\" data-widget_type=\"heading.default\">\n\t\t\t\t\t<h2 class=\"elementor-heading-title elementor-size-default\">International\n<\/h2>\t\t\t\t<\/div>\n\t\t\t\t<div class=\"elementor-element elementor-element-6ad3be2 elementor-widget-divider--view-line elementor-widget elementor-widget-divider\" data-id=\"6ad3be2\" data-element_type=\"widget\" data-e-type=\"widget\" data-widget_type=\"divider.default\">\n\t\t\t\t\t\t\t<div class=\"elementor-divider\">\n\t\t\t<span class=\"elementor-divider-separator\">\n\t\t\t\t\t\t<\/span>\n\t\t<\/div>\n\t\t\t\t\t\t<\/div>\n\t\t<div class=\"elementor-element elementor-element-35d5329 e-grid e-con-full e-con e-child\" data-id=\"35d5329\" data-element_type=\"container\" data-e-type=\"container\">\n\t\t\t\t<div class=\"elementor-element elementor-element-78dc8bc elementor-grid-1 elementor-grid-tablet-2 elementor-grid-mobile-1 elementor-posts--thumbnail-top elementor-widget elementor-widget-posts\" data-id=\"78dc8bc\" data-element_type=\"widget\" data-e-type=\"widget\" data-settings=\"{&quot;classic_columns&quot;:&quot;1&quot;,&quot;classic_columns_tablet&quot;:&quot;2&quot;,&quot;classic_columns_mobile&quot;:&quot;1&quot;,&quot;classic_row_gap&quot;:{&quot;unit&quot;:&quot;px&quot;,&quot;size&quot;:35,&quot;sizes&quot;:[]},&quot;classic_row_gap_tablet&quot;:{&quot;unit&quot;:&quot;px&quot;,&quot;size&quot;:&quot;&quot;,&quot;sizes&quot;:[]},&quot;classic_row_gap_mobile&quot;:{&quot;unit&quot;:&quot;px&quot;,&quot;size&quot;:&quot;&quot;,&quot;sizes&quot;:[]}}\" data-widget_type=\"posts.classic\">\n\t\t\t\t<div class=\"elementor-widget-container\">\n\t\t\t\t\t\t\t<div class=\"elementor-posts-container elementor-posts elementor-posts--skin-classic elementor-grid\" role=\"list\">\n\t\t\t\t<article class=\"elementor-post elementor-grid-item post-38995 post type-post status-publish format-standard has-post-thumbnail hentry category-a-la-une category-international category-politique\" role=\"listitem\">\n\t\t\t\t<a class=\"elementor-post__thumbnail__link\" href=\"https:\/\/lacolombeplus.net\/index.php\/2026\/08\/28\/luct-aes-lancement-de-l-elaboration-du-premier-plan-de-travail-2026\/\" tabindex=\"-1\" >\n\t\t\t<div class=\"elementor-post__thumbnail\"><img decoding=\"async\" width=\"1280\" height=\"960\" src=\"https:\/\/lacolombeplus.net\/wp-content\/uploads\/2026\/08\/IMG-20260828-WA0012.webp\" class=\"attachment-full size-full wp-image-38996\" alt=\"\" srcset=\"https:\/\/lacolombeplus.net\/wp-content\/uploads\/2026\/08\/IMG-20260828-WA0012.webp 1280w, https:\/\/lacolombeplus.net\/wp-content\/uploads\/2026\/08\/IMG-20260828-WA0012-300x225.webp 300w, https:\/\/lacolombeplus.net\/wp-content\/uploads\/2026\/08\/IMG-20260828-WA0012-1024x768.webp 1024w, https:\/\/lacolombeplus.net\/wp-content\/uploads\/2026\/08\/IMG-20260828-WA0012-768x576.webp 768w\" sizes=\"(max-width: 1280px) 100vw, 1280px\" \/><\/div>\n\t\t<\/a>\n\t\t\t\t<div class=\"elementor-post__text\">\n\t\t\t\t<h3 class=\"elementor-post__title\">\n\t\t\t<a href=\"https:\/\/lacolombeplus.net\/index.php\/2026\/08\/28\/luct-aes-lancement-de-l-elaboration-du-premier-plan-de-travail-2026\/\" >\n\t\t\t\tL\u2019UCT-AES\u00a0: lancement de l \u2019\u00e9laboration du premier Plan de travail 2026\t\t\t<\/a>\n\t\t<\/h3>\n\t\t\t\t<div class=\"elementor-post__meta-data\">\n\t\t\t\t\t<span class=\"elementor-post-date\">\n\t\t\tao\u00fbt 28, 2026\t\t<\/span>\n\t\t\t\t<span class=\"elementor-post-avatar\">\n\t\t\tAucun commentaire\t\t<\/span>\n\t\t\t\t<\/div>\n\t\t\t\t<div class=\"elementor-post__excerpt\">\n\t\t\t<p>Ouagadougou, le 28 ao\u00fbt 2026. L\u2019Union des Collectivit\u00e9s Territoriales de l\u2019Alliance des \u00c9tats du Sahel (UCT-AES) veut passer de la mise en place institutionnelle \u00e0<\/p>\n\t\t<\/div>\n\t\t\n\t\t<a class=\"elementor-post__read-more\" href=\"https:\/\/lacolombeplus.net\/index.php\/2026\/08\/28\/luct-aes-lancement-de-l-elaboration-du-premier-plan-de-travail-2026\/\" aria-label=\"Read more about L\u2019UCT-AES\u00a0: lancement de l \u2019\u00e9laboration du premier Plan de travail 2026\" tabindex=\"-1\" >\n\t\t\tRead More \u00bb\t\t<\/a>\n\n\t\t\t\t<\/div>\n\t\t\t\t<\/article>\n\t\t\t\t<\/div>\n\t\t\n\t\t\t\t\t\t<\/div>\n\t\t\t\t<\/div>\n\t\t\t\t<div class=\"elementor-element elementor-element-8776bdf elementor-grid-1 elementor-posts--thumbnail-left elementor-grid-tablet-2 elementor-grid-mobile-1 elementor-widget elementor-widget-posts\" data-id=\"8776bdf\" data-element_type=\"widget\" data-e-type=\"widget\" data-settings=\"{&quot;classic_columns&quot;:&quot;1&quot;,&quot;classic_columns_tablet&quot;:&quot;2&quot;,&quot;classic_columns_mobile&quot;:&quot;1&quot;,&quot;classic_row_gap&quot;:{&quot;unit&quot;:&quot;px&quot;,&quot;size&quot;:35,&quot;sizes&quot;:[]},&quot;classic_row_gap_tablet&quot;:{&quot;unit&quot;:&quot;px&quot;,&quot;size&quot;:&quot;&quot;,&quot;sizes&quot;:[]},&quot;classic_row_gap_mobile&quot;:{&quot;unit&quot;:&quot;px&quot;,&quot;size&quot;:&quot;&quot;,&quot;sizes&quot;:[]}}\" data-widget_type=\"posts.classic\">\n\t\t\t\t<div class=\"elementor-widget-container\">\n\t\t\t\t\t\t\t<div class=\"elementor-posts-container elementor-posts elementor-posts--skin-classic elementor-grid\" role=\"list\">\n\t\t\t\t<article class=\"elementor-post elementor-grid-item post-38995 post type-post status-publish format-standard has-post-thumbnail hentry category-a-la-une category-international category-politique\" role=\"listitem\">\n\t\t\t\t<a class=\"elementor-post__thumbnail__link\" href=\"https:\/\/lacolombeplus.net\/index.php\/2026\/08\/28\/luct-aes-lancement-de-l-elaboration-du-premier-plan-de-travail-2026\/\" tabindex=\"-1\" >\n\t\t\t<div class=\"elementor-post__thumbnail\"><img decoding=\"async\" width=\"1280\" height=\"960\" src=\"https:\/\/lacolombeplus.net\/wp-content\/uploads\/2026\/08\/IMG-20260828-WA0012.webp\" class=\"attachment-full size-full wp-image-38996\" alt=\"\" srcset=\"https:\/\/lacolombeplus.net\/wp-content\/uploads\/2026\/08\/IMG-20260828-WA0012.webp 1280w, https:\/\/lacolombeplus.net\/wp-content\/uploads\/2026\/08\/IMG-20260828-WA0012-300x225.webp 300w, https:\/\/lacolombeplus.net\/wp-content\/uploads\/2026\/08\/IMG-20260828-WA0012-1024x768.webp 1024w, https:\/\/lacolombeplus.net\/wp-content\/uploads\/2026\/08\/IMG-20260828-WA0012-768x576.webp 768w\" sizes=\"(max-width: 1280px) 100vw, 1280px\" \/><\/div>\n\t\t<\/a>\n\t\t\t\t<div class=\"elementor-post__text\">\n\t\t\t\t<h3 class=\"elementor-post__title\">\n\t\t\t<a href=\"https:\/\/lacolombeplus.net\/index.php\/2026\/08\/28\/luct-aes-lancement-de-l-elaboration-du-premier-plan-de-travail-2026\/\" >\n\t\t\t\tL\u2019UCT-AES\u00a0: lancement de l \u2019\u00e9laboration du premier Plan de travail 2026\t\t\t<\/a>\n\t\t<\/h3>\n\t\t\t\t<\/div>\n\t\t\t\t<\/article>\n\t\t\t\t<article class=\"elementor-post elementor-grid-item post-38991 post type-post status-publish format-standard has-post-thumbnail hentry category-societe\" role=\"listitem\">\n\t\t\t\t<a class=\"elementor-post__thumbnail__link\" href=\"https:\/\/lacolombeplus.net\/index.php\/2026\/08\/28\/hausse-unilaterale-des-tarifs-de-transport-17-societes-epinglees-et-sanctionnees-par-le-gouvernement\/\" tabindex=\"-1\" >\n\t\t\t<div class=\"elementor-post__thumbnail\"><img decoding=\"async\" width=\"600\" height=\"300\" src=\"https:\/\/lacolombeplus.net\/wp-content\/uploads\/2026\/08\/Rahimo.webp\" class=\"attachment-full size-full wp-image-38992\" alt=\"\" srcset=\"https:\/\/lacolombeplus.net\/wp-content\/uploads\/2026\/08\/Rahimo.webp 600w, https:\/\/lacolombeplus.net\/wp-content\/uploads\/2026\/08\/Rahimo-300x150.webp 300w\" sizes=\"(max-width: 600px) 100vw, 600px\" \/><\/div>\n\t\t<\/a>\n\t\t\t\t<div class=\"elementor-post__text\">\n\t\t\t\t<h3 class=\"elementor-post__title\">\n\t\t\t<a href=\"https:\/\/lacolombeplus.net\/index.php\/2026\/08\/28\/hausse-unilaterale-des-tarifs-de-transport-17-societes-epinglees-et-sanctionnees-par-le-gouvernement\/\" >\n\t\t\t\tHausse unilat\u00e9rale des tarifs de transport : 17 soci\u00e9t\u00e9s \u00e9pingl\u00e9es et sanctionn\u00e9es par le gouvernement\t\t\t<\/a>\n\t\t<\/h3>\n\t\t\t\t<\/div>\n\t\t\t\t<\/article>\n\t\t\t\t<article class=\"elementor-post elementor-grid-item post-38985 post type-post status-publish format-standard has-post-thumbnail hentry category-a-la-une category-sante\" role=\"listitem\">\n\t\t\t\t<a class=\"elementor-post__thumbnail__link\" href=\"https:\/\/lacolombeplus.net\/index.php\/2026\/08\/25\/surete-nucleaire-larsn-evalue-les-installations-de-la-clinique-les-oliviers\/\" tabindex=\"-1\" >\n\t\t\t<div class=\"elementor-post__thumbnail\"><img loading=\"lazy\" decoding=\"async\" width=\"2560\" height=\"1759\" src=\"https:\/\/lacolombeplus.net\/wp-content\/uploads\/2026\/08\/IMG-20260825-WA0045.webp\" class=\"attachment-full size-full wp-image-38987\" alt=\"\" srcset=\"https:\/\/lacolombeplus.net\/wp-content\/uploads\/2026\/08\/IMG-20260825-WA0045.webp 2560w, https:\/\/lacolombeplus.net\/wp-content\/uploads\/2026\/08\/IMG-20260825-WA0045-300x206.webp 300w, https:\/\/lacolombeplus.net\/wp-content\/uploads\/2026\/08\/IMG-20260825-WA0045-1024x704.webp 1024w, https:\/\/lacolombeplus.net\/wp-content\/uploads\/2026\/08\/IMG-20260825-WA0045-768x528.webp 768w, https:\/\/lacolombeplus.net\/wp-content\/uploads\/2026\/08\/IMG-20260825-WA0045-1536x1055.webp 1536w, https:\/\/lacolombeplus.net\/wp-content\/uploads\/2026\/08\/IMG-20260825-WA0045-2048x1407.webp 2048w\" sizes=\"(max-width: 2560px) 100vw, 2560px\" \/><\/div>\n\t\t<\/a>\n\t\t\t\t<div class=\"elementor-post__text\">\n\t\t\t\t<h3 class=\"elementor-post__title\">\n\t\t\t<a href=\"https:\/\/lacolombeplus.net\/index.php\/2026\/08\/25\/surete-nucleaire-larsn-evalue-les-installations-de-la-clinique-les-oliviers\/\" >\n\t\t\t\tS\u00fbret\u00e9 nucl\u00e9aire : L\u2019ARSN \u00e9value les installations de la Clinique les Oliviers\t\t\t<\/a>\n\t\t<\/h3>\n\t\t\t\t<\/div>\n\t\t\t\t<\/article>\n\t\t\t\t<article class=\"elementor-post elementor-grid-item post-38977 post type-post status-publish format-standard has-post-thumbnail hentry category-a-la-une category-sante\" role=\"listitem\">\n\t\t\t\t<a class=\"elementor-post__thumbnail__link\" href=\"https:\/\/lacolombeplus.net\/index.php\/2026\/08\/24\/medecine-traditionnelle\/\" tabindex=\"-1\" >\n\t\t\t<div class=\"elementor-post__thumbnail\"><img loading=\"lazy\" decoding=\"async\" width=\"2048\" height=\"1536\" src=\"https:\/\/lacolombeplus.net\/wp-content\/uploads\/2026\/08\/784919148_2137745983832995_7109841154414102949_n.webp\" class=\"attachment-full size-full wp-image-38981\" alt=\"\" srcset=\"https:\/\/lacolombeplus.net\/wp-content\/uploads\/2026\/08\/784919148_2137745983832995_7109841154414102949_n.webp 2048w, https:\/\/lacolombeplus.net\/wp-content\/uploads\/2026\/08\/784919148_2137745983832995_7109841154414102949_n-300x225.webp 300w, https:\/\/lacolombeplus.net\/wp-content\/uploads\/2026\/08\/784919148_2137745983832995_7109841154414102949_n-1024x768.webp 1024w, https:\/\/lacolombeplus.net\/wp-content\/uploads\/2026\/08\/784919148_2137745983832995_7109841154414102949_n-768x576.webp 768w, https:\/\/lacolombeplus.net\/wp-content\/uploads\/2026\/08\/784919148_2137745983832995_7109841154414102949_n-1536x1152.webp 1536w\" sizes=\"(max-width: 2048px) 100vw, 2048px\" \/><\/div>\n\t\t<\/a>\n\t\t\t\t<div class=\"elementor-post__text\">\n\t\t\t\t<h3 class=\"elementor-post__title\">\n\t\t\t<a href=\"https:\/\/lacolombeplus.net\/index.php\/2026\/08\/24\/medecine-traditionnelle\/\" >\n\t\t\t\tM\u00e9decine traditionnelle : Manga accueillera la 14\u1d49 Semaine nationale et la 24\u1d49 Journ\u00e9e africaine\t\t\t<\/a>\n\t\t<\/h3>\n\t\t\t\t<\/div>\n\t\t\t\t<\/article>\n\t\t\t\t<\/div>\n\t\t\n\t\t\t\t\t\t<\/div>\n\t\t\t\t<\/div>\n\t\t\t\t<\/div>\n\t\t\t\t<div class=\"elementor-element elementor-element-4967a7f elementor-widget elementor-widget-heading\" data-id=\"4967a7f\" data-element_type=\"widget\" data-e-type=\"widget\" data-widget_type=\"heading.default\">\n\t\t\t\t\t<h2 class=\"elementor-heading-title elementor-size-default\">Soci\u00e9t\u00e9\n<\/h2>\t\t\t\t<\/div>\n\t\t<div class=\"elementor-element elementor-element-39fe40b e-grid e-con-full e-con e-child\" data-id=\"39fe40b\" data-element_type=\"container\" data-e-type=\"container\">\n\t\t\t\t<div class=\"elementor-element elementor-element-728016f elementor-widget-divider--view-line elementor-widget elementor-widget-divider\" data-id=\"728016f\" data-element_type=\"widget\" data-e-type=\"widget\" data-widget_type=\"divider.default\">\n\t\t\t\t\t\t\t<div class=\"elementor-divider\">\n\t\t\t<span class=\"elementor-divider-separator\">\n\t\t\t\t\t\t<\/span>\n\t\t<\/div>\n\t\t\t\t\t\t<\/div>\n\t\t\t\t<\/div>\n\t\t<div class=\"elementor-element elementor-element-2e2312f e-grid e-con-full e-con e-child\" data-id=\"2e2312f\" data-element_type=\"container\" data-e-type=\"container\">\n\t\t\t\t<div class=\"elementor-element elementor-element-5435cbe elementor-grid-1 elementor-grid-tablet-2 elementor-grid-mobile-1 elementor-posts--thumbnail-top elementor-widget elementor-widget-posts\" data-id=\"5435cbe\" data-element_type=\"widget\" data-e-type=\"widget\" data-settings=\"{&quot;classic_columns&quot;:&quot;1&quot;,&quot;classic_columns_tablet&quot;:&quot;2&quot;,&quot;classic_columns_mobile&quot;:&quot;1&quot;,&quot;classic_row_gap&quot;:{&quot;unit&quot;:&quot;px&quot;,&quot;size&quot;:35,&quot;sizes&quot;:[]},&quot;classic_row_gap_tablet&quot;:{&quot;unit&quot;:&quot;px&quot;,&quot;size&quot;:&quot;&quot;,&quot;sizes&quot;:[]},&quot;classic_row_gap_mobile&quot;:{&quot;unit&quot;:&quot;px&quot;,&quot;size&quot;:&quot;&quot;,&quot;sizes&quot;:[]}}\" data-widget_type=\"posts.classic\">\n\t\t\t\t<div class=\"elementor-widget-container\">\n\t\t\t\t\t\t\t<div class=\"elementor-posts-container elementor-posts elementor-posts--skin-classic elementor-grid\" role=\"list\">\n\t\t\t\t<article class=\"elementor-post elementor-grid-item post-38165 post type-post status-publish format-standard has-post-thumbnail hentry category-a-la-une category-horizon category-societe\" role=\"listitem\">\n\t\t\t\t<a class=\"elementor-post__thumbnail__link\" href=\"https:\/\/lacolombeplus.net\/index.php\/2026\/05\/30\/securite-numerique-quand-les-cyber-escrocs-utilisent-limage-des-geants-miniers-comme-appat\/\" tabindex=\"-1\" >\n\t\t\t<div class=\"elementor-post__thumbnail\"><img loading=\"lazy\" decoding=\"async\" width=\"1376\" height=\"768\" src=\"https:\/\/lacolombeplus.net\/wp-content\/uploads\/2026\/05\/Gemini_Generated_Image_dr9if5dr9if5dr9i.webp\" class=\"attachment-full size-full wp-image-38172\" alt=\"\" srcset=\"https:\/\/lacolombeplus.net\/wp-content\/uploads\/2026\/05\/Gemini_Generated_Image_dr9if5dr9if5dr9i.webp 1376w, https:\/\/lacolombeplus.net\/wp-content\/uploads\/2026\/05\/Gemini_Generated_Image_dr9if5dr9if5dr9i-300x167.webp 300w, https:\/\/lacolombeplus.net\/wp-content\/uploads\/2026\/05\/Gemini_Generated_Image_dr9if5dr9if5dr9i-1024x572.webp 1024w, https:\/\/lacolombeplus.net\/wp-content\/uploads\/2026\/05\/Gemini_Generated_Image_dr9if5dr9if5dr9i-768x429.webp 768w\" sizes=\"(max-width: 1376px) 100vw, 1376px\" \/><\/div>\n\t\t<\/a>\n\t\t\t\t<div class=\"elementor-post__text\">\n\t\t\t\t<h3 class=\"elementor-post__title\">\n\t\t\t<a href=\"https:\/\/lacolombeplus.net\/index.php\/2026\/05\/30\/securite-numerique-quand-les-cyber-escrocs-utilisent-limage-des-geants-miniers-comme-appat\/\" >\n\t\t\t\tS\u00e9curit\u00e9 num\u00e9rique  : Quand les cyber-escrocs utilisent l\u2019image des g\u00e9ants miniers comme app\u00e2t\t\t\t<\/a>\n\t\t<\/h3>\n\t\t\t\t<div class=\"elementor-post__meta-data\">\n\t\t\t\t\t<span class=\"elementor-post-date\">\n\t\t\tmai 30, 2026\t\t<\/span>\n\t\t\t\t<span class=\"elementor-post-avatar\">\n\t\t\tAucun commentaire\t\t<\/span>\n\t\t\t\t<\/div>\n\t\t\t\t<div class=\"elementor-post__excerpt\">\n\t\t\t<p>&nbsp; Au Burkina Faso, le secteur minier reste l&rsquo;un des principaux moteurs \u00e9conomiques du pays et suscite de fortes aspirations professionnelles chez des milliers de<\/p>\n\t\t<\/div>\n\t\t\n\t\t<a class=\"elementor-post__read-more\" href=\"https:\/\/lacolombeplus.net\/index.php\/2026\/05\/30\/securite-numerique-quand-les-cyber-escrocs-utilisent-limage-des-geants-miniers-comme-appat\/\" aria-label=\"Read more about S\u00e9curit\u00e9 num\u00e9rique  : Quand les cyber-escrocs utilisent l\u2019image des g\u00e9ants miniers comme app\u00e2t\" tabindex=\"-1\" >\n\t\t\tRead More \u00bb\t\t<\/a>\n\n\t\t\t\t<\/div>\n\t\t\t\t<\/article>\n\t\t\t\t<\/div>\n\t\t\n\t\t\t\t\t\t<\/div>\n\t\t\t\t<\/div>\n\t\t\t\t<div class=\"elementor-element elementor-element-cca7c7f elementor-grid-1 elementor-posts--thumbnail-left elementor-grid-tablet-2 elementor-grid-mobile-1 elementor-widget elementor-widget-posts\" data-id=\"cca7c7f\" data-element_type=\"widget\" data-e-type=\"widget\" data-settings=\"{&quot;classic_columns&quot;:&quot;1&quot;,&quot;classic_columns_tablet&quot;:&quot;2&quot;,&quot;classic_columns_mobile&quot;:&quot;1&quot;,&quot;classic_row_gap&quot;:{&quot;unit&quot;:&quot;px&quot;,&quot;size&quot;:35,&quot;sizes&quot;:[]},&quot;classic_row_gap_tablet&quot;:{&quot;unit&quot;:&quot;px&quot;,&quot;size&quot;:&quot;&quot;,&quot;sizes&quot;:[]},&quot;classic_row_gap_mobile&quot;:{&quot;unit&quot;:&quot;px&quot;,&quot;size&quot;:&quot;&quot;,&quot;sizes&quot;:[]}}\" data-widget_type=\"posts.classic\">\n\t\t\t\t<div class=\"elementor-widget-container\">\n\t\t\t\t\t\t\t<div class=\"elementor-posts-container elementor-posts elementor-posts--skin-classic elementor-grid\" role=\"list\">\n\t\t\t\t<article class=\"elementor-post elementor-grid-item post-38968 post type-post status-publish format-standard has-post-thumbnail hentry category-a-la-une category-societe\" role=\"listitem\">\n\t\t\t\t<a class=\"elementor-post__thumbnail__link\" href=\"https:\/\/lacolombeplus.net\/index.php\/2026\/08\/23\/cloture-du-camp-vacances-faso-mebo-dans-la-sixieme-region-militaire-525-campeurs-instruis-pour-lavenir-dun-burkina-faso-meilleur\/\" tabindex=\"-1\" >\n\t\t\t<div class=\"elementor-post__thumbnail\"><img loading=\"lazy\" decoding=\"async\" width=\"1600\" height=\"1093\" src=\"https:\/\/lacolombeplus.net\/wp-content\/uploads\/2026\/08\/IMG-20260823-WA0031.webp\" class=\"attachment-full size-full wp-image-38969\" alt=\"\" srcset=\"https:\/\/lacolombeplus.net\/wp-content\/uploads\/2026\/08\/IMG-20260823-WA0031.webp 1600w, https:\/\/lacolombeplus.net\/wp-content\/uploads\/2026\/08\/IMG-20260823-WA0031-300x205.webp 300w, https:\/\/lacolombeplus.net\/wp-content\/uploads\/2026\/08\/IMG-20260823-WA0031-1024x700.webp 1024w, https:\/\/lacolombeplus.net\/wp-content\/uploads\/2026\/08\/IMG-20260823-WA0031-768x525.webp 768w, https:\/\/lacolombeplus.net\/wp-content\/uploads\/2026\/08\/IMG-20260823-WA0031-1536x1049.webp 1536w\" sizes=\"(max-width: 1600px) 100vw, 1600px\" \/><\/div>\n\t\t<\/a>\n\t\t\t\t<div class=\"elementor-post__text\">\n\t\t\t\t<h3 class=\"elementor-post__title\">\n\t\t\t<a href=\"https:\/\/lacolombeplus.net\/index.php\/2026\/08\/23\/cloture-du-camp-vacances-faso-mebo-dans-la-sixieme-region-militaire-525-campeurs-instruis-pour-lavenir-dun-burkina-faso-meilleur\/\" >\n\t\t\t\tCl\u00f4ture du camp vacances Faso M\u00eabo dans la sixi\u00e8me r\u00e9gion militaire : 525 campeurs instruis pour l&rsquo;avenir d&rsquo;un Burkina Faso meilleur.\t\t\t<\/a>\n\t\t<\/h3>\n\t\t\t\t<\/div>\n\t\t\t\t<\/article>\n\t\t\t\t<article class=\"elementor-post elementor-grid-item post-38964 post type-post status-publish format-standard has-post-thumbnail hentry category-a-la-une category-societe\" role=\"listitem\">\n\t\t\t\t<a class=\"elementor-post__thumbnail__link\" href=\"https:\/\/lacolombeplus.net\/index.php\/2026\/08\/22\/necrologie-deces-du-comedien-gbizie-troupa-bruno-alias-zoumana\/\" tabindex=\"-1\" >\n\t\t\t<div class=\"elementor-post__thumbnail\"><img loading=\"lazy\" decoding=\"async\" width=\"720\" height=\"719\" src=\"https:\/\/lacolombeplus.net\/wp-content\/uploads\/2026\/08\/FB_IMG_1787440399189.webp\" class=\"attachment-full size-full wp-image-38966\" alt=\"\" srcset=\"https:\/\/lacolombeplus.net\/wp-content\/uploads\/2026\/08\/FB_IMG_1787440399189.webp 720w, https:\/\/lacolombeplus.net\/wp-content\/uploads\/2026\/08\/FB_IMG_1787440399189-300x300.webp 300w, https:\/\/lacolombeplus.net\/wp-content\/uploads\/2026\/08\/FB_IMG_1787440399189-150x150.webp 150w\" sizes=\"(max-width: 720px) 100vw, 720px\" \/><\/div>\n\t\t<\/a>\n\t\t\t\t<div class=\"elementor-post__text\">\n\t\t\t\t<h3 class=\"elementor-post__title\">\n\t\t\t<a href=\"https:\/\/lacolombeplus.net\/index.php\/2026\/08\/22\/necrologie-deces-du-comedien-gbizie-troupa-bruno-alias-zoumana\/\" >\n\t\t\t\tN\u00e9crologie : D\u00e9c\u00e8s du com\u00e9dien Gbizi\u00e9 Troupa Bruno alias Zoumana\t\t\t<\/a>\n\t\t<\/h3>\n\t\t\t\t<\/div>\n\t\t\t\t<\/article>\n\t\t\t\t<article class=\"elementor-post elementor-grid-item post-38917 post type-post status-publish format-standard has-post-thumbnail hentry category-a-la-une category-eduction category-societe\" role=\"listitem\">\n\t\t\t\t<a class=\"elementor-post__thumbnail__link\" href=\"https:\/\/lacolombeplus.net\/index.php\/2026\/08\/17\/immersion-patriotique-obligatoire-2026-entreprises-et-autorites-saluent-lengagement-des-jeunes-appeles\/\" tabindex=\"-1\" >\n\t\t\t<div class=\"elementor-post__thumbnail\"><img loading=\"lazy\" decoding=\"async\" width=\"1600\" height=\"915\" src=\"https:\/\/lacolombeplus.net\/wp-content\/uploads\/2026\/08\/IMG-20260817-WA0166.webp\" class=\"attachment-full size-full wp-image-38923\" alt=\"\" srcset=\"https:\/\/lacolombeplus.net\/wp-content\/uploads\/2026\/08\/IMG-20260817-WA0166.webp 1600w, https:\/\/lacolombeplus.net\/wp-content\/uploads\/2026\/08\/IMG-20260817-WA0166-300x172.webp 300w, https:\/\/lacolombeplus.net\/wp-content\/uploads\/2026\/08\/IMG-20260817-WA0166-1024x586.webp 1024w, https:\/\/lacolombeplus.net\/wp-content\/uploads\/2026\/08\/IMG-20260817-WA0166-768x439.webp 768w, https:\/\/lacolombeplus.net\/wp-content\/uploads\/2026\/08\/IMG-20260817-WA0166-1536x878.webp 1536w\" sizes=\"(max-width: 1600px) 100vw, 1600px\" \/><\/div>\n\t\t<\/a>\n\t\t\t\t<div class=\"elementor-post__text\">\n\t\t\t\t<h3 class=\"elementor-post__title\">\n\t\t\t<a href=\"https:\/\/lacolombeplus.net\/index.php\/2026\/08\/17\/immersion-patriotique-obligatoire-2026-entreprises-et-autorites-saluent-lengagement-des-jeunes-appeles\/\" >\n\t\t\t\tImmersion patriotique obligatoire 2026 : Entreprises et autorit\u00e9s saluent l&rsquo;engagement des jeunes appel\u00e9s\t\t\t<\/a>\n\t\t<\/h3>\n\t\t\t\t<\/div>\n\t\t\t\t<\/article>\n\t\t\t\t<article class=\"elementor-post elementor-grid-item post-38910 post type-post status-publish format-standard has-post-thumbnail hentry category-a-la-une category-developpement category-international category-societe\" role=\"listitem\">\n\t\t\t\t<a class=\"elementor-post__thumbnail__link\" href=\"https:\/\/lacolombeplus.net\/index.php\/2026\/08\/13\/les-trois-pays-de-laes-renforcent-leur-cooperation-pour-lautonomisation-et-la-protection-des-femmes-dans-lespace-aes\/\" tabindex=\"-1\" >\n\t\t\t<div class=\"elementor-post__thumbnail\"><img loading=\"lazy\" decoding=\"async\" width=\"1527\" height=\"596\" src=\"https:\/\/lacolombeplus.net\/wp-content\/uploads\/2026\/08\/aaaaaaaaa.webp\" class=\"attachment-full size-full wp-image-38911\" alt=\"\" srcset=\"https:\/\/lacolombeplus.net\/wp-content\/uploads\/2026\/08\/aaaaaaaaa.webp 1527w, https:\/\/lacolombeplus.net\/wp-content\/uploads\/2026\/08\/aaaaaaaaa-300x117.webp 300w, https:\/\/lacolombeplus.net\/wp-content\/uploads\/2026\/08\/aaaaaaaaa-1024x400.webp 1024w, https:\/\/lacolombeplus.net\/wp-content\/uploads\/2026\/08\/aaaaaaaaa-768x300.webp 768w\" sizes=\"(max-width: 1527px) 100vw, 1527px\" \/><\/div>\n\t\t<\/a>\n\t\t\t\t<div class=\"elementor-post__text\">\n\t\t\t\t<h3 class=\"elementor-post__title\">\n\t\t\t<a href=\"https:\/\/lacolombeplus.net\/index.php\/2026\/08\/13\/les-trois-pays-de-laes-renforcent-leur-cooperation-pour-lautonomisation-et-la-protection-des-femmes-dans-lespace-aes\/\" >\n\t\t\t\tLES TROIS PAYS DE L\u2019AES RENFORCENT LEUR COOPERATION POUR L\u2019AUTONOMISATION ET LA PROTECTION DES FEMMES DANS L\u2019ESPACE AES\t\t\t<\/a>\n\t\t<\/h3>\n\t\t\t\t<\/div>\n\t\t\t\t<\/article>\n\t\t\t\t<\/div>\n\t\t\n\t\t\t\t\t\t<\/div>\n\t\t\t\t<\/div>\n\t\t\t\t<\/div>\n\t\t\t\t<\/div>\n\t\t<div class=\"elementor-element elementor-element-1a1c7cc e-con-full e-flex e-con e-child\" data-id=\"1a1c7cc\" data-element_type=\"container\" data-e-type=\"container\">\n\t\t\t\t<div class=\"elementor-element elementor-element-24c2d79 elementor-widget elementor-widget-text-editor\" data-id=\"24c2d79\" data-element_type=\"widget\" data-e-type=\"widget\" data-widget_type=\"text-editor.default\">\n\t\t\t\t\t\t\t\t\t<h2 class=\"widget-title widget-title-1\"><span style=\"color: #000000;\"><strong><span class=\"heading-line\"><span dir=\"auto\" style=\"vertical-align: inherit;\"><span dir=\"auto\" style=\"vertical-align: inherit;\">SALLE DE CONF\u00c9RENCE \u2013 LA COLOMBE PLUS<\/span><\/span><\/span><\/strong><\/span><\/h2>\t\t\t\t\t\t\t\t<\/div>\n\t\t\t\t<div class=\"elementor-element elementor-element-4c2cfe3 elementor-widget-divider--view-line elementor-widget elementor-widget-divider\" data-id=\"4c2cfe3\" data-element_type=\"widget\" data-e-type=\"widget\" data-widget_type=\"divider.default\">\n\t\t\t\t\t\t\t<div class=\"elementor-divider\">\n\t\t\t<span class=\"elementor-divider-separator\">\n\t\t\t\t\t\t<\/span>\n\t\t<\/div>\n\t\t\t\t\t\t<\/div>\n\t\t\t\t<div class=\"elementor-element elementor-element-8a2fef3 elementor-widget elementor-widget-text-editor\" data-id=\"8a2fef3\" data-element_type=\"widget\" data-e-type=\"widget\" data-widget_type=\"text-editor.default\">\n\t\t\t\t\t\t\t\t\t<p><span style=\"color: #000000;\">Le cadre id\u00e9al pour vos r\u00e9unions, formations et \u00e9v\u00e9nements professionnels !<\/span><\/p>\t\t\t\t\t\t\t\t<\/div>\n\t\t\t\t<div class=\"elementor-element elementor-element-fabfbdc elementor-widget elementor-widget-image\" data-id=\"fabfbdc\" data-element_type=\"widget\" data-e-type=\"widget\" data-settings=\"{&quot;sticky&quot;:&quot;top&quot;,&quot;sticky_parent&quot;:&quot;yes&quot;,&quot;sticky_on&quot;:[&quot;desktop&quot;,&quot;tablet&quot;,&quot;mobile&quot;],&quot;sticky_offset&quot;:0,&quot;sticky_effects_offset&quot;:0,&quot;sticky_anchor_link_offset&quot;:0}\" data-widget_type=\"image.default\">\n\t\t\t\t\t\t\t\t\t\t\t\t\t\t\t<img loading=\"lazy\" decoding=\"async\" width=\"576\" height=\"1024\" src=\"https:\/\/lacolombeplus.net\/wp-content\/uploads\/2026\/04\/salle-576x1024-1.jpg\" class=\"attachment-large size-large wp-image-36527\" alt=\"\" srcset=\"https:\/\/lacolombeplus.net\/wp-content\/uploads\/2026\/04\/salle-576x1024-1.jpg 576w, https:\/\/lacolombeplus.net\/wp-content\/uploads\/2026\/04\/salle-576x1024-1-169x300.jpg 169w\" sizes=\"(max-width: 576px) 100vw, 576px\" \/>\t\t\t\t\t\t\t\t\t\t\t\t\t\t\t<\/div>\n\t\t\t\t<\/div>\n\t\t\t\t\t\n<hr class=\"e-80612f1-3d4a953 e-divider-base\" data-interaction-id=\"80612f1\"  data-e-type=\"widget\" data-id=\"80612f1\" \/>\n\t\t\t\t\t<\/div>\n\t\t\t\t<\/div>\n\t\t<div class=\"elementor-element elementor-element-40bca43 e-flex e-con-boxed e-con e-parent\" data-id=\"40bca43\" data-element_type=\"container\" data-e-type=\"container\" data-settings=\"{&quot;background_background&quot;:&quot;classic&quot;}\">\n\t\t\t\t\t<div class=\"e-con-inner\">\n\t\t<div class=\"elementor-element elementor-element-13ea260 e-con-full e-flex e-con e-child\" data-id=\"13ea260\" data-element_type=\"container\" data-e-type=\"container\">\n\t\t\t\t<div class=\"elementor-element elementor-element-eaf082e elementor-widget elementor-widget-heading\" data-id=\"eaf082e\" data-element_type=\"widget\" data-e-type=\"widget\" data-widget_type=\"heading.default\">\n\t\t\t\t\t<h2 class=\"elementor-heading-title elementor-size-default\">Sant\u00e9\n<\/h2>\t\t\t\t<\/div>\n\t\t\t\t<div class=\"elementor-element elementor-element-9c838bf elementor-widget-divider--view-line elementor-widget elementor-widget-divider\" data-id=\"9c838bf\" data-element_type=\"widget\" data-e-type=\"widget\" data-widget_type=\"divider.default\">\n\t\t\t\t\t\t\t<div class=\"elementor-divider\">\n\t\t\t<span class=\"elementor-divider-separator\">\n\t\t\t\t\t\t<\/span>\n\t\t<\/div>\n\t\t\t\t\t\t<\/div>\n\t\t<div class=\"elementor-element elementor-element-2e02b17 e-grid e-con-full e-con e-child\" data-id=\"2e02b17\" data-element_type=\"container\" data-e-type=\"container\">\n\t\t\t\t<div class=\"elementor-element elementor-element-b19e779 elementor-grid-1 elementor-grid-tablet-2 elementor-grid-mobile-1 elementor-posts--thumbnail-top elementor-widget elementor-widget-posts\" data-id=\"b19e779\" data-element_type=\"widget\" data-e-type=\"widget\" data-settings=\"{&quot;classic_columns&quot;:&quot;1&quot;,&quot;classic_columns_tablet&quot;:&quot;2&quot;,&quot;classic_columns_mobile&quot;:&quot;1&quot;,&quot;classic_row_gap&quot;:{&quot;unit&quot;:&quot;px&quot;,&quot;size&quot;:35,&quot;sizes&quot;:[]},&quot;classic_row_gap_tablet&quot;:{&quot;unit&quot;:&quot;px&quot;,&quot;size&quot;:&quot;&quot;,&quot;sizes&quot;:[]},&quot;classic_row_gap_mobile&quot;:{&quot;unit&quot;:&quot;px&quot;,&quot;size&quot;:&quot;&quot;,&quot;sizes&quot;:[]}}\" data-widget_type=\"posts.classic\">\n\t\t\t\t<div class=\"elementor-widget-container\">\n\t\t\t\t\t\t\t<div class=\"elementor-posts-container elementor-posts elementor-posts--skin-classic elementor-grid\" role=\"list\">\n\t\t\t\t<article class=\"elementor-post elementor-grid-item post-38995 post type-post status-publish format-standard has-post-thumbnail hentry category-a-la-une category-international category-politique\" role=\"listitem\">\n\t\t\t\t<a class=\"elementor-post__thumbnail__link\" href=\"https:\/\/lacolombeplus.net\/index.php\/2026\/08\/28\/luct-aes-lancement-de-l-elaboration-du-premier-plan-de-travail-2026\/\" tabindex=\"-1\" >\n\t\t\t<div class=\"elementor-post__thumbnail\"><img decoding=\"async\" width=\"1280\" height=\"960\" src=\"https:\/\/lacolombeplus.net\/wp-content\/uploads\/2026\/08\/IMG-20260828-WA0012.webp\" class=\"attachment-full size-full wp-image-38996\" alt=\"\" srcset=\"https:\/\/lacolombeplus.net\/wp-content\/uploads\/2026\/08\/IMG-20260828-WA0012.webp 1280w, https:\/\/lacolombeplus.net\/wp-content\/uploads\/2026\/08\/IMG-20260828-WA0012-300x225.webp 300w, https:\/\/lacolombeplus.net\/wp-content\/uploads\/2026\/08\/IMG-20260828-WA0012-1024x768.webp 1024w, https:\/\/lacolombeplus.net\/wp-content\/uploads\/2026\/08\/IMG-20260828-WA0012-768x576.webp 768w\" sizes=\"(max-width: 1280px) 100vw, 1280px\" \/><\/div>\n\t\t<\/a>\n\t\t\t\t<div class=\"elementor-post__text\">\n\t\t\t\t<h3 class=\"elementor-post__title\">\n\t\t\t<a href=\"https:\/\/lacolombeplus.net\/index.php\/2026\/08\/28\/luct-aes-lancement-de-l-elaboration-du-premier-plan-de-travail-2026\/\" >\n\t\t\t\tL\u2019UCT-AES\u00a0: lancement de l \u2019\u00e9laboration du premier Plan de travail 2026\t\t\t<\/a>\n\t\t<\/h3>\n\t\t\t\t<div class=\"elementor-post__meta-data\">\n\t\t\t\t\t<span class=\"elementor-post-date\">\n\t\t\tao\u00fbt 28, 2026\t\t<\/span>\n\t\t\t\t<span class=\"elementor-post-avatar\">\n\t\t\tAucun commentaire\t\t<\/span>\n\t\t\t\t<\/div>\n\t\t\t\t<div class=\"elementor-post__excerpt\">\n\t\t\t<p>Ouagadougou, le 28 ao\u00fbt 2026. L\u2019Union des Collectivit\u00e9s Territoriales de l\u2019Alliance des \u00c9tats du Sahel (UCT-AES) veut passer de la mise en place institutionnelle \u00e0<\/p>\n\t\t<\/div>\n\t\t\n\t\t<a class=\"elementor-post__read-more\" href=\"https:\/\/lacolombeplus.net\/index.php\/2026\/08\/28\/luct-aes-lancement-de-l-elaboration-du-premier-plan-de-travail-2026\/\" aria-label=\"Read more about L\u2019UCT-AES\u00a0: lancement de l \u2019\u00e9laboration du premier Plan de travail 2026\" tabindex=\"-1\" >\n\t\t\tRead More \u00bb\t\t<\/a>\n\n\t\t\t\t<\/div>\n\t\t\t\t<\/article>\n\t\t\t\t<\/div>\n\t\t\n\t\t\t\t\t\t<\/div>\n\t\t\t\t<\/div>\n\t\t\t\t<div class=\"elementor-element elementor-element-a6badc7 elementor-grid-1 elementor-posts--thumbnail-left elementor-grid-tablet-2 elementor-grid-mobile-1 elementor-widget elementor-widget-posts\" data-id=\"a6badc7\" data-element_type=\"widget\" data-e-type=\"widget\" data-settings=\"{&quot;classic_columns&quot;:&quot;1&quot;,&quot;classic_columns_tablet&quot;:&quot;2&quot;,&quot;classic_columns_mobile&quot;:&quot;1&quot;,&quot;classic_row_gap&quot;:{&quot;unit&quot;:&quot;px&quot;,&quot;size&quot;:35,&quot;sizes&quot;:[]},&quot;classic_row_gap_tablet&quot;:{&quot;unit&quot;:&quot;px&quot;,&quot;size&quot;:&quot;&quot;,&quot;sizes&quot;:[]},&quot;classic_row_gap_mobile&quot;:{&quot;unit&quot;:&quot;px&quot;,&quot;size&quot;:&quot;&quot;,&quot;sizes&quot;:[]}}\" data-widget_type=\"posts.classic\">\n\t\t\t\t<div class=\"elementor-widget-container\">\n\t\t\t\t\t\t\t<div class=\"elementor-posts-container elementor-posts elementor-posts--skin-classic elementor-grid\" role=\"list\">\n\t\t\t\t<article class=\"elementor-post elementor-grid-item post-38995 post type-post status-publish format-standard has-post-thumbnail hentry category-a-la-une category-international category-politique\" role=\"listitem\">\n\t\t\t\t<a class=\"elementor-post__thumbnail__link\" href=\"https:\/\/lacolombeplus.net\/index.php\/2026\/08\/28\/luct-aes-lancement-de-l-elaboration-du-premier-plan-de-travail-2026\/\" tabindex=\"-1\" >\n\t\t\t<div class=\"elementor-post__thumbnail\"><img decoding=\"async\" width=\"1280\" height=\"960\" src=\"https:\/\/lacolombeplus.net\/wp-content\/uploads\/2026\/08\/IMG-20260828-WA0012.webp\" class=\"attachment-full size-full wp-image-38996\" alt=\"\" srcset=\"https:\/\/lacolombeplus.net\/wp-content\/uploads\/2026\/08\/IMG-20260828-WA0012.webp 1280w, https:\/\/lacolombeplus.net\/wp-content\/uploads\/2026\/08\/IMG-20260828-WA0012-300x225.webp 300w, https:\/\/lacolombeplus.net\/wp-content\/uploads\/2026\/08\/IMG-20260828-WA0012-1024x768.webp 1024w, https:\/\/lacolombeplus.net\/wp-content\/uploads\/2026\/08\/IMG-20260828-WA0012-768x576.webp 768w\" sizes=\"(max-width: 1280px) 100vw, 1280px\" \/><\/div>\n\t\t<\/a>\n\t\t\t\t<div class=\"elementor-post__text\">\n\t\t\t\t<h3 class=\"elementor-post__title\">\n\t\t\t<a href=\"https:\/\/lacolombeplus.net\/index.php\/2026\/08\/28\/luct-aes-lancement-de-l-elaboration-du-premier-plan-de-travail-2026\/\" >\n\t\t\t\tL\u2019UCT-AES\u00a0: lancement de l \u2019\u00e9laboration du premier Plan de travail 2026\t\t\t<\/a>\n\t\t<\/h3>\n\t\t\t\t<\/div>\n\t\t\t\t<\/article>\n\t\t\t\t<article class=\"elementor-post elementor-grid-item post-38991 post type-post status-publish format-standard has-post-thumbnail hentry category-societe\" role=\"listitem\">\n\t\t\t\t<a class=\"elementor-post__thumbnail__link\" href=\"https:\/\/lacolombeplus.net\/index.php\/2026\/08\/28\/hausse-unilaterale-des-tarifs-de-transport-17-societes-epinglees-et-sanctionnees-par-le-gouvernement\/\" tabindex=\"-1\" >\n\t\t\t<div class=\"elementor-post__thumbnail\"><img decoding=\"async\" width=\"600\" height=\"300\" src=\"https:\/\/lacolombeplus.net\/wp-content\/uploads\/2026\/08\/Rahimo.webp\" class=\"attachment-full size-full wp-image-38992\" alt=\"\" srcset=\"https:\/\/lacolombeplus.net\/wp-content\/uploads\/2026\/08\/Rahimo.webp 600w, https:\/\/lacolombeplus.net\/wp-content\/uploads\/2026\/08\/Rahimo-300x150.webp 300w\" sizes=\"(max-width: 600px) 100vw, 600px\" \/><\/div>\n\t\t<\/a>\n\t\t\t\t<div class=\"elementor-post__text\">\n\t\t\t\t<h3 class=\"elementor-post__title\">\n\t\t\t<a href=\"https:\/\/lacolombeplus.net\/index.php\/2026\/08\/28\/hausse-unilaterale-des-tarifs-de-transport-17-societes-epinglees-et-sanctionnees-par-le-gouvernement\/\" >\n\t\t\t\tHausse unilat\u00e9rale des tarifs de transport : 17 soci\u00e9t\u00e9s \u00e9pingl\u00e9es et sanctionn\u00e9es par le gouvernement\t\t\t<\/a>\n\t\t<\/h3>\n\t\t\t\t<\/div>\n\t\t\t\t<\/article>\n\t\t\t\t<article class=\"elementor-post elementor-grid-item post-38985 post type-post status-publish format-standard has-post-thumbnail hentry category-a-la-une category-sante\" role=\"listitem\">\n\t\t\t\t<a class=\"elementor-post__thumbnail__link\" href=\"https:\/\/lacolombeplus.net\/index.php\/2026\/08\/25\/surete-nucleaire-larsn-evalue-les-installations-de-la-clinique-les-oliviers\/\" tabindex=\"-1\" >\n\t\t\t<div class=\"elementor-post__thumbnail\"><img loading=\"lazy\" decoding=\"async\" width=\"2560\" height=\"1759\" src=\"https:\/\/lacolombeplus.net\/wp-content\/uploads\/2026\/08\/IMG-20260825-WA0045.webp\" class=\"attachment-full size-full wp-image-38987\" alt=\"\" srcset=\"https:\/\/lacolombeplus.net\/wp-content\/uploads\/2026\/08\/IMG-20260825-WA0045.webp 2560w, https:\/\/lacolombeplus.net\/wp-content\/uploads\/2026\/08\/IMG-20260825-WA0045-300x206.webp 300w, https:\/\/lacolombeplus.net\/wp-content\/uploads\/2026\/08\/IMG-20260825-WA0045-1024x704.webp 1024w, https:\/\/lacolombeplus.net\/wp-content\/uploads\/2026\/08\/IMG-20260825-WA0045-768x528.webp 768w, https:\/\/lacolombeplus.net\/wp-content\/uploads\/2026\/08\/IMG-20260825-WA0045-1536x1055.webp 1536w, https:\/\/lacolombeplus.net\/wp-content\/uploads\/2026\/08\/IMG-20260825-WA0045-2048x1407.webp 2048w\" sizes=\"(max-width: 2560px) 100vw, 2560px\" \/><\/div>\n\t\t<\/a>\n\t\t\t\t<div class=\"elementor-post__text\">\n\t\t\t\t<h3 class=\"elementor-post__title\">\n\t\t\t<a href=\"https:\/\/lacolombeplus.net\/index.php\/2026\/08\/25\/surete-nucleaire-larsn-evalue-les-installations-de-la-clinique-les-oliviers\/\" >\n\t\t\t\tS\u00fbret\u00e9 nucl\u00e9aire : L\u2019ARSN \u00e9value les installations de la Clinique les Oliviers\t\t\t<\/a>\n\t\t<\/h3>\n\t\t\t\t<\/div>\n\t\t\t\t<\/article>\n\t\t\t\t<article class=\"elementor-post elementor-grid-item post-38977 post type-post status-publish format-standard has-post-thumbnail hentry category-a-la-une category-sante\" role=\"listitem\">\n\t\t\t\t<a class=\"elementor-post__thumbnail__link\" href=\"https:\/\/lacolombeplus.net\/index.php\/2026\/08\/24\/medecine-traditionnelle\/\" tabindex=\"-1\" >\n\t\t\t<div class=\"elementor-post__thumbnail\"><img loading=\"lazy\" decoding=\"async\" width=\"2048\" height=\"1536\" src=\"https:\/\/lacolombeplus.net\/wp-content\/uploads\/2026\/08\/784919148_2137745983832995_7109841154414102949_n.webp\" class=\"attachment-full size-full wp-image-38981\" alt=\"\" srcset=\"https:\/\/lacolombeplus.net\/wp-content\/uploads\/2026\/08\/784919148_2137745983832995_7109841154414102949_n.webp 2048w, https:\/\/lacolombeplus.net\/wp-content\/uploads\/2026\/08\/784919148_2137745983832995_7109841154414102949_n-300x225.webp 300w, https:\/\/lacolombeplus.net\/wp-content\/uploads\/2026\/08\/784919148_2137745983832995_7109841154414102949_n-1024x768.webp 1024w, https:\/\/lacolombeplus.net\/wp-content\/uploads\/2026\/08\/784919148_2137745983832995_7109841154414102949_n-768x576.webp 768w, https:\/\/lacolombeplus.net\/wp-content\/uploads\/2026\/08\/784919148_2137745983832995_7109841154414102949_n-1536x1152.webp 1536w\" sizes=\"(max-width: 2048px) 100vw, 2048px\" \/><\/div>\n\t\t<\/a>\n\t\t\t\t<div class=\"elementor-post__text\">\n\t\t\t\t<h3 class=\"elementor-post__title\">\n\t\t\t<a href=\"https:\/\/lacolombeplus.net\/index.php\/2026\/08\/24\/medecine-traditionnelle\/\" >\n\t\t\t\tM\u00e9decine traditionnelle : Manga accueillera la 14\u1d49 Semaine nationale et la 24\u1d49 Journ\u00e9e africaine\t\t\t<\/a>\n\t\t<\/h3>\n\t\t\t\t<\/div>\n\t\t\t\t<\/article>\n\t\t\t\t<\/div>\n\t\t\n\t\t\t\t\t\t<\/div>\n\t\t\t\t<\/div>\n\t\t\t\t<\/div>\n\t\t<div class=\"elementor-element elementor-element-11409f8 e-grid e-con-full e-con e-child\" data-id=\"11409f8\" data-element_type=\"container\" data-e-type=\"container\">\n\t\t\t\t<div class=\"elementor-element elementor-element-112e1e9 elementor-widget elementor-widget-heading\" data-id=\"112e1e9\" data-element_type=\"widget\" data-e-type=\"widget\" data-widget_type=\"heading.default\">\n\t\t\t\t\t<h2 class=\"elementor-heading-title elementor-size-default\">Culture\n\n<\/h2>\t\t\t\t<\/div>\n\t\t\t\t<\/div>\n\t\t\t\t<div class=\"elementor-element elementor-element-bf7a091 elementor-widget-divider--view-line elementor-widget elementor-widget-divider\" data-id=\"bf7a091\" data-element_type=\"widget\" data-e-type=\"widget\" data-widget_type=\"divider.default\">\n\t\t\t\t\t\t\t<div class=\"elementor-divider\">\n\t\t\t<span class=\"elementor-divider-separator\">\n\t\t\t\t\t\t<\/span>\n\t\t<\/div>\n\t\t\t\t\t\t<\/div>\n\t\t<div class=\"elementor-element elementor-element-7154f88 e-grid e-con-full e-con e-child\" data-id=\"7154f88\" data-element_type=\"container\" data-e-type=\"container\">\n\t\t\t\t<div class=\"elementor-element elementor-element-d8a1f37 elementor-grid-1 elementor-grid-tablet-2 elementor-grid-mobile-1 elementor-posts--thumbnail-top elementor-widget elementor-widget-posts\" data-id=\"d8a1f37\" data-element_type=\"widget\" data-e-type=\"widget\" data-settings=\"{&quot;classic_columns&quot;:&quot;1&quot;,&quot;classic_columns_tablet&quot;:&quot;2&quot;,&quot;classic_columns_mobile&quot;:&quot;1&quot;,&quot;classic_row_gap&quot;:{&quot;unit&quot;:&quot;px&quot;,&quot;size&quot;:35,&quot;sizes&quot;:[]},&quot;classic_row_gap_tablet&quot;:{&quot;unit&quot;:&quot;px&quot;,&quot;size&quot;:&quot;&quot;,&quot;sizes&quot;:[]},&quot;classic_row_gap_mobile&quot;:{&quot;unit&quot;:&quot;px&quot;,&quot;size&quot;:&quot;&quot;,&quot;sizes&quot;:[]}}\" data-widget_type=\"posts.classic\">\n\t\t\t\t<div class=\"elementor-widget-container\">\n\t\t\t\t\t\t\t<div class=\"elementor-posts-container elementor-posts elementor-posts--skin-classic elementor-grid\" role=\"list\">\n\t\t\t\t<article class=\"elementor-post elementor-grid-item post-38995 post type-post status-publish format-standard has-post-thumbnail hentry category-a-la-une category-international category-politique\" role=\"listitem\">\n\t\t\t\t<a class=\"elementor-post__thumbnail__link\" href=\"https:\/\/lacolombeplus.net\/index.php\/2026\/08\/28\/luct-aes-lancement-de-l-elaboration-du-premier-plan-de-travail-2026\/\" tabindex=\"-1\" >\n\t\t\t<div class=\"elementor-post__thumbnail\"><img decoding=\"async\" width=\"1280\" height=\"960\" src=\"https:\/\/lacolombeplus.net\/wp-content\/uploads\/2026\/08\/IMG-20260828-WA0012.webp\" class=\"attachment-full size-full wp-image-38996\" alt=\"\" srcset=\"https:\/\/lacolombeplus.net\/wp-content\/uploads\/2026\/08\/IMG-20260828-WA0012.webp 1280w, https:\/\/lacolombeplus.net\/wp-content\/uploads\/2026\/08\/IMG-20260828-WA0012-300x225.webp 300w, https:\/\/lacolombeplus.net\/wp-content\/uploads\/2026\/08\/IMG-20260828-WA0012-1024x768.webp 1024w, https:\/\/lacolombeplus.net\/wp-content\/uploads\/2026\/08\/IMG-20260828-WA0012-768x576.webp 768w\" sizes=\"(max-width: 1280px) 100vw, 1280px\" \/><\/div>\n\t\t<\/a>\n\t\t\t\t<div class=\"elementor-post__text\">\n\t\t\t\t<h3 class=\"elementor-post__title\">\n\t\t\t<a href=\"https:\/\/lacolombeplus.net\/index.php\/2026\/08\/28\/luct-aes-lancement-de-l-elaboration-du-premier-plan-de-travail-2026\/\" >\n\t\t\t\tL\u2019UCT-AES\u00a0: lancement de l \u2019\u00e9laboration du premier Plan de travail 2026\t\t\t<\/a>\n\t\t<\/h3>\n\t\t\t\t<div class=\"elementor-post__meta-data\">\n\t\t\t\t\t<span class=\"elementor-post-date\">\n\t\t\tao\u00fbt 28, 2026\t\t<\/span>\n\t\t\t\t<span class=\"elementor-post-avatar\">\n\t\t\tAucun commentaire\t\t<\/span>\n\t\t\t\t<\/div>\n\t\t\t\t<div class=\"elementor-post__excerpt\">\n\t\t\t<p>Ouagadougou, le 28 ao\u00fbt 2026. L\u2019Union des Collectivit\u00e9s Territoriales de l\u2019Alliance des \u00c9tats du Sahel (UCT-AES) veut passer de la mise en place institutionnelle \u00e0<\/p>\n\t\t<\/div>\n\t\t\n\t\t<a class=\"elementor-post__read-more\" href=\"https:\/\/lacolombeplus.net\/index.php\/2026\/08\/28\/luct-aes-lancement-de-l-elaboration-du-premier-plan-de-travail-2026\/\" aria-label=\"Read more about L\u2019UCT-AES\u00a0: lancement de l \u2019\u00e9laboration du premier Plan de travail 2026\" tabindex=\"-1\" >\n\t\t\tRead More \u00bb\t\t<\/a>\n\n\t\t\t\t<\/div>\n\t\t\t\t<\/article>\n\t\t\t\t<\/div>\n\t\t\n\t\t\t\t\t\t<\/div>\n\t\t\t\t<\/div>\n\t\t\t\t<div class=\"elementor-element elementor-element-c3873ac elementor-grid-1 elementor-posts--thumbnail-left elementor-grid-tablet-2 elementor-grid-mobile-1 elementor-widget elementor-widget-posts\" data-id=\"c3873ac\" data-element_type=\"widget\" data-e-type=\"widget\" data-settings=\"{&quot;classic_columns&quot;:&quot;1&quot;,&quot;classic_columns_tablet&quot;:&quot;2&quot;,&quot;classic_columns_mobile&quot;:&quot;1&quot;,&quot;classic_row_gap&quot;:{&quot;unit&quot;:&quot;px&quot;,&quot;size&quot;:35,&quot;sizes&quot;:[]},&quot;classic_row_gap_tablet&quot;:{&quot;unit&quot;:&quot;px&quot;,&quot;size&quot;:&quot;&quot;,&quot;sizes&quot;:[]},&quot;classic_row_gap_mobile&quot;:{&quot;unit&quot;:&quot;px&quot;,&quot;size&quot;:&quot;&quot;,&quot;sizes&quot;:[]}}\" data-widget_type=\"posts.classic\">\n\t\t\t\t<div class=\"elementor-widget-container\">\n\t\t\t\t\t\t\t<div class=\"elementor-posts-container elementor-posts elementor-posts--skin-classic elementor-grid\" role=\"list\">\n\t\t\t\t<article class=\"elementor-post elementor-grid-item post-38995 post type-post status-publish format-standard has-post-thumbnail hentry category-a-la-une category-international category-politique\" role=\"listitem\">\n\t\t\t\t<a class=\"elementor-post__thumbnail__link\" href=\"https:\/\/lacolombeplus.net\/index.php\/2026\/08\/28\/luct-aes-lancement-de-l-elaboration-du-premier-plan-de-travail-2026\/\" tabindex=\"-1\" >\n\t\t\t<div class=\"elementor-post__thumbnail\"><img decoding=\"async\" width=\"1280\" height=\"960\" src=\"https:\/\/lacolombeplus.net\/wp-content\/uploads\/2026\/08\/IMG-20260828-WA0012.webp\" class=\"attachment-full size-full wp-image-38996\" alt=\"\" srcset=\"https:\/\/lacolombeplus.net\/wp-content\/uploads\/2026\/08\/IMG-20260828-WA0012.webp 1280w, https:\/\/lacolombeplus.net\/wp-content\/uploads\/2026\/08\/IMG-20260828-WA0012-300x225.webp 300w, https:\/\/lacolombeplus.net\/wp-content\/uploads\/2026\/08\/IMG-20260828-WA0012-1024x768.webp 1024w, https:\/\/lacolombeplus.net\/wp-content\/uploads\/2026\/08\/IMG-20260828-WA0012-768x576.webp 768w\" sizes=\"(max-width: 1280px) 100vw, 1280px\" \/><\/div>\n\t\t<\/a>\n\t\t\t\t<div class=\"elementor-post__text\">\n\t\t\t\t<h3 class=\"elementor-post__title\">\n\t\t\t<a href=\"https:\/\/lacolombeplus.net\/index.php\/2026\/08\/28\/luct-aes-lancement-de-l-elaboration-du-premier-plan-de-travail-2026\/\" >\n\t\t\t\tL\u2019UCT-AES\u00a0: lancement de l \u2019\u00e9laboration du premier Plan de travail 2026\t\t\t<\/a>\n\t\t<\/h3>\n\t\t\t\t<\/div>\n\t\t\t\t<\/article>\n\t\t\t\t<article class=\"elementor-post elementor-grid-item post-38991 post type-post status-publish format-standard has-post-thumbnail hentry category-societe\" role=\"listitem\">\n\t\t\t\t<a class=\"elementor-post__thumbnail__link\" href=\"https:\/\/lacolombeplus.net\/index.php\/2026\/08\/28\/hausse-unilaterale-des-tarifs-de-transport-17-societes-epinglees-et-sanctionnees-par-le-gouvernement\/\" tabindex=\"-1\" >\n\t\t\t<div class=\"elementor-post__thumbnail\"><img decoding=\"async\" width=\"600\" height=\"300\" src=\"https:\/\/lacolombeplus.net\/wp-content\/uploads\/2026\/08\/Rahimo.webp\" class=\"attachment-full size-full wp-image-38992\" alt=\"\" srcset=\"https:\/\/lacolombeplus.net\/wp-content\/uploads\/2026\/08\/Rahimo.webp 600w, https:\/\/lacolombeplus.net\/wp-content\/uploads\/2026\/08\/Rahimo-300x150.webp 300w\" sizes=\"(max-width: 600px) 100vw, 600px\" \/><\/div>\n\t\t<\/a>\n\t\t\t\t<div class=\"elementor-post__text\">\n\t\t\t\t<h3 class=\"elementor-post__title\">\n\t\t\t<a href=\"https:\/\/lacolombeplus.net\/index.php\/2026\/08\/28\/hausse-unilaterale-des-tarifs-de-transport-17-societes-epinglees-et-sanctionnees-par-le-gouvernement\/\" >\n\t\t\t\tHausse unilat\u00e9rale des tarifs de transport : 17 soci\u00e9t\u00e9s \u00e9pingl\u00e9es et sanctionn\u00e9es par le gouvernement\t\t\t<\/a>\n\t\t<\/h3>\n\t\t\t\t<\/div>\n\t\t\t\t<\/article>\n\t\t\t\t<article class=\"elementor-post elementor-grid-item post-38985 post type-post status-publish format-standard has-post-thumbnail hentry category-a-la-une category-sante\" role=\"listitem\">\n\t\t\t\t<a class=\"elementor-post__thumbnail__link\" href=\"https:\/\/lacolombeplus.net\/index.php\/2026\/08\/25\/surete-nucleaire-larsn-evalue-les-installations-de-la-clinique-les-oliviers\/\" tabindex=\"-1\" >\n\t\t\t<div class=\"elementor-post__thumbnail\"><img loading=\"lazy\" decoding=\"async\" width=\"2560\" height=\"1759\" src=\"https:\/\/lacolombeplus.net\/wp-content\/uploads\/2026\/08\/IMG-20260825-WA0045.webp\" class=\"attachment-full size-full wp-image-38987\" alt=\"\" srcset=\"https:\/\/lacolombeplus.net\/wp-content\/uploads\/2026\/08\/IMG-20260825-WA0045.webp 2560w, https:\/\/lacolombeplus.net\/wp-content\/uploads\/2026\/08\/IMG-20260825-WA0045-300x206.webp 300w, https:\/\/lacolombeplus.net\/wp-content\/uploads\/2026\/08\/IMG-20260825-WA0045-1024x704.webp 1024w, https:\/\/lacolombeplus.net\/wp-content\/uploads\/2026\/08\/IMG-20260825-WA0045-768x528.webp 768w, https:\/\/lacolombeplus.net\/wp-content\/uploads\/2026\/08\/IMG-20260825-WA0045-1536x1055.webp 1536w, https:\/\/lacolombeplus.net\/wp-content\/uploads\/2026\/08\/IMG-20260825-WA0045-2048x1407.webp 2048w\" sizes=\"(max-width: 2560px) 100vw, 2560px\" \/><\/div>\n\t\t<\/a>\n\t\t\t\t<div class=\"elementor-post__text\">\n\t\t\t\t<h3 class=\"elementor-post__title\">\n\t\t\t<a href=\"https:\/\/lacolombeplus.net\/index.php\/2026\/08\/25\/surete-nucleaire-larsn-evalue-les-installations-de-la-clinique-les-oliviers\/\" >\n\t\t\t\tS\u00fbret\u00e9 nucl\u00e9aire : L\u2019ARSN \u00e9value les installations de la Clinique les Oliviers\t\t\t<\/a>\n\t\t<\/h3>\n\t\t\t\t<\/div>\n\t\t\t\t<\/article>\n\t\t\t\t<article class=\"elementor-post elementor-grid-item post-38977 post type-post status-publish format-standard has-post-thumbnail hentry category-a-la-une category-sante\" role=\"listitem\">\n\t\t\t\t<a class=\"elementor-post__thumbnail__link\" href=\"https:\/\/lacolombeplus.net\/index.php\/2026\/08\/24\/medecine-traditionnelle\/\" tabindex=\"-1\" >\n\t\t\t<div class=\"elementor-post__thumbnail\"><img loading=\"lazy\" decoding=\"async\" width=\"2048\" height=\"1536\" src=\"https:\/\/lacolombeplus.net\/wp-content\/uploads\/2026\/08\/784919148_2137745983832995_7109841154414102949_n.webp\" class=\"attachment-full size-full wp-image-38981\" alt=\"\" srcset=\"https:\/\/lacolombeplus.net\/wp-content\/uploads\/2026\/08\/784919148_2137745983832995_7109841154414102949_n.webp 2048w, https:\/\/lacolombeplus.net\/wp-content\/uploads\/2026\/08\/784919148_2137745983832995_7109841154414102949_n-300x225.webp 300w, https:\/\/lacolombeplus.net\/wp-content\/uploads\/2026\/08\/784919148_2137745983832995_7109841154414102949_n-1024x768.webp 1024w, https:\/\/lacolombeplus.net\/wp-content\/uploads\/2026\/08\/784919148_2137745983832995_7109841154414102949_n-768x576.webp 768w, https:\/\/lacolombeplus.net\/wp-content\/uploads\/2026\/08\/784919148_2137745983832995_7109841154414102949_n-1536x1152.webp 1536w\" sizes=\"(max-width: 2048px) 100vw, 2048px\" \/><\/div>\n\t\t<\/a>\n\t\t\t\t<div class=\"elementor-post__text\">\n\t\t\t\t<h3 class=\"elementor-post__title\">\n\t\t\t<a href=\"https:\/\/lacolombeplus.net\/index.php\/2026\/08\/24\/medecine-traditionnelle\/\" >\n\t\t\t\tM\u00e9decine traditionnelle : Manga accueillera la 14\u1d49 Semaine nationale et la 24\u1d49 Journ\u00e9e africaine\t\t\t<\/a>\n\t\t<\/h3>\n\t\t\t\t<\/div>\n\t\t\t\t<\/article>\n\t\t\t\t<\/div>\n\t\t\n\t\t\t\t\t\t<\/div>\n\t\t\t\t<\/div>\n\t\t\t\t<\/div>\n\t\t<div class=\"elementor-element elementor-element-2f8c62c e-grid e-con-full e-con e-child\" data-id=\"2f8c62c\" data-element_type=\"container\" data-e-type=\"container\">\n\t\t\t\t<div class=\"elementor-element elementor-element-1161297 elementor-widget elementor-widget-heading\" data-id=\"1161297\" data-element_type=\"widget\" data-e-type=\"widget\" data-widget_type=\"heading.default\">\n\t\t\t\t\t<h2 class=\"elementor-heading-title elementor-size-default\">Sport\n<\/h2>\t\t\t\t<\/div>\n\t\t\t\t<\/div>\n\t\t\t\t<div class=\"elementor-element elementor-element-f95f369 elementor-widget-divider--view-line elementor-widget elementor-widget-divider\" data-id=\"f95f369\" data-element_type=\"widget\" data-e-type=\"widget\" data-widget_type=\"divider.default\">\n\t\t\t\t\t\t\t<div class=\"elementor-divider\">\n\t\t\t<span class=\"elementor-divider-separator\">\n\t\t\t\t\t\t<\/span>\n\t\t<\/div>\n\t\t\t\t\t\t<\/div>\n\t\t<div class=\"elementor-element elementor-element-d03b0ea e-grid e-con-full e-con e-child\" data-id=\"d03b0ea\" data-element_type=\"container\" data-e-type=\"container\">\n\t\t\t\t<div class=\"elementor-element elementor-element-0149f17 elementor-grid-1 elementor-grid-tablet-2 elementor-grid-mobile-1 elementor-posts--thumbnail-top elementor-widget elementor-widget-posts\" data-id=\"0149f17\" data-element_type=\"widget\" data-e-type=\"widget\" data-settings=\"{&quot;classic_columns&quot;:&quot;1&quot;,&quot;classic_columns_tablet&quot;:&quot;2&quot;,&quot;classic_columns_mobile&quot;:&quot;1&quot;,&quot;classic_row_gap&quot;:{&quot;unit&quot;:&quot;px&quot;,&quot;size&quot;:35,&quot;sizes&quot;:[]},&quot;classic_row_gap_tablet&quot;:{&quot;unit&quot;:&quot;px&quot;,&quot;size&quot;:&quot;&quot;,&quot;sizes&quot;:[]},&quot;classic_row_gap_mobile&quot;:{&quot;unit&quot;:&quot;px&quot;,&quot;size&quot;:&quot;&quot;,&quot;sizes&quot;:[]}}\" data-widget_type=\"posts.classic\">\n\t\t\t\t<div class=\"elementor-widget-container\">\n\t\t\t\t\t\t\t<div class=\"elementor-posts-container elementor-posts elementor-posts--skin-classic elementor-grid\" role=\"list\">\n\t\t\t\t<article class=\"elementor-post elementor-grid-item post-38995 post type-post status-publish format-standard has-post-thumbnail hentry category-a-la-une category-international category-politique\" role=\"listitem\">\n\t\t\t\t<a class=\"elementor-post__thumbnail__link\" href=\"https:\/\/lacolombeplus.net\/index.php\/2026\/08\/28\/luct-aes-lancement-de-l-elaboration-du-premier-plan-de-travail-2026\/\" tabindex=\"-1\" >\n\t\t\t<div class=\"elementor-post__thumbnail\"><img decoding=\"async\" width=\"1280\" height=\"960\" src=\"https:\/\/lacolombeplus.net\/wp-content\/uploads\/2026\/08\/IMG-20260828-WA0012.webp\" class=\"attachment-full size-full wp-image-38996\" alt=\"\" srcset=\"https:\/\/lacolombeplus.net\/wp-content\/uploads\/2026\/08\/IMG-20260828-WA0012.webp 1280w, https:\/\/lacolombeplus.net\/wp-content\/uploads\/2026\/08\/IMG-20260828-WA0012-300x225.webp 300w, https:\/\/lacolombeplus.net\/wp-content\/uploads\/2026\/08\/IMG-20260828-WA0012-1024x768.webp 1024w, https:\/\/lacolombeplus.net\/wp-content\/uploads\/2026\/08\/IMG-20260828-WA0012-768x576.webp 768w\" sizes=\"(max-width: 1280px) 100vw, 1280px\" \/><\/div>\n\t\t<\/a>\n\t\t\t\t<div class=\"elementor-post__text\">\n\t\t\t\t<h3 class=\"elementor-post__title\">\n\t\t\t<a href=\"https:\/\/lacolombeplus.net\/index.php\/2026\/08\/28\/luct-aes-lancement-de-l-elaboration-du-premier-plan-de-travail-2026\/\" >\n\t\t\t\tL\u2019UCT-AES\u00a0: lancement de l \u2019\u00e9laboration du premier Plan de travail 2026\t\t\t<\/a>\n\t\t<\/h3>\n\t\t\t\t<div class=\"elementor-post__meta-data\">\n\t\t\t\t\t<span class=\"elementor-post-date\">\n\t\t\tao\u00fbt 28, 2026\t\t<\/span>\n\t\t\t\t<span class=\"elementor-post-avatar\">\n\t\t\tAucun commentaire\t\t<\/span>\n\t\t\t\t<\/div>\n\t\t\t\t<div class=\"elementor-post__excerpt\">\n\t\t\t<p>Ouagadougou, le 28 ao\u00fbt 2026. L\u2019Union des Collectivit\u00e9s Territoriales de l\u2019Alliance des \u00c9tats du Sahel (UCT-AES) veut passer de la mise en place institutionnelle \u00e0<\/p>\n\t\t<\/div>\n\t\t\n\t\t<a class=\"elementor-post__read-more\" href=\"https:\/\/lacolombeplus.net\/index.php\/2026\/08\/28\/luct-aes-lancement-de-l-elaboration-du-premier-plan-de-travail-2026\/\" aria-label=\"Read more about L\u2019UCT-AES\u00a0: lancement de l \u2019\u00e9laboration du premier Plan de travail 2026\" tabindex=\"-1\" >\n\t\t\tRead More \u00bb\t\t<\/a>\n\n\t\t\t\t<\/div>\n\t\t\t\t<\/article>\n\t\t\t\t<\/div>\n\t\t\n\t\t\t\t\t\t<\/div>\n\t\t\t\t<\/div>\n\t\t\t\t<div class=\"elementor-element elementor-element-1cf6721 elementor-grid-1 elementor-posts--thumbnail-left elementor-grid-tablet-2 elementor-grid-mobile-1 elementor-widget elementor-widget-posts\" data-id=\"1cf6721\" data-element_type=\"widget\" data-e-type=\"widget\" data-settings=\"{&quot;classic_columns&quot;:&quot;1&quot;,&quot;classic_columns_tablet&quot;:&quot;2&quot;,&quot;classic_columns_mobile&quot;:&quot;1&quot;,&quot;classic_row_gap&quot;:{&quot;unit&quot;:&quot;px&quot;,&quot;size&quot;:35,&quot;sizes&quot;:[]},&quot;classic_row_gap_tablet&quot;:{&quot;unit&quot;:&quot;px&quot;,&quot;size&quot;:&quot;&quot;,&quot;sizes&quot;:[]},&quot;classic_row_gap_mobile&quot;:{&quot;unit&quot;:&quot;px&quot;,&quot;size&quot;:&quot;&quot;,&quot;sizes&quot;:[]}}\" data-widget_type=\"posts.classic\">\n\t\t\t\t<div class=\"elementor-widget-container\">\n\t\t\t\t\t\t\t<div class=\"elementor-posts-container elementor-posts elementor-posts--skin-classic elementor-grid\" role=\"list\">\n\t\t\t\t<article class=\"elementor-post elementor-grid-item post-38995 post type-post status-publish format-standard has-post-thumbnail hentry category-a-la-une category-international category-politique\" role=\"listitem\">\n\t\t\t\t<a class=\"elementor-post__thumbnail__link\" href=\"https:\/\/lacolombeplus.net\/index.php\/2026\/08\/28\/luct-aes-lancement-de-l-elaboration-du-premier-plan-de-travail-2026\/\" tabindex=\"-1\" >\n\t\t\t<div class=\"elementor-post__thumbnail\"><img decoding=\"async\" width=\"1280\" height=\"960\" src=\"https:\/\/lacolombeplus.net\/wp-content\/uploads\/2026\/08\/IMG-20260828-WA0012.webp\" class=\"attachment-full size-full wp-image-38996\" alt=\"\" srcset=\"https:\/\/lacolombeplus.net\/wp-content\/uploads\/2026\/08\/IMG-20260828-WA0012.webp 1280w, https:\/\/lacolombeplus.net\/wp-content\/uploads\/2026\/08\/IMG-20260828-WA0012-300x225.webp 300w, https:\/\/lacolombeplus.net\/wp-content\/uploads\/2026\/08\/IMG-20260828-WA0012-1024x768.webp 1024w, https:\/\/lacolombeplus.net\/wp-content\/uploads\/2026\/08\/IMG-20260828-WA0012-768x576.webp 768w\" sizes=\"(max-width: 1280px) 100vw, 1280px\" \/><\/div>\n\t\t<\/a>\n\t\t\t\t<div class=\"elementor-post__text\">\n\t\t\t\t<h3 class=\"elementor-post__title\">\n\t\t\t<a href=\"https:\/\/lacolombeplus.net\/index.php\/2026\/08\/28\/luct-aes-lancement-de-l-elaboration-du-premier-plan-de-travail-2026\/\" >\n\t\t\t\tL\u2019UCT-AES\u00a0: lancement de l \u2019\u00e9laboration du premier Plan de travail 2026\t\t\t<\/a>\n\t\t<\/h3>\n\t\t\t\t<\/div>\n\t\t\t\t<\/article>\n\t\t\t\t<article class=\"elementor-post elementor-grid-item post-38991 post type-post status-publish format-standard has-post-thumbnail hentry category-societe\" role=\"listitem\">\n\t\t\t\t<a class=\"elementor-post__thumbnail__link\" href=\"https:\/\/lacolombeplus.net\/index.php\/2026\/08\/28\/hausse-unilaterale-des-tarifs-de-transport-17-societes-epinglees-et-sanctionnees-par-le-gouvernement\/\" tabindex=\"-1\" >\n\t\t\t<div class=\"elementor-post__thumbnail\"><img decoding=\"async\" width=\"600\" height=\"300\" src=\"https:\/\/lacolombeplus.net\/wp-content\/uploads\/2026\/08\/Rahimo.webp\" class=\"attachment-full size-full wp-image-38992\" alt=\"\" srcset=\"https:\/\/lacolombeplus.net\/wp-content\/uploads\/2026\/08\/Rahimo.webp 600w, https:\/\/lacolombeplus.net\/wp-content\/uploads\/2026\/08\/Rahimo-300x150.webp 300w\" sizes=\"(max-width: 600px) 100vw, 600px\" \/><\/div>\n\t\t<\/a>\n\t\t\t\t<div class=\"elementor-post__text\">\n\t\t\t\t<h3 class=\"elementor-post__title\">\n\t\t\t<a href=\"https:\/\/lacolombeplus.net\/index.php\/2026\/08\/28\/hausse-unilaterale-des-tarifs-de-transport-17-societes-epinglees-et-sanctionnees-par-le-gouvernement\/\" >\n\t\t\t\tHausse unilat\u00e9rale des tarifs de transport : 17 soci\u00e9t\u00e9s \u00e9pingl\u00e9es et sanctionn\u00e9es par le gouvernement\t\t\t<\/a>\n\t\t<\/h3>\n\t\t\t\t<\/div>\n\t\t\t\t<\/article>\n\t\t\t\t<article class=\"elementor-post elementor-grid-item post-38985 post type-post status-publish format-standard has-post-thumbnail hentry category-a-la-une category-sante\" role=\"listitem\">\n\t\t\t\t<a class=\"elementor-post__thumbnail__link\" href=\"https:\/\/lacolombeplus.net\/index.php\/2026\/08\/25\/surete-nucleaire-larsn-evalue-les-installations-de-la-clinique-les-oliviers\/\" tabindex=\"-1\" >\n\t\t\t<div class=\"elementor-post__thumbnail\"><img loading=\"lazy\" decoding=\"async\" width=\"2560\" height=\"1759\" src=\"https:\/\/lacolombeplus.net\/wp-content\/uploads\/2026\/08\/IMG-20260825-WA0045.webp\" class=\"attachment-full size-full wp-image-38987\" alt=\"\" srcset=\"https:\/\/lacolombeplus.net\/wp-content\/uploads\/2026\/08\/IMG-20260825-WA0045.webp 2560w, https:\/\/lacolombeplus.net\/wp-content\/uploads\/2026\/08\/IMG-20260825-WA0045-300x206.webp 300w, https:\/\/lacolombeplus.net\/wp-content\/uploads\/2026\/08\/IMG-20260825-WA0045-1024x704.webp 1024w, https:\/\/lacolombeplus.net\/wp-content\/uploads\/2026\/08\/IMG-20260825-WA0045-768x528.webp 768w, https:\/\/lacolombeplus.net\/wp-content\/uploads\/2026\/08\/IMG-20260825-WA0045-1536x1055.webp 1536w, https:\/\/lacolombeplus.net\/wp-content\/uploads\/2026\/08\/IMG-20260825-WA0045-2048x1407.webp 2048w\" sizes=\"(max-width: 2560px) 100vw, 2560px\" \/><\/div>\n\t\t<\/a>\n\t\t\t\t<div class=\"elementor-post__text\">\n\t\t\t\t<h3 class=\"elementor-post__title\">\n\t\t\t<a href=\"https:\/\/lacolombeplus.net\/index.php\/2026\/08\/25\/surete-nucleaire-larsn-evalue-les-installations-de-la-clinique-les-oliviers\/\" >\n\t\t\t\tS\u00fbret\u00e9 nucl\u00e9aire : L\u2019ARSN \u00e9value les installations de la Clinique les Oliviers\t\t\t<\/a>\n\t\t<\/h3>\n\t\t\t\t<\/div>\n\t\t\t\t<\/article>\n\t\t\t\t<article class=\"elementor-post elementor-grid-item post-38977 post type-post status-publish format-standard has-post-thumbnail hentry category-a-la-une category-sante\" role=\"listitem\">\n\t\t\t\t<a class=\"elementor-post__thumbnail__link\" href=\"https:\/\/lacolombeplus.net\/index.php\/2026\/08\/24\/medecine-traditionnelle\/\" tabindex=\"-1\" >\n\t\t\t<div class=\"elementor-post__thumbnail\"><img loading=\"lazy\" decoding=\"async\" width=\"2048\" height=\"1536\" src=\"https:\/\/lacolombeplus.net\/wp-content\/uploads\/2026\/08\/784919148_2137745983832995_7109841154414102949_n.webp\" class=\"attachment-full size-full wp-image-38981\" alt=\"\" srcset=\"https:\/\/lacolombeplus.net\/wp-content\/uploads\/2026\/08\/784919148_2137745983832995_7109841154414102949_n.webp 2048w, https:\/\/lacolombeplus.net\/wp-content\/uploads\/2026\/08\/784919148_2137745983832995_7109841154414102949_n-300x225.webp 300w, https:\/\/lacolombeplus.net\/wp-content\/uploads\/2026\/08\/784919148_2137745983832995_7109841154414102949_n-1024x768.webp 1024w, https:\/\/lacolombeplus.net\/wp-content\/uploads\/2026\/08\/784919148_2137745983832995_7109841154414102949_n-768x576.webp 768w, https:\/\/lacolombeplus.net\/wp-content\/uploads\/2026\/08\/784919148_2137745983832995_7109841154414102949_n-1536x1152.webp 1536w\" sizes=\"(max-width: 2048px) 100vw, 2048px\" \/><\/div>\n\t\t<\/a>\n\t\t\t\t<div class=\"elementor-post__text\">\n\t\t\t\t<h3 class=\"elementor-post__title\">\n\t\t\t<a href=\"https:\/\/lacolombeplus.net\/index.php\/2026\/08\/24\/medecine-traditionnelle\/\" >\n\t\t\t\tM\u00e9decine traditionnelle : Manga accueillera la 14\u1d49 Semaine nationale et la 24\u1d49 Journ\u00e9e africaine\t\t\t<\/a>\n\t\t<\/h3>\n\t\t\t\t<\/div>\n\t\t\t\t<\/article>\n\t\t\t\t<\/div>\n\t\t\n\t\t\t\t\t\t<\/div>\n\t\t\t\t<\/div>\n\t\t\t\t<\/div>\n\t\t<div class=\"elementor-element elementor-element-18f0901 e-grid e-con-full e-con e-child\" data-id=\"18f0901\" data-element_type=\"container\" data-e-type=\"container\">\n\t\t\t\t<div class=\"elementor-element elementor-element-e8b0217 elementor-widget elementor-widget-vinazine-video-post-tab\" data-id=\"e8b0217\" data-element_type=\"widget\" data-e-type=\"widget\" data-widget_type=\"vinazine-video-post-tab.default\">\n\t\t\t\t<div class=\"elementor-widget-container\">\n\t\t\t\t\t\n\t\t            <div class=\"row\">\n                <div class=\"col-lg-8 pr-0\">\n                    <div class=\"tab-content clearfix\">\n\t\t\t\t\t\t                            <div class=\"tab-pane fade in active\"\n                                 id=\"video-tab-e8b0217-1\">\n                                <div class=\"video-item\"\n                                     style=\"background-image: url(https:\/\/lacolombeplus.net\/wp-content\/uploads\/2026\/03\/conseil-des-ministres.jpg)\">\n\t\t\t\t\t\t\t\t\t<div class=\"post-video\">\n    <a href=\"https:\/\/www.youtube.com\/watch?v=MW1zwyDuTMg\" class=\"ts-play-btn\">\n        <i class=\"xsicon xsicon-play\" aria-hidden=\"true\"><\/i>\n    <\/a>\n<\/div>                                <\/div>\n                            <\/div>\n\t\t\t\t\t\t                            <div class=\"tab-pane fade \"\n                                 id=\"video-tab-e8b0217-2\">\n                                <div class=\"video-item\"\n                                     style=\"background-image: url(https:\/\/lacolombeplus.net\/wp-content\/uploads\/2026\/02\/protegeons-nos-leaders.jpg)\">\n\t\t\t\t\t\t\t\t\t<div class=\"post-video\">\n    <a href=\"https:\/\/www.youtube.com\/watch?v=16o2D51u7L8\" class=\"ts-play-btn\">\n        <i class=\"xsicon xsicon-play\" aria-hidden=\"true\"><\/i>\n    <\/a>\n<\/div>                                <\/div>\n                            <\/div>\n\t\t\t\t\t\t                            <div class=\"tab-pane fade \"\n                                 id=\"video-tab-e8b0217-3\">\n                                <div class=\"video-item\"\n                                     style=\"background-image: url(https:\/\/lacolombeplus.net\/wp-content\/uploads\/2025\/04\/envies-de-grossesse-caprices-ou-vrais-besoins.jpg)\">\n\t\t\t\t\t\t\t\t\t<div class=\"post-video\">\n    <a href=\"https:\/\/www.youtube.com\/watch?v=X6WhzYD9pEY\" class=\"ts-play-btn\">\n        <i class=\"xsicon xsicon-play\" aria-hidden=\"true\"><\/i>\n    <\/a>\n<\/div>                                <\/div>\n                            <\/div>\n\t\t\t\t\t\t                    <\/div>\n                <\/div>\n\n                <div class=\"col-lg-4 pl-0\">\n                    <div class=\"video-tab-list bg-dark-item video-tab-scrollbar\" id=\"video-tab-scrollbar\">\n                        <ul class=\"nav nav-pills post-tab-list\">\n\t\t\t\t\t\t\t                                <li class=\"active\">\n                                    <a href=\"#video-tab-e8b0217-1\"\n                                       data-toggle=\"tab\">\n                                        <div class=\"post-content media\">\n\t\t\t\t\t\t\t\t\t\t\t<img loading=\"lazy\" decoding=\"async\" width=\"185\" height=\"107\" src=\"https:\/\/lacolombeplus.net\/wp-content\/uploads\/2026\/03\/conseil-des-ministres.jpg\" class=\"d-flex sidebar-img\" alt=\"Burkina: Compte rendu du Conseil des ministres du 26 mars 2026\" srcset=\"https:\/\/lacolombeplus.net\/wp-content\/uploads\/2026\/03\/conseil-des-ministres.jpg 750w, https:\/\/lacolombeplus.net\/wp-content\/uploads\/2026\/03\/conseil-des-ministres-300x174.jpg 300w\" sizes=\"(max-width: 185px) 100vw, 185px\" \/>\n                                            <div class=\"media-body align-self-center\">\n\t\t\t\t\t\t\t\t\t\t\t\t\n                                                <h4 class=\"post-title\">\n\t\t\t\t\t\t\t\t\t\t\t\t\tBurkina: Compte rendu du Conseil des ministres du 26 mars 2026                                                <\/h4>\n\n\t\t\t\t\t\t\t\t\t\t\t\t                                            <\/div>\n                                        <\/div>\n                                    <\/a>\n                                <\/li>\n\t\t\t\t\t\t\t                                <li class=\"\">\n                                    <a href=\"#video-tab-e8b0217-2\"\n                                       data-toggle=\"tab\">\n                                        <div class=\"post-content media\">\n\t\t\t\t\t\t\t\t\t\t\t<img loading=\"lazy\" decoding=\"async\" width=\"185\" height=\"104\" src=\"https:\/\/lacolombeplus.net\/wp-content\/uploads\/2026\/02\/protegeons-nos-leaders.jpg\" class=\"d-flex sidebar-img\" alt=\"Prote\u0301geons nos leaders\" srcset=\"https:\/\/lacolombeplus.net\/wp-content\/uploads\/2026\/02\/protegeons-nos-leaders.jpg 1280w, https:\/\/lacolombeplus.net\/wp-content\/uploads\/2026\/02\/protegeons-nos-leaders-300x169.jpg 300w, https:\/\/lacolombeplus.net\/wp-content\/uploads\/2026\/02\/protegeons-nos-leaders-1024x576.jpg 1024w, https:\/\/lacolombeplus.net\/wp-content\/uploads\/2026\/02\/protegeons-nos-leaders-768x432.jpg 768w\" sizes=\"(max-width: 185px) 100vw, 185px\" \/>\n                                            <div class=\"media-body align-self-center\">\n\t\t\t\t\t\t\t\t\t\t\t\t\n                                                <h4 class=\"post-title\">\n\t\t\t\t\t\t\t\t\t\t\t\t\tProte\u0301geons nos leaders                                                <\/h4>\n\n\t\t\t\t\t\t\t\t\t\t\t\t                                            <\/div>\n                                        <\/div>\n                                    <\/a>\n                                <\/li>\n\t\t\t\t\t\t\t                                <li class=\"\">\n                                    <a href=\"#video-tab-e8b0217-3\"\n                                       data-toggle=\"tab\">\n                                        <div class=\"post-content media\">\n\t\t\t\t\t\t\t\t\t\t\t<img loading=\"lazy\" decoding=\"async\" width=\"185\" height=\"104\" src=\"https:\/\/lacolombeplus.net\/wp-content\/uploads\/2025\/04\/envies-de-grossesse-caprices-ou-vrais-besoins.jpg\" class=\"d-flex sidebar-img\" alt=\"\u00ab\u00a0Envies de grossesse : caprices ou vrais besoins ?\u00a0\u00bb\" srcset=\"https:\/\/lacolombeplus.net\/wp-content\/uploads\/2025\/04\/envies-de-grossesse-caprices-ou-vrais-besoins.jpg 1280w, https:\/\/lacolombeplus.net\/wp-content\/uploads\/2025\/04\/envies-de-grossesse-caprices-ou-vrais-besoins-300x169.jpg 300w, https:\/\/lacolombeplus.net\/wp-content\/uploads\/2025\/04\/envies-de-grossesse-caprices-ou-vrais-besoins-1024x576.jpg 1024w, https:\/\/lacolombeplus.net\/wp-content\/uploads\/2025\/04\/envies-de-grossesse-caprices-ou-vrais-besoins-768x432.jpg 768w\" sizes=\"(max-width: 185px) 100vw, 185px\" \/>\n                                            <div class=\"media-body align-self-center\">\n\t\t\t\t\t\t\t\t\t\t\t\t\n                                                <h4 class=\"post-title\">\n\t\t\t\t\t\t\t\t\t\t\t\t\t\u00ab\u00a0Envies de grossesse : caprices ou vrais besoins ?\u00a0\u00bb                                                <\/h4>\n\n\t\t\t\t\t\t\t\t\t\t\t\t                                            <\/div>\n                                        <\/div>\n                                    <\/a>\n                                <\/li>\n\t\t\t\t\t\t\t                        <\/ul>\n                    <\/div>\n                <\/div>\n            <\/div>\n\t\t\n\t\t\t\t\t\t<\/div>\n\t\t\t\t<\/div>\n\t\t\t\t<\/div>\n\t\t\t\t<\/div>\n\t\t<div class=\"elementor-element elementor-element-6489c29 e-con-full e-flex e-con e-child\" data-id=\"6489c29\" data-element_type=\"container\" data-e-type=\"container\">\n\t\t\t\t<div class=\"elementor-element elementor-element-35816a4 elementor-widget elementor-widget-text-editor\" data-id=\"35816a4\" data-element_type=\"widget\" data-e-type=\"widget\" data-widget_type=\"text-editor.default\">\n\t\t\t\t\t\t\t\t\t<p><span style=\"color: #000000;\"><span dir=\"auto\" style=\"vertical-align: inherit;\"><span dir=\"auto\" style=\"vertical-align: inherit;\">Offrez \u00e0 vos \u00e9quipes et partenaires un espace moderne, confortable et parfaitement \u00e9quip\u00e9 pour r\u00e9ussir vos rencontres professionnelles. <\/span><\/span><\/span><br \/><span style=\"color: #000000;\"><span dir=\"auto\" style=\"vertical-align: inherit;\"><span dir=\"auto\" style=\"vertical-align: inherit;\">La salle de conf\u00e9rence La Colombe Plus est disponible tous les jours, sur r\u00e9servation.<\/span><\/span><\/span><\/p><p><span style=\"color: #000000;\"><strong><span dir=\"auto\" style=\"vertical-align: inherit;\"><span dir=\"auto\" style=\"vertical-align: inherit;\">Ce que nous mettons \u00e0 votre disposition :<\/span><\/span><\/strong><\/span><\/p><ul><li><span style=\"color: #000000;\"><span dir=\"auto\" style=\"vertical-align: inherit;\"><span dir=\"auto\" style=\"vertical-align: inherit;\">Salle climatis\u00e9e et insonoris\u00e9e<\/span><\/span><\/span><\/li><li><span style=\"color: #000000;\"><span dir=\"auto\" style=\"vertical-align: inherit;\"><span dir=\"auto\" style=\"vertical-align: inherit;\">Internet haut d\u00e9bit<\/span><\/span><\/span><\/li><li><span style=\"color: #000000;\"><span dir=\"auto\" style=\"vertical-align: inherit;\"><span dir=\"auto\" style=\"vertical-align: inherit;\">Vid\u00e9oprojecteur + \u00c9cran<\/span><\/span><\/span><\/li><li><span style=\"color: #000000;\"><span dir=\"auto\" style=\"vertical-align: inherit;\"><span dir=\"auto\" style=\"vertical-align: inherit;\">Sonorisation compl\u00e8te<\/span><\/span><\/span><\/li><li><span style=\"color: #000000;\"><span dir=\"auto\" style=\"vertical-align: inherit;\"><span dir=\"auto\" style=\"vertical-align: inherit;\">Chaises longues confortables<\/span><\/span><\/span><\/li><li><span style=\"color: #000000;\"><span dir=\"auto\" style=\"vertical-align: inherit;\"><span dir=\"auto\" style=\"vertical-align: inherit;\">Tableau de direction<\/span><\/span><\/span><\/li><\/ul><p><span style=\"color: #000000;\"><strong><span dir=\"auto\" style=\"vertical-align: inherit;\"><span dir=\"auto\" style=\"vertical-align: inherit;\">Restauration sur demande :<\/span><\/span><\/strong><span dir=\"auto\" style=\"vertical-align: inherit;\"><span dir=\"auto\" style=\"vertical-align: inherit;\"> \u00a0pauses-caf\u00e9, cocktails, d\u00e9jeuner<\/span><\/span><\/span><\/p><p><span style=\"color: #000000;\"><span dir=\"auto\" style=\"vertical-align: inherit;\"><span dir=\"auto\" style=\"vertical-align: inherit;\">Parking s\u00e9curis\u00e9<\/span><\/span><\/span><\/p><p><span style=\"color: #000000;\"><strong><span dir=\"auto\" style=\"vertical-align: inherit;\"><span dir=\"auto\" style=\"vertical-align: inherit;\">Id\u00e9al pour :<\/span><\/span><\/strong><\/span><\/p><ul><li><span style=\"color: #000000;\"><span dir=\"auto\" style=\"vertical-align: inherit;\"><span dir=\"auto\" style=\"vertical-align: inherit;\">Formations<\/span><\/span><\/span><\/li><li><span style=\"color: #000000;\"><span dir=\"auto\" style=\"vertical-align: inherit;\"><span dir=\"auto\" style=\"vertical-align: inherit;\">R\u00e9unions d&rsquo;entreprise<\/span><\/span><\/span><\/li><li><span style=\"color: #000000;\"><span dir=\"auto\" style=\"vertical-align: inherit;\"><span dir=\"auto\" style=\"vertical-align: inherit;\">Ateliers et s\u00e9minaires<\/span><\/span><\/span><\/li><li><span style=\"color: #000000;\"><span dir=\"auto\" style=\"vertical-align: inherit;\"><span dir=\"auto\" style=\"vertical-align: inherit;\">Conf\u00e9rences de presse<\/span><\/span><\/span><\/li><li><span style=\"color: #000000;\"><span dir=\"auto\" style=\"vertical-align: inherit;\"><span dir=\"auto\" style=\"vertical-align: inherit;\">s\u00e9ances de coaching<\/span><\/span><\/span><\/li><li><span style=\"color: #000000;\"><span dir=\"auto\" style=\"vertical-align: inherit;\"><span dir=\"auto\" style=\"vertical-align: inherit;\">Pr\u00e9sentations commerciales<\/span><\/span><\/span><\/li><li><span style=\"color: #000000;\"><span dir=\"auto\" style=\"vertical-align: inherit;\"><span dir=\"auto\" style=\"vertical-align: inherit;\">Rencontres institutionnelles<\/span><\/span><\/span><\/li><\/ul><p><span style=\"color: #000000;\"><strong><span dir=\"auto\" style=\"vertical-align: inherit;\"><span dir=\"auto\" style=\"vertical-align: inherit;\">R\u00e9servations :<\/span><\/span><\/strong><span dir=\"auto\" style=\"vertical-align: inherit;\"><span dir=\"auto\" style=\"vertical-align: inherit;\"> \u00a070 61 26 24 \/ 76 69 79 71 \/ 70 03 55 64<\/span><\/span><\/span><\/p>\t\t\t\t\t\t\t\t<\/div>\n\t\t\t\t<div class=\"elementor-element elementor-element-9213837 elementor-widget elementor-widget-heading\" data-id=\"9213837\" data-element_type=\"widget\" data-e-type=\"widget\" data-widget_type=\"heading.default\">\n\t\t\t\t\t<h2 class=\"elementor-heading-title elementor-size-default\">A la une\n<\/h2>\t\t\t\t<\/div>\n\t\t\t\t<div class=\"elementor-element elementor-element-fc5ed38 elementor-widget-divider--view-line elementor-widget elementor-widget-divider\" data-id=\"fc5ed38\" data-element_type=\"widget\" data-e-type=\"widget\" data-widget_type=\"divider.default\">\n\t\t\t\t\t\t\t<div class=\"elementor-divider\">\n\t\t\t<span class=\"elementor-divider-separator\">\n\t\t\t\t\t\t<\/span>\n\t\t<\/div>\n\t\t\t\t\t\t<\/div>\n\t\t\t\t<div class=\"elementor-element elementor-element-46519a4 elementor-widget elementor-widget-image\" data-id=\"46519a4\" data-element_type=\"widget\" data-e-type=\"widget\" data-widget_type=\"image.default\">\n\t\t\t\t\t\t\t\t\t\t\t\t\t\t\t<img loading=\"lazy\" decoding=\"async\" width=\"332\" height=\"452\" src=\"https:\/\/lacolombeplus.net\/wp-content\/uploads\/2026\/04\/uNE.jpg\" class=\"attachment-large size-large wp-image-36540\" alt=\"\" srcset=\"https:\/\/lacolombeplus.net\/wp-content\/uploads\/2026\/04\/uNE.jpg 332w, https:\/\/lacolombeplus.net\/wp-content\/uploads\/2026\/04\/uNE-220x300.jpg 220w\" sizes=\"(max-width: 332px) 100vw, 332px\" \/>\t\t\t\t\t\t\t\t\t\t\t\t\t\t\t<\/div>\n\t\t\t\t<div class=\"elementor-element elementor-element-42bff19 elementor-widget elementor-widget-heading\" data-id=\"42bff19\" data-element_type=\"widget\" data-e-type=\"widget\" data-widget_type=\"heading.default\">\n\t\t\t\t\t<h2 class=\"elementor-heading-title elementor-size-default\">Reportage<\/h2>\t\t\t\t<\/div>\n\t\t\t\t<div class=\"elementor-element elementor-element-b6a6f32 elementor-widget-divider--view-line elementor-widget elementor-widget-divider\" data-id=\"b6a6f32\" data-element_type=\"widget\" data-e-type=\"widget\" data-widget_type=\"divider.default\">\n\t\t\t\t\t\t\t<div class=\"elementor-divider\">\n\t\t\t<span class=\"elementor-divider-separator\">\n\t\t\t\t\t\t<\/span>\n\t\t<\/div>\n\t\t\t\t\t\t<\/div>\n\t\t\t\t<div class=\"elementor-element elementor-element-e91abb5 elementor-grid-1 elementor-posts--thumbnail-left elementor-grid-tablet-2 elementor-grid-mobile-1 elementor-widget elementor-widget-posts\" data-id=\"e91abb5\" data-element_type=\"widget\" data-e-type=\"widget\" data-settings=\"{&quot;classic_columns&quot;:&quot;1&quot;,&quot;classic_columns_tablet&quot;:&quot;2&quot;,&quot;classic_columns_mobile&quot;:&quot;1&quot;,&quot;classic_row_gap&quot;:{&quot;unit&quot;:&quot;px&quot;,&quot;size&quot;:35,&quot;sizes&quot;:[]},&quot;classic_row_gap_tablet&quot;:{&quot;unit&quot;:&quot;px&quot;,&quot;size&quot;:&quot;&quot;,&quot;sizes&quot;:[]},&quot;classic_row_gap_mobile&quot;:{&quot;unit&quot;:&quot;px&quot;,&quot;size&quot;:&quot;&quot;,&quot;sizes&quot;:[]}}\" data-widget_type=\"posts.classic\">\n\t\t\t\t<div class=\"elementor-widget-container\">\n\t\t\t\t\t\t\t<div class=\"elementor-posts-container elementor-posts elementor-posts--skin-classic elementor-grid\" role=\"list\">\n\t\t\t\t<article class=\"elementor-post elementor-grid-item post-39002 post type-post status-publish format-standard has-post-thumbnail hentry category-a-la-une category-securite\" role=\"listitem\">\n\t\t\t\t<a class=\"elementor-post__thumbnail__link\" href=\"https:\/\/lacolombeplus.net\/index.php\/2026\/08\/31\/police-nationale-police-nationale-une-formation-de-passage-en-grade-pour-2-364-policiers\/\" tabindex=\"-1\" >\n\t\t\t<div class=\"elementor-post__thumbnail\"><img fetchpriority=\"high\" decoding=\"async\" width=\"960\" height=\"540\" src=\"https:\/\/lacolombeplus.net\/wp-content\/uploads\/2026\/08\/IMG-20260831-WA0038.webp\" class=\"attachment-full size-full wp-image-39003\" alt=\"\" srcset=\"https:\/\/lacolombeplus.net\/wp-content\/uploads\/2026\/08\/IMG-20260831-WA0038.webp 960w, https:\/\/lacolombeplus.net\/wp-content\/uploads\/2026\/08\/IMG-20260831-WA0038-300x169.webp 300w, https:\/\/lacolombeplus.net\/wp-content\/uploads\/2026\/08\/IMG-20260831-WA0038-768x432.webp 768w\" sizes=\"(max-width: 960px) 100vw, 960px\" \/><\/div>\n\t\t<\/a>\n\t\t\t\t<div class=\"elementor-post__text\">\n\t\t\t\t<h3 class=\"elementor-post__title\">\n\t\t\t<a href=\"https:\/\/lacolombeplus.net\/index.php\/2026\/08\/31\/police-nationale-police-nationale-une-formation-de-passage-en-grade-pour-2-364-policiers\/\" >\n\t\t\t\tPolice Nationale :Police nationale : une formation de passage en grade pour 2 364 policiers\t\t\t<\/a>\n\t\t<\/h3>\n\t\t\t\t<\/div>\n\t\t\t\t<\/article>\n\t\t\t\t<article class=\"elementor-post elementor-grid-item post-38995 post type-post status-publish format-standard has-post-thumbnail hentry category-a-la-une category-international category-politique\" role=\"listitem\">\n\t\t\t\t<a class=\"elementor-post__thumbnail__link\" href=\"https:\/\/lacolombeplus.net\/index.php\/2026\/08\/28\/luct-aes-lancement-de-l-elaboration-du-premier-plan-de-travail-2026\/\" tabindex=\"-1\" >\n\t\t\t<div class=\"elementor-post__thumbnail\"><img decoding=\"async\" width=\"1280\" height=\"960\" src=\"https:\/\/lacolombeplus.net\/wp-content\/uploads\/2026\/08\/IMG-20260828-WA0012.webp\" class=\"attachment-full size-full wp-image-38996\" alt=\"\" srcset=\"https:\/\/lacolombeplus.net\/wp-content\/uploads\/2026\/08\/IMG-20260828-WA0012.webp 1280w, https:\/\/lacolombeplus.net\/wp-content\/uploads\/2026\/08\/IMG-20260828-WA0012-300x225.webp 300w, https:\/\/lacolombeplus.net\/wp-content\/uploads\/2026\/08\/IMG-20260828-WA0012-1024x768.webp 1024w, https:\/\/lacolombeplus.net\/wp-content\/uploads\/2026\/08\/IMG-20260828-WA0012-768x576.webp 768w\" sizes=\"(max-width: 1280px) 100vw, 1280px\" \/><\/div>\n\t\t<\/a>\n\t\t\t\t<div class=\"elementor-post__text\">\n\t\t\t\t<h3 class=\"elementor-post__title\">\n\t\t\t<a href=\"https:\/\/lacolombeplus.net\/index.php\/2026\/08\/28\/luct-aes-lancement-de-l-elaboration-du-premier-plan-de-travail-2026\/\" >\n\t\t\t\tL\u2019UCT-AES\u00a0: lancement de l \u2019\u00e9laboration du premier Plan de travail 2026\t\t\t<\/a>\n\t\t<\/h3>\n\t\t\t\t<\/div>\n\t\t\t\t<\/article>\n\t\t\t\t<article class=\"elementor-post elementor-grid-item post-38991 post type-post status-publish format-standard has-post-thumbnail hentry category-societe\" role=\"listitem\">\n\t\t\t\t<a class=\"elementor-post__thumbnail__link\" href=\"https:\/\/lacolombeplus.net\/index.php\/2026\/08\/28\/hausse-unilaterale-des-tarifs-de-transport-17-societes-epinglees-et-sanctionnees-par-le-gouvernement\/\" tabindex=\"-1\" >\n\t\t\t<div class=\"elementor-post__thumbnail\"><img decoding=\"async\" width=\"600\" height=\"300\" src=\"https:\/\/lacolombeplus.net\/wp-content\/uploads\/2026\/08\/Rahimo.webp\" class=\"attachment-full size-full wp-image-38992\" alt=\"\" srcset=\"https:\/\/lacolombeplus.net\/wp-content\/uploads\/2026\/08\/Rahimo.webp 600w, https:\/\/lacolombeplus.net\/wp-content\/uploads\/2026\/08\/Rahimo-300x150.webp 300w\" sizes=\"(max-width: 600px) 100vw, 600px\" \/><\/div>\n\t\t<\/a>\n\t\t\t\t<div class=\"elementor-post__text\">\n\t\t\t\t<h3 class=\"elementor-post__title\">\n\t\t\t<a href=\"https:\/\/lacolombeplus.net\/index.php\/2026\/08\/28\/hausse-unilaterale-des-tarifs-de-transport-17-societes-epinglees-et-sanctionnees-par-le-gouvernement\/\" >\n\t\t\t\tHausse unilat\u00e9rale des tarifs de transport : 17 soci\u00e9t\u00e9s \u00e9pingl\u00e9es et sanctionn\u00e9es par le gouvernement\t\t\t<\/a>\n\t\t<\/h3>\n\t\t\t\t<\/div>\n\t\t\t\t<\/article>\n\t\t\t\t<article class=\"elementor-post elementor-grid-item post-38985 post type-post status-publish format-standard has-post-thumbnail hentry category-a-la-une category-sante\" role=\"listitem\">\n\t\t\t\t<a class=\"elementor-post__thumbnail__link\" href=\"https:\/\/lacolombeplus.net\/index.php\/2026\/08\/25\/surete-nucleaire-larsn-evalue-les-installations-de-la-clinique-les-oliviers\/\" tabindex=\"-1\" >\n\t\t\t<div class=\"elementor-post__thumbnail\"><img loading=\"lazy\" decoding=\"async\" width=\"2560\" height=\"1759\" src=\"https:\/\/lacolombeplus.net\/wp-content\/uploads\/2026\/08\/IMG-20260825-WA0045.webp\" class=\"attachment-full size-full wp-image-38987\" alt=\"\" srcset=\"https:\/\/lacolombeplus.net\/wp-content\/uploads\/2026\/08\/IMG-20260825-WA0045.webp 2560w, https:\/\/lacolombeplus.net\/wp-content\/uploads\/2026\/08\/IMG-20260825-WA0045-300x206.webp 300w, https:\/\/lacolombeplus.net\/wp-content\/uploads\/2026\/08\/IMG-20260825-WA0045-1024x704.webp 1024w, https:\/\/lacolombeplus.net\/wp-content\/uploads\/2026\/08\/IMG-20260825-WA0045-768x528.webp 768w, https:\/\/lacolombeplus.net\/wp-content\/uploads\/2026\/08\/IMG-20260825-WA0045-1536x1055.webp 1536w, https:\/\/lacolombeplus.net\/wp-content\/uploads\/2026\/08\/IMG-20260825-WA0045-2048x1407.webp 2048w\" sizes=\"(max-width: 2560px) 100vw, 2560px\" \/><\/div>\n\t\t<\/a>\n\t\t\t\t<div class=\"elementor-post__text\">\n\t\t\t\t<h3 class=\"elementor-post__title\">\n\t\t\t<a href=\"https:\/\/lacolombeplus.net\/index.php\/2026\/08\/25\/surete-nucleaire-larsn-evalue-les-installations-de-la-clinique-les-oliviers\/\" >\n\t\t\t\tS\u00fbret\u00e9 nucl\u00e9aire : L\u2019ARSN \u00e9value les installations de la Clinique les Oliviers\t\t\t<\/a>\n\t\t<\/h3>\n\t\t\t\t<\/div>\n\t\t\t\t<\/article>\n\t\t\t\t<\/div>\n\t\t\n\t\t\t\t\t\t<\/div>\n\t\t\t\t<\/div>\n\t\t\t\t<div class=\"elementor-element elementor-element-336d8c3 elementor-widget elementor-widget-image\" data-id=\"336d8c3\" data-element_type=\"widget\" data-e-type=\"widget\" data-widget_type=\"image.default\">\n\t\t\t\t\t\t\t\t\t\t\t\t\t\t\t<img loading=\"lazy\" decoding=\"async\" width=\"768\" height=\"601\" src=\"https:\/\/lacolombeplus.net\/wp-content\/uploads\/2026\/04\/finec1-768x601-1.jpg\" class=\"attachment-large size-large wp-image-36541\" alt=\"\" srcset=\"https:\/\/lacolombeplus.net\/wp-content\/uploads\/2026\/04\/finec1-768x601-1.jpg 768w, https:\/\/lacolombeplus.net\/wp-content\/uploads\/2026\/04\/finec1-768x601-1-300x235.jpg 300w\" sizes=\"(max-width: 768px) 100vw, 768px\" \/>\t\t\t\t\t\t\t\t\t\t\t\t\t\t\t<\/div>\n\t\t\t\t<\/div>\n\t\t\t\t\t\n<hr class=\"e-eaf23ab-b969c67 e-divider-base\" data-interaction-id=\"eaf23ab\"  data-e-type=\"widget\" data-id=\"eaf23ab\" \/>\n\t\t\t\t\t<\/div>\n\t\t\t\t<\/div>\n\t\t<div class=\"elementor-element elementor-element-d517ad4 e-flex e-con-boxed e-con e-parent\" data-id=\"d517ad4\" data-element_type=\"container\" data-e-type=\"container\" data-settings=\"{&quot;background_background&quot;:&quot;classic&quot;}\">\n\t\t\t\t\t<div class=\"e-con-inner\">\n\t\t\t\t<div class=\"elementor-element elementor-element-fe5f26b elementor-widget elementor-widget-heading\" data-id=\"fe5f26b\" data-element_type=\"widget\" data-e-type=\"widget\" data-widget_type=\"heading.default\">\n\t\t\t\t\t<h2 class=\"elementor-heading-title elementor-size-default\">Nos derni\u00e8res publications\n<\/h2>\t\t\t\t<\/div>\n\t\t\t\t<div class=\"elementor-element elementor-element-be35040 elementor-widget-divider--view-line elementor-widget elementor-widget-divider\" data-id=\"be35040\" data-element_type=\"widget\" data-e-type=\"widget\" data-widget_type=\"divider.default\">\n\t\t\t\t\t\t\t<div class=\"elementor-divider\">\n\t\t\t<span class=\"elementor-divider-separator\">\n\t\t\t\t\t\t<\/span>\n\t\t<\/div>\n\t\t\t\t\t\t<\/div>\n\t\t\t\t<div class=\"elementor-element elementor-element-f311bc7 elementor-grid-4 elementor-grid-tablet-2 elementor-grid-mobile-1 elementor-posts--thumbnail-top elementor-widget elementor-widget-posts\" data-id=\"f311bc7\" data-element_type=\"widget\" data-e-type=\"widget\" data-settings=\"{&quot;classic_columns&quot;:&quot;4&quot;,&quot;classic_columns_tablet&quot;:&quot;2&quot;,&quot;classic_columns_mobile&quot;:&quot;1&quot;,&quot;classic_row_gap&quot;:{&quot;unit&quot;:&quot;px&quot;,&quot;size&quot;:35,&quot;sizes&quot;:[]},&quot;classic_row_gap_tablet&quot;:{&quot;unit&quot;:&quot;px&quot;,&quot;size&quot;:&quot;&quot;,&quot;sizes&quot;:[]},&quot;classic_row_gap_mobile&quot;:{&quot;unit&quot;:&quot;px&quot;,&quot;size&quot;:&quot;&quot;,&quot;sizes&quot;:[]}}\" data-widget_type=\"posts.classic\">\n\t\t\t\t<div class=\"elementor-widget-container\">\n\t\t\t\t\t\t\t<div class=\"elementor-posts-container elementor-posts elementor-posts--skin-classic elementor-grid\" role=\"list\">\n\t\t\t\t<article class=\"elementor-post elementor-grid-item post-39002 post type-post status-publish format-standard has-post-thumbnail hentry category-a-la-une category-securite\" role=\"listitem\">\n\t\t\t\t<a class=\"elementor-post__thumbnail__link\" href=\"https:\/\/lacolombeplus.net\/index.php\/2026\/08\/31\/police-nationale-police-nationale-une-formation-de-passage-en-grade-pour-2-364-policiers\/\" tabindex=\"-1\" >\n\t\t\t<div class=\"elementor-post__thumbnail\"><img fetchpriority=\"high\" decoding=\"async\" width=\"960\" height=\"540\" src=\"https:\/\/lacolombeplus.net\/wp-content\/uploads\/2026\/08\/IMG-20260831-WA0038.webp\" class=\"attachment-full size-full wp-image-39003\" alt=\"\" srcset=\"https:\/\/lacolombeplus.net\/wp-content\/uploads\/2026\/08\/IMG-20260831-WA0038.webp 960w, https:\/\/lacolombeplus.net\/wp-content\/uploads\/2026\/08\/IMG-20260831-WA0038-300x169.webp 300w, https:\/\/lacolombeplus.net\/wp-content\/uploads\/2026\/08\/IMG-20260831-WA0038-768x432.webp 768w\" sizes=\"(max-width: 960px) 100vw, 960px\" \/><\/div>\n\t\t<\/a>\n\t\t\t\t<div class=\"elementor-post__text\">\n\t\t\t\t<h3 class=\"elementor-post__title\">\n\t\t\t<a href=\"https:\/\/lacolombeplus.net\/index.php\/2026\/08\/31\/police-nationale-police-nationale-une-formation-de-passage-en-grade-pour-2-364-policiers\/\" >\n\t\t\t\tPolice Nationale :Police nationale : une formation de passage en grade pour 2 364 policiers\t\t\t<\/a>\n\t\t<\/h3>\n\t\t\t\t<div class=\"elementor-post__meta-data\">\n\t\t\t\t\t<span class=\"elementor-post-date\">\n\t\t\tao\u00fbt 31, 2026\t\t<\/span>\n\t\t\t\t<\/div>\n\t\t\t\t<\/div>\n\t\t\t\t<\/article>\n\t\t\t\t<article class=\"elementor-post elementor-grid-item post-38995 post type-post status-publish format-standard has-post-thumbnail hentry category-a-la-une category-international category-politique\" role=\"listitem\">\n\t\t\t\t<a class=\"elementor-post__thumbnail__link\" href=\"https:\/\/lacolombeplus.net\/index.php\/2026\/08\/28\/luct-aes-lancement-de-l-elaboration-du-premier-plan-de-travail-2026\/\" tabindex=\"-1\" >\n\t\t\t<div class=\"elementor-post__thumbnail\"><img decoding=\"async\" width=\"1280\" height=\"960\" src=\"https:\/\/lacolombeplus.net\/wp-content\/uploads\/2026\/08\/IMG-20260828-WA0012.webp\" class=\"attachment-full size-full wp-image-38996\" alt=\"\" srcset=\"https:\/\/lacolombeplus.net\/wp-content\/uploads\/2026\/08\/IMG-20260828-WA0012.webp 1280w, https:\/\/lacolombeplus.net\/wp-content\/uploads\/2026\/08\/IMG-20260828-WA0012-300x225.webp 300w, https:\/\/lacolombeplus.net\/wp-content\/uploads\/2026\/08\/IMG-20260828-WA0012-1024x768.webp 1024w, https:\/\/lacolombeplus.net\/wp-content\/uploads\/2026\/08\/IMG-20260828-WA0012-768x576.webp 768w\" sizes=\"(max-width: 1280px) 100vw, 1280px\" \/><\/div>\n\t\t<\/a>\n\t\t\t\t<div class=\"elementor-post__text\">\n\t\t\t\t<h3 class=\"elementor-post__title\">\n\t\t\t<a href=\"https:\/\/lacolombeplus.net\/index.php\/2026\/08\/28\/luct-aes-lancement-de-l-elaboration-du-premier-plan-de-travail-2026\/\" >\n\t\t\t\tL\u2019UCT-AES\u00a0: lancement de l \u2019\u00e9laboration du premier Plan de travail 2026\t\t\t<\/a>\n\t\t<\/h3>\n\t\t\t\t<div class=\"elementor-post__meta-data\">\n\t\t\t\t\t<span class=\"elementor-post-date\">\n\t\t\tao\u00fbt 28, 2026\t\t<\/span>\n\t\t\t\t<\/div>\n\t\t\t\t<\/div>\n\t\t\t\t<\/article>\n\t\t\t\t<article class=\"elementor-post elementor-grid-item post-38991 post type-post status-publish format-standard has-post-thumbnail hentry category-societe\" role=\"listitem\">\n\t\t\t\t<a class=\"elementor-post__thumbnail__link\" href=\"https:\/\/lacolombeplus.net\/index.php\/2026\/08\/28\/hausse-unilaterale-des-tarifs-de-transport-17-societes-epinglees-et-sanctionnees-par-le-gouvernement\/\" tabindex=\"-1\" >\n\t\t\t<div class=\"elementor-post__thumbnail\"><img decoding=\"async\" width=\"600\" height=\"300\" src=\"https:\/\/lacolombeplus.net\/wp-content\/uploads\/2026\/08\/Rahimo.webp\" class=\"attachment-full size-full wp-image-38992\" alt=\"\" srcset=\"https:\/\/lacolombeplus.net\/wp-content\/uploads\/2026\/08\/Rahimo.webp 600w, https:\/\/lacolombeplus.net\/wp-content\/uploads\/2026\/08\/Rahimo-300x150.webp 300w\" sizes=\"(max-width: 600px) 100vw, 600px\" \/><\/div>\n\t\t<\/a>\n\t\t\t\t<div class=\"elementor-post__text\">\n\t\t\t\t<h3 class=\"elementor-post__title\">\n\t\t\t<a href=\"https:\/\/lacolombeplus.net\/index.php\/2026\/08\/28\/hausse-unilaterale-des-tarifs-de-transport-17-societes-epinglees-et-sanctionnees-par-le-gouvernement\/\" >\n\t\t\t\tHausse unilat\u00e9rale des tarifs de transport : 17 soci\u00e9t\u00e9s \u00e9pingl\u00e9es et sanctionn\u00e9es par le gouvernement\t\t\t<\/a>\n\t\t<\/h3>\n\t\t\t\t<div class=\"elementor-post__meta-data\">\n\t\t\t\t\t<span class=\"elementor-post-date\">\n\t\t\tao\u00fbt 28, 2026\t\t<\/span>\n\t\t\t\t<\/div>\n\t\t\t\t<\/div>\n\t\t\t\t<\/article>\n\t\t\t\t<article class=\"elementor-post elementor-grid-item post-38985 post type-post status-publish format-standard has-post-thumbnail hentry category-a-la-une category-sante\" role=\"listitem\">\n\t\t\t\t<a class=\"elementor-post__thumbnail__link\" href=\"https:\/\/lacolombeplus.net\/index.php\/2026\/08\/25\/surete-nucleaire-larsn-evalue-les-installations-de-la-clinique-les-oliviers\/\" tabindex=\"-1\" >\n\t\t\t<div class=\"elementor-post__thumbnail\"><img loading=\"lazy\" decoding=\"async\" width=\"2560\" height=\"1759\" src=\"https:\/\/lacolombeplus.net\/wp-content\/uploads\/2026\/08\/IMG-20260825-WA0045.webp\" class=\"attachment-full size-full wp-image-38987\" alt=\"\" srcset=\"https:\/\/lacolombeplus.net\/wp-content\/uploads\/2026\/08\/IMG-20260825-WA0045.webp 2560w, https:\/\/lacolombeplus.net\/wp-content\/uploads\/2026\/08\/IMG-20260825-WA0045-300x206.webp 300w, https:\/\/lacolombeplus.net\/wp-content\/uploads\/2026\/08\/IMG-20260825-WA0045-1024x704.webp 1024w, https:\/\/lacolombeplus.net\/wp-content\/uploads\/2026\/08\/IMG-20260825-WA0045-768x528.webp 768w, https:\/\/lacolombeplus.net\/wp-content\/uploads\/2026\/08\/IMG-20260825-WA0045-1536x1055.webp 1536w, https:\/\/lacolombeplus.net\/wp-content\/uploads\/2026\/08\/IMG-20260825-WA0045-2048x1407.webp 2048w\" sizes=\"(max-width: 2560px) 100vw, 2560px\" \/><\/div>\n\t\t<\/a>\n\t\t\t\t<div class=\"elementor-post__text\">\n\t\t\t\t<h3 class=\"elementor-post__title\">\n\t\t\t<a href=\"https:\/\/lacolombeplus.net\/index.php\/2026\/08\/25\/surete-nucleaire-larsn-evalue-les-installations-de-la-clinique-les-oliviers\/\" >\n\t\t\t\tS\u00fbret\u00e9 nucl\u00e9aire : L\u2019ARSN \u00e9value les installations de la Clinique les Oliviers\t\t\t<\/a>\n\t\t<\/h3>\n\t\t\t\t<div class=\"elementor-post__meta-data\">\n\t\t\t\t\t<span class=\"elementor-post-date\">\n\t\t\tao\u00fbt 25, 2026\t\t<\/span>\n\t\t\t\t<\/div>\n\t\t\t\t<\/div>\n\t\t\t\t<\/article>\n\t\t\t\t<\/div>\n\t\t\n\t\t\t\t\t\t<\/div>\n\t\t\t\t<\/div>\n\t\t\t\t\t<\/div>\n\t\t\t\t<\/div>\n\t\t<div class=\"elementor-element elementor-element-53831aa e-grid e-con-boxed e-con e-parent\" data-id=\"53831aa\" data-element_type=\"container\" data-e-type=\"container\">\n\t\t\t\t\t<div class=\"e-con-inner\">\n\t\t\t\t\t<\/div>\n\t\t\t\t<\/div>\n\t\t\t\t<\/div>\n\t\t","protected":false},"excerpt":{"rendered":"<p>La r\u00e9silience du peuple burkinab\u00e8, debout, malgr\u00e9 tout Match nul pour les \u00c9talons : Amir Abdou pointe un manque de constance face \u00e0 la Guin\u00e9e-Bissau<\/p>\n","protected":false},"author":1,"featured_media":0,"parent":0,"menu_order":0,"comment_status":"closed","ping_status":"closed","template":"elementor_header_footer","meta":{"footnotes":""},"class_list":["post-36392","page","type-page","status-publish","hentry"],"yoast_head":"<!-- This site is optimized with the Yoast SEO plugin v28.3 - https:\/\/yoast.com\/product\/yoast-seo-wordpress\/ -->\n<title>Lacolombeplus.net - WordPress<\/title>\n<meta name=\"robots\" content=\"index, follow, max-snippet:-1, max-image-preview:large, max-video-preview:-1\" \/>\n<link rel=\"canonical\" href=\"https:\/\/lacolombeplus.net\/\" \/>\n<meta property=\"og:locale\" content=\"fr_FR\" \/>\n<meta property=\"og:type\" content=\"article\" \/>\n<meta property=\"og:title\" content=\"Lacolombeplus.net - WordPress\" \/>\n<meta property=\"og:description\" content=\"La r\u00e9silience du peuple burkinab\u00e8, debout, malgr\u00e9 tout Match nul pour les \u00c9talons : Amir Abdou pointe un manque de constance face \u00e0 la Guin\u00e9e-Bissau\" \/>\n<meta property=\"og:url\" content=\"https:\/\/lacolombeplus.net\/\" \/>\n<meta property=\"og:site_name\" content=\"WordPress\" \/>\n<meta property=\"article:publisher\" content=\"https:\/\/web.facebook.com\/profile.php?id=61589477078953\" \/>\n<meta property=\"article:modified_time\" content=\"2026-04-16T20:03:43+00:00\" \/>\n<meta property=\"og:image\" content=\"http:\/\/lacolombeplus.net\/wp-content\/uploads\/2026\/04\/Essakane-Logo-1024x290-1.jpg\" \/>\n<meta name=\"twitter:card\" content=\"summary_large_image\" \/>\n<meta name=\"twitter:label1\" content=\"Dur\u00e9e de lecture estim\u00e9e\" \/>\n\t<meta name=\"twitter:data1\" content=\"1 minute\" \/>\n<script type=\"application\/ld+json\" class=\"yoast-schema-graph\">{\"@context\":\"https:\\\/\\\/schema.org\",\"@graph\":[{\"@type\":\"WebPage\",\"@id\":\"https:\\\/\\\/lacolombeplus.net\\\/\",\"url\":\"https:\\\/\\\/lacolombeplus.net\\\/\",\"name\":\"Lacolombeplus.net - WordPress\",\"isPartOf\":{\"@id\":\"https:\\\/\\\/lacolombeplus.net\\\/#website\"},\"primaryImageOfPage\":{\"@id\":\"https:\\\/\\\/lacolombeplus.net\\\/#primaryimage\"},\"image\":{\"@id\":\"https:\\\/\\\/lacolombeplus.net\\\/#primaryimage\"},\"thumbnailUrl\":\"http:\\\/\\\/lacolombeplus.net\\\/wp-content\\\/uploads\\\/2026\\\/04\\\/Essakane-Logo-1024x290-1.jpg\",\"datePublished\":\"2026-04-12T23:07:10+00:00\",\"dateModified\":\"2026-04-16T20:03:43+00:00\",\"breadcrumb\":{\"@id\":\"https:\\\/\\\/lacolombeplus.net\\\/#breadcrumb\"},\"inLanguage\":\"fr-FR\",\"potentialAction\":[{\"@type\":\"ReadAction\",\"target\":[\"https:\\\/\\\/lacolombeplus.net\\\/\"]}]},{\"@type\":\"ImageObject\",\"inLanguage\":\"fr-FR\",\"@id\":\"https:\\\/\\\/lacolombeplus.net\\\/#primaryimage\",\"url\":\"https:\\\/\\\/lacolombeplus.net\\\/wp-content\\\/uploads\\\/2026\\\/04\\\/Essakane-Logo-1024x290-1.jpg\",\"contentUrl\":\"https:\\\/\\\/lacolombeplus.net\\\/wp-content\\\/uploads\\\/2026\\\/04\\\/Essakane-Logo-1024x290-1.jpg\",\"width\":1024,\"height\":290,\"caption\":\"Essakane Logo Gold+Black - JPG\"},{\"@type\":\"BreadcrumbList\",\"@id\":\"https:\\\/\\\/lacolombeplus.net\\\/#breadcrumb\",\"itemListElement\":[{\"@type\":\"ListItem\",\"position\":1,\"name\":\"Accueil\",\"item\":\"https:\\\/\\\/lacolombeplus.net\\\/\"},{\"@type\":\"ListItem\",\"position\":2,\"name\":\"Lacolombeplus.net\"}]},{\"@type\":\"WebSite\",\"@id\":\"https:\\\/\\\/lacolombeplus.net\\\/#website\",\"url\":\"https:\\\/\\\/lacolombeplus.net\\\/\",\"name\":\"Lacolombeplus\",\"description\":\"\",\"publisher\":{\"@id\":\"https:\\\/\\\/lacolombeplus.net\\\/#organization\"},\"potentialAction\":[{\"@type\":\"SearchAction\",\"target\":{\"@type\":\"EntryPoint\",\"urlTemplate\":\"https:\\\/\\\/lacolombeplus.net\\\/?s={search_term_string}\"},\"query-input\":{\"@type\":\"PropertyValueSpecification\",\"valueRequired\":true,\"valueName\":\"search_term_string\"}}],\"inLanguage\":\"fr-FR\"},{\"@type\":\"Organization\",\"@id\":\"https:\\\/\\\/lacolombeplus.net\\\/#organization\",\"name\":\"lacolombeplus.net\",\"url\":\"https:\\\/\\\/lacolombeplus.net\\\/\",\"logo\":{\"@type\":\"ImageObject\",\"inLanguage\":\"fr-FR\",\"@id\":\"https:\\\/\\\/lacolombeplus.net\\\/#\\\/schema\\\/logo\\\/image\\\/\",\"url\":\"https:\\\/\\\/lacolombeplus.net\\\/wp-content\\\/uploads\\\/2026\\\/04\\\/a84391f3-a521-4177-867d-b9aaa3066b88.png\",\"contentUrl\":\"https:\\\/\\\/lacolombeplus.net\\\/wp-content\\\/uploads\\\/2026\\\/04\\\/a84391f3-a521-4177-867d-b9aaa3066b88.png\",\"width\":1045,\"height\":1505,\"caption\":\"lacolombeplus.net\"},\"image\":{\"@id\":\"https:\\\/\\\/lacolombeplus.net\\\/#\\\/schema\\\/logo\\\/image\\\/\"},\"sameAs\":[\"https:\\\/\\\/web.facebook.com\\\/profile.php?id=61589477078953\"]}]}<\/script>\n<!-- \/ Yoast SEO plugin. -->","yoast_head_json":{"title":"Lacolombeplus.net - WordPress","robots":{"index":"index","follow":"follow","max-snippet":"max-snippet:-1","max-image-preview":"max-image-preview:large","max-video-preview":"max-video-preview:-1"},"canonical":"https:\/\/lacolombeplus.net\/","og_locale":"fr_FR","og_type":"article","og_title":"Lacolombeplus.net - WordPress","og_description":"La r\u00e9silience du peuple burkinab\u00e8, debout, malgr\u00e9 tout Match nul pour les \u00c9talons : Amir Abdou pointe un manque de constance face \u00e0 la Guin\u00e9e-Bissau","og_url":"https:\/\/lacolombeplus.net\/","og_site_name":"WordPress","article_publisher":"https:\/\/web.facebook.com\/profile.php?id=61589477078953","article_modified_time":"2026-04-16T20:03:43+00:00","og_image":[{"url":"http:\/\/lacolombeplus.net\/wp-content\/uploads\/2026\/04\/Essakane-Logo-1024x290-1.jpg","type":"","width":"","height":""}],"twitter_card":"summary_large_image","twitter_misc":{"Dur\u00e9e de lecture estim\u00e9e":"1 minute"},"schema":{"@context":"https:\/\/schema.org","@graph":[{"@type":"WebPage","@id":"https:\/\/lacolombeplus.net\/","url":"https:\/\/lacolombeplus.net\/","name":"Lacolombeplus.net - WordPress","isPartOf":{"@id":"https:\/\/lacolombeplus.net\/#website"},"primaryImageOfPage":{"@id":"https:\/\/lacolombeplus.net\/#primaryimage"},"image":{"@id":"https:\/\/lacolombeplus.net\/#primaryimage"},"thumbnailUrl":"http:\/\/lacolombeplus.net\/wp-content\/uploads\/2026\/04\/Essakane-Logo-1024x290-1.jpg","datePublished":"2026-04-12T23:07:10+00:00","dateModified":"2026-04-16T20:03:43+00:00","breadcrumb":{"@id":"https:\/\/lacolombeplus.net\/#breadcrumb"},"inLanguage":"fr-FR","potentialAction":[{"@type":"ReadAction","target":["https:\/\/lacolombeplus.net\/"]}]},{"@type":"ImageObject","inLanguage":"fr-FR","@id":"https:\/\/lacolombeplus.net\/#primaryimage","url":"https:\/\/lacolombeplus.net\/wp-content\/uploads\/2026\/04\/Essakane-Logo-1024x290-1.jpg","contentUrl":"https:\/\/lacolombeplus.net\/wp-content\/uploads\/2026\/04\/Essakane-Logo-1024x290-1.jpg","width":1024,"height":290,"caption":"Essakane Logo Gold+Black - JPG"},{"@type":"BreadcrumbList","@id":"https:\/\/lacolombeplus.net\/#breadcrumb","itemListElement":[{"@type":"ListItem","position":1,"name":"Accueil","item":"https:\/\/lacolombeplus.net\/"},{"@type":"ListItem","position":2,"name":"Lacolombeplus.net"}]},{"@type":"WebSite","@id":"https:\/\/lacolombeplus.net\/#website","url":"https:\/\/lacolombeplus.net\/","name":"Lacolombeplus","description":"","publisher":{"@id":"https:\/\/lacolombeplus.net\/#organization"},"potentialAction":[{"@type":"SearchAction","target":{"@type":"EntryPoint","urlTemplate":"https:\/\/lacolombeplus.net\/?s={search_term_string}"},"query-input":{"@type":"PropertyValueSpecification","valueRequired":true,"valueName":"search_term_string"}}],"inLanguage":"fr-FR"},{"@type":"Organization","@id":"https:\/\/lacolombeplus.net\/#organization","name":"lacolombeplus.net","url":"https:\/\/lacolombeplus.net\/","logo":{"@type":"ImageObject","inLanguage":"fr-FR","@id":"https:\/\/lacolombeplus.net\/#\/schema\/logo\/image\/","url":"https:\/\/lacolombeplus.net\/wp-content\/uploads\/2026\/04\/a84391f3-a521-4177-867d-b9aaa3066b88.png","contentUrl":"https:\/\/lacolombeplus.net\/wp-content\/uploads\/2026\/04\/a84391f3-a521-4177-867d-b9aaa3066b88.png","width":1045,"height":1505,"caption":"lacolombeplus.net"},"image":{"@id":"https:\/\/lacolombeplus.net\/#\/schema\/logo\/image\/"},"sameAs":["https:\/\/web.facebook.com\/profile.php?id=61589477078953"]}]}},"jetpack_sharing_enabled":true,"_links":{"self":[{"href":"https:\/\/lacolombeplus.net\/index.php\/wp-json\/wp\/v2\/pages\/36392","targetHints":{"allow":["GET"]}}],"collection":[{"href":"https:\/\/lacolombeplus.net\/index.php\/wp-json\/wp\/v2\/pages"}],"about":[{"href":"https:\/\/lacolombeplus.net\/index.php\/wp-json\/wp\/v2\/types\/page"}],"author":[{"embeddable":true,"href":"https:\/\/lacolombeplus.net\/index.php\/wp-json\/wp\/v2\/users\/1"}],"replies":[{"embeddable":true,"href":"https:\/\/lacolombeplus.net\/index.php\/wp-json\/wp\/v2\/comments?post=36392"}],"version-history":[{"count":163,"href":"https:\/\/lacolombeplus.net\/index.php\/wp-json\/wp\/v2\/pages\/36392\/revisions"}],"predecessor-version":[{"id":36645,"href":"https:\/\/lacolombeplus.net\/index.php\/wp-json\/wp\/v2\/pages\/36392\/revisions\/36645"}],"wp:attachment":[{"href":"https:\/\/lacolombeplus.net\/index.php\/wp-json\/wp\/v2\/media?parent=36392"}],"curies":[{"name":"wp","href":"https:\/\/api.w.org\/{rel}","templated":true}]}}